{"id":7367,"date":"2021-11-16T08:22:18","date_gmt":"2021-11-16T08:22:18","guid":{"rendered":"https:\/\/mobelmol.mmkt.dev\/inicio\/"},"modified":"2022-10-25T10:31:49","modified_gmt":"2022-10-25T10:31:49","slug":"inicio","status":"publish","type":"page","link":"https:\/\/www.mobelmol.com\/ca\/","title":{"rendered":"Inici"},"content":{"rendered":"\t\t<div data-elementor-type=\"wp-page\" data-elementor-id=\"7367\" class=\"elementor elementor-7367 elementor-2\" data-elementor-settings=\"[]\">\n\t\t\t\t\t\t\t<div class=\"elementor-section-wrap\">\n\t\t\t\t\t\t\t<section class=\"elementor-section elementor-top-section elementor-element elementor-element-59b9e3d elementor-section-boxed elementor-section-height-default elementor-section-height-default\" data-id=\"59b9e3d\" data-element_type=\"section\" data-settings=\"{&quot;_ha_eqh_enable&quot;:false}\">\n\t\t\t\t\t\t<div class=\"elementor-container elementor-column-gap-default\">\n\t\t\t\t\t<div class=\"elementor-column elementor-col-100 elementor-top-column elementor-element elementor-element-49fb54c\" data-id=\"49fb54c\" data-element_type=\"column\">\n\t\t\t<div class=\"elementor-widget-wrap elementor-element-populated\">\n\t\t\t\t\t\t\t\t<div class=\"elementor-element elementor-element-54209a8 elementor-widget elementor-widget-slider_revolution\" data-id=\"54209a8\" data-element_type=\"widget\" data-widget_type=\"slider_revolution.default\">\n\t\t\t\t<div class=\"elementor-widget-container\">\n\t\t\t\r\n\t\t<div class=\"wp-block-themepunch-revslider\">\n\t\t\t<!-- START Slider CAT REVOLUTION SLIDER 6.4.6 --><p class=\"rs-p-wp-fix\"><\/p>\n\t\t\t<rs-module-wrap id=\"rev_slider_2_1_wrapper\" data-source=\"gallery\" style=\"background:#efefef;padding:0;margin:0px auto;margin-top:0;margin-bottom:0;\">\n\t\t\t\t<rs-module id=\"rev_slider_2_1\" style=\"\" data-version=\"6.4.6\">\n\t\t\t\t\t<rs-slides>\n\t\t\t\t\t\t<rs-slide data-key=\"rs-11\" data-title=\"Slide\" data-thumb=\"\/\/www.mobelmol.com\/wp-content\/uploads\/2022\/11\/PONTSUERT006.jpg\" data-in=\"o:0;\" data-out=\"a:false;\">\n\t\t\t\t\t\t\t<img decoding=\"async\" src=\"data:image\/gif;base64,R0lGODlhAQABAIAAAAAAAP\/\/\/yH5BAEAAAAALAAAAAABAAEAAAIBRAA7\" data-src=\"\/\/www.mobelmol.com\/wp-content\/plugins\/revslider\/public\/assets\/assets\/dummy.png\" alt=\"puerta marco aluminio\" title=\"PONTSUERT006\" width=\"850\" height=\"566\" class=\"rev-slidebg tp-rs-img rs-lazyload lazyload\" data-lazyload=\"\/\/www.mobelmol.com\/wp-content\/uploads\/2022\/11\/PONTSUERT006.jpg\" data-no-retina><noscript><img decoding=\"async\" src=\"\/\/www.mobelmol.com\/wp-content\/plugins\/revslider\/public\/assets\/assets\/dummy.png\" alt=\"puerta marco aluminio\" title=\"PONTSUERT006\" width=\"850\" height=\"566\" class=\"rev-slidebg tp-rs-img rs-lazyload lazyload\" data-lazyload=\"\/\/www.mobelmol.com\/wp-content\/uploads\/2022\/11\/PONTSUERT006.jpg\" data-no-retina><\/noscript>\n<!--\n\t\t\t\t\t\t\t--><rs-layer\n\t\t\t\t\t\t\t\tid=\"slider-2-slide-11-layer-0\" \n\t\t\t\t\t\t\t\tdata-type=\"shape\"\n\t\t\t\t\t\t\t\tdata-rsp_ch=\"on\"\n\t\t\t\t\t\t\t\tdata-xy=\"x:l,l,l,c;xo:40px,33px,25px,0;y:m,m,m,b;yo:0,0,0,30px;\"\n\t\t\t\t\t\t\t\tdata-text=\"w:normal;s:20,16,12,7;l:0,20,15,9;\"\n\t\t\t\t\t\t\t\tdata-dim=\"w:533px,440px,334px,307px;h:386px,318px,241px,221px;\"\n\t\t\t\t\t\t\t\tdata-border=\"bor:5px,5px,5px,5px;\"\n\t\t\t\t\t\t\t\tdata-frame_1=\"st:480;sp:630;sR:480;\"\n\t\t\t\t\t\t\t\tdata-frame_999=\"o:0;st:w;sR:7890;\"\n\t\t\t\t\t\t\t\tstyle=\"z-index:5;background-color:rgba(255,255,255,0.65);\"\n\t\t\t\t\t\t\t> \n\t\t\t\t\t\t\t<\/rs-layer><!--\n\n\t\t\t\t\t\t\t--><rs-layer\n\t\t\t\t\t\t\t\tid=\"slider-2-slide-11-layer-1\" \n\t\t\t\t\t\t\t\tdata-type=\"text\"\n\t\t\t\t\t\t\t\tdata-color=\"#000000\"\n\t\t\t\t\t\t\t\tdata-rsp_ch=\"on\"\n\t\t\t\t\t\t\t\tdata-xy=\"x:l,l,l,c;xo:74px,61px,46px,0;y:m,m,m,b;yo:-5px,-4px,-3px,100px;\"\n\t\t\t\t\t\t\t\tdata-text=\"w:normal;s:48,39,29,23;l:60,49,37,30;\"\n\t\t\t\t\t\t\t\tdata-frame_0=\"x:left;y:0,0,0,0px;\"\n\t\t\t\t\t\t\t\tdata-frame_1=\"x:0,0,0,0px;y:0,0,0,0px;st:1120;sp:1000;\"\n\t\t\t\t\t\t\t\tdata-frame_999=\"o:0;st:w;sR:7250;\"\n\t\t\t\t\t\t\t\tstyle=\"z-index:6;font-family:Oswald;\"\n\t\t\t\t\t\t\t>REVESTIMENTS<br \/>\nINTERIORS Y<br \/>\nREVESTIMENTS \n\t\t\t\t\t\t\t<\/rs-layer><!--\n\n\t\t\t\t\t\t\t--><rs-layer\n\t\t\t\t\t\t\t\tid=\"slider-2-slide-11-layer-2\" \n\t\t\t\t\t\t\t\tdata-type=\"image\"\n\t\t\t\t\t\t\t\tdata-rsp_ch=\"on\"\n\t\t\t\t\t\t\t\tdata-xy=\"x:l,l,l,c;xo:73px,60px,45px,0;y:m,m,m,b;yo:-140px,-115px,-87px,210px;\"\n\t\t\t\t\t\t\t\tdata-text=\"w:normal;s:20,16,12,7;l:0,20,15,9;\"\n\t\t\t\t\t\t\t\tdata-dim=\"w:132px,109px,82px,92.9953px;h:38px,31px,23px,27px;\"\n\t\t\t\t\t\t\t\tdata-frame_0=\"x:right;\"\n\t\t\t\t\t\t\t\tdata-frame_1=\"st:1780;sp:1000;\"\n\t\t\t\t\t\t\t\tdata-frame_999=\"o:0;st:w;sR:6600;\"\n\t\t\t\t\t\t\t\tstyle=\"z-index:7;\"\n\t\t\t\t\t\t\t><img decoding=\"async\" src=\"data:image\/gif;base64,R0lGODlhAQABAIAAAAAAAP\/\/\/yH5BAEAAAAALAAAAAABAAEAAAIBRAA7\" data-src=\"\/\/www.mobelmol.com\/wp-content\/plugins\/revslider\/public\/assets\/assets\/dummy.png\" alt=\"equipamiento mobiliario\" class=\"tp-rs-img rs-lazyload lazyload\" width=\"100\" height=\"100\" data-lazyload=\"\/\/www.mobelmol.com\/wp-content\/uploads\/2021\/05\/senefa-mobelmol-blank.svg\" data-no-retina><noscript><img decoding=\"async\" src=\"\/\/www.mobelmol.com\/wp-content\/plugins\/revslider\/public\/assets\/assets\/dummy.png\" alt=\"equipamiento mobiliario\" class=\"tp-rs-img rs-lazyload lazyload\" width=\"100\" height=\"100\" data-lazyload=\"\/\/www.mobelmol.com\/wp-content\/uploads\/2021\/05\/senefa-mobelmol-blank.svg\" data-no-retina><\/noscript> \n\t\t\t\t\t\t\t<\/rs-layer><!--\n\n\t\t\t\t\t\t\t--><a\n\t\t\t\t\t\t\t\tid=\"slider-2-slide-11-layer-3\" \n\t\t\t\t\t\t\t\tclass=\"rs-layer rev-btn\"\n\t\t\t\t\t\t\t\thref=\"https:\/\/www.mobelmol.com\/ca\/familia\/revestiment-paret-fusta-fenolic\/\" target=\"_self\"\n\t\t\t\t\t\t\t\tdata-type=\"button\"\n\t\t\t\t\t\t\t\tdata-rsp_ch=\"on\"\n\t\t\t\t\t\t\t\tdata-xy=\"x:l,l,l,c;xo:75px,61px,46px,0;y:m,m,m,b;yo:134px,110px,83px,50px;\"\n\t\t\t\t\t\t\t\tdata-text=\"w:normal;s:20,16,12,12;l:50,41,31,34;fw:500;\"\n\t\t\t\t\t\t\t\tdata-dim=\"minh:0px,none,none,none;\"\n\t\t\t\t\t\t\t\tdata-padding=\"r:20,17,13,14;l:20,17,13,14;\"\n\t\t\t\t\t\t\t\tdata-border=\"bos:solid;bow:1px,1px,1px,1px;\"\n\t\t\t\t\t\t\t\tdata-frame_0=\"x:right;y:0,0,0,0px;\"\n\t\t\t\t\t\t\t\tdata-frame_1=\"x:0,0,0,0px;y:0,0,0,0px;st:2410;sp:1000;\"\n\t\t\t\t\t\t\t\tdata-frame_999=\"o:0;st:w;sR:5960;\"\n\t\t\t\t\t\t\t\tdata-frame_hover=\"c:#000;bgc:#fff;bor:0px,0px,0px,0px;bos:none;bow:0,0,0,0;sp:200;e:power1.inOut;\"\n\t\t\t\t\t\t\t\tstyle=\"z-index:8;background-color:#8176ae;font-family:Work Sans;\"\n\t\t\t\t\t\t\t>M\u00e9s informaci\u00f3 \n\t\t\t\t\t\t\t<\/a><!--\n-->\t\t\t\t\t\t<\/rs-slide>\n\t\t\t\t\t\t<rs-slide data-key=\"rs-12\" data-title=\"Slide\" data-thumb=\"\/\/www.mobelmol.com\/wp-content\/uploads\/2022\/11\/encimera-slider.jpg\" data-in=\"o:0;\" data-out=\"a:false;\">\n\t\t\t\t\t\t\t<img decoding=\"async\" src=\"data:image\/gif;base64,R0lGODlhAQABAIAAAAAAAP\/\/\/yH5BAEAAAAALAAAAAABAAEAAAIBRAA7\" data-src=\"\/\/www.mobelmol.com\/wp-content\/plugins\/revslider\/public\/assets\/assets\/dummy.png\" alt=\"encimera plana fen\u00f3lica\" title=\"encimera-slider\" width=\"1920\" height=\"1275\" class=\"rev-slidebg tp-rs-img rs-lazyload lazyload\" data-lazyload=\"\/\/www.mobelmol.com\/wp-content\/uploads\/2022\/11\/encimera-slider.jpg\" data-no-retina><noscript><img decoding=\"async\" src=\"\/\/www.mobelmol.com\/wp-content\/plugins\/revslider\/public\/assets\/assets\/dummy.png\" alt=\"encimera plana fen\u00f3lica\" title=\"encimera-slider\" width=\"1920\" height=\"1275\" class=\"rev-slidebg tp-rs-img rs-lazyload lazyload\" data-lazyload=\"\/\/www.mobelmol.com\/wp-content\/uploads\/2022\/11\/encimera-slider.jpg\" data-no-retina><\/noscript>\n<!--\n\t\t\t\t\t\t\t--><rs-layer\n\t\t\t\t\t\t\t\tid=\"slider-2-slide-12-layer-0\" \n\t\t\t\t\t\t\t\tdata-type=\"shape\"\n\t\t\t\t\t\t\t\tdata-rsp_ch=\"on\"\n\t\t\t\t\t\t\t\tdata-xy=\"x:l,l,l,c;xo:40px,33px,25px,0;y:m,m,m,b;yo:0,0,0,30px;\"\n\t\t\t\t\t\t\t\tdata-text=\"w:normal;s:20,16,12,7;l:0,20,15,9;\"\n\t\t\t\t\t\t\t\tdata-dim=\"w:533px,440px,334px,307px;h:311.995px,256px,194px,169.995px;\"\n\t\t\t\t\t\t\t\tdata-border=\"bor:5px,5px,5px,5px;\"\n\t\t\t\t\t\t\t\tdata-frame_1=\"st:480;sp:630;sR:480;\"\n\t\t\t\t\t\t\t\tdata-frame_999=\"o:0;st:w;sR:7890;\"\n\t\t\t\t\t\t\t\tstyle=\"z-index:5;background-color:rgba(255,255,255,0.65);\"\n\t\t\t\t\t\t\t> \n\t\t\t\t\t\t\t<\/rs-layer><!--\n\n\t\t\t\t\t\t\t--><rs-layer\n\t\t\t\t\t\t\t\tid=\"slider-2-slide-12-layer-1\" \n\t\t\t\t\t\t\t\tdata-type=\"text\"\n\t\t\t\t\t\t\t\tdata-color=\"#000000\"\n\t\t\t\t\t\t\t\tdata-rsp_ch=\"on\"\n\t\t\t\t\t\t\t\tdata-xy=\"x:l,l,l,c;xo:74px,61px,46px,0;y:m,m,m,b;yo:-5px,-4px,-3px,100px;\"\n\t\t\t\t\t\t\t\tdata-text=\"w:normal;s:48,39,29,23;l:60,49,37,30;\"\n\t\t\t\t\t\t\t\tdata-frame_0=\"x:left;y:0,0,0,0px;\"\n\t\t\t\t\t\t\t\tdata-frame_1=\"x:0,0,0,0px;y:0,0,0,0px;st:1120;sp:1000;\"\n\t\t\t\t\t\t\t\tdata-frame_999=\"o:0;st:w;sR:7250;\"\n\t\t\t\t\t\t\t\tstyle=\"z-index:6;font-family:Oswald;\"\n\t\t\t\t\t\t\t>TAULELLS \n\t\t\t\t\t\t\t<\/rs-layer><!--\n\n\t\t\t\t\t\t\t--><rs-layer\n\t\t\t\t\t\t\t\tid=\"slider-2-slide-12-layer-2\" \n\t\t\t\t\t\t\t\tdata-type=\"image\"\n\t\t\t\t\t\t\t\tdata-rsp_ch=\"on\"\n\t\t\t\t\t\t\t\tdata-xy=\"x:l,l,l,c;xo:73px,60px,45px,0;y:m,m,m,b;yo:-80px,-66px,-50px,150px;\"\n\t\t\t\t\t\t\t\tdata-text=\"w:normal;s:20,16,12,7;l:0,20,15,9;\"\n\t\t\t\t\t\t\t\tdata-dim=\"w:132px,109px,82px,92.9953px;h:38px,31px,23px,27px;\"\n\t\t\t\t\t\t\t\tdata-frame_0=\"x:right;\"\n\t\t\t\t\t\t\t\tdata-frame_1=\"st:1780;sp:1000;\"\n\t\t\t\t\t\t\t\tdata-frame_999=\"o:0;st:w;sR:6600;\"\n\t\t\t\t\t\t\t\tstyle=\"z-index:7;\"\n\t\t\t\t\t\t\t><img decoding=\"async\" src=\"data:image\/gif;base64,R0lGODlhAQABAIAAAAAAAP\/\/\/yH5BAEAAAAALAAAAAABAAEAAAIBRAA7\" data-src=\"\/\/www.mobelmol.com\/wp-content\/plugins\/revslider\/public\/assets\/assets\/dummy.png\" alt=\"equipamiento mobiliario\" class=\"tp-rs-img rs-lazyload lazyload\" width=\"100\" height=\"100\" data-lazyload=\"\/\/www.mobelmol.com\/wp-content\/uploads\/2021\/05\/senefa-mobelmol-blank.svg\" data-no-retina><noscript><img decoding=\"async\" src=\"\/\/www.mobelmol.com\/wp-content\/plugins\/revslider\/public\/assets\/assets\/dummy.png\" alt=\"equipamiento mobiliario\" class=\"tp-rs-img rs-lazyload lazyload\" width=\"100\" height=\"100\" data-lazyload=\"\/\/www.mobelmol.com\/wp-content\/uploads\/2021\/05\/senefa-mobelmol-blank.svg\" data-no-retina><\/noscript> \n\t\t\t\t\t\t\t<\/rs-layer><!--\n\n\t\t\t\t\t\t\t--><a\n\t\t\t\t\t\t\t\tid=\"slider-2-slide-12-layer-3\" \n\t\t\t\t\t\t\t\tclass=\"rs-layer rev-btn\"\n\t\t\t\t\t\t\t\thref=\"https:\/\/www.mobelmol.com\/ca\/familia\/taulells-fenolics\/\" target=\"_self\"\n\t\t\t\t\t\t\t\tdata-type=\"button\"\n\t\t\t\t\t\t\t\tdata-rsp_ch=\"on\"\n\t\t\t\t\t\t\t\tdata-xy=\"x:l,l,l,c;xo:75px,61px,46px,0;y:m,m,m,b;yo:74px,61px,46px,50px;\"\n\t\t\t\t\t\t\t\tdata-text=\"w:normal;s:20,16,12,12;l:50,41,31,34;fw:500;\"\n\t\t\t\t\t\t\t\tdata-dim=\"minh:0px,none,none,none;\"\n\t\t\t\t\t\t\t\tdata-padding=\"r:20,17,13,14;l:20,17,13,14;\"\n\t\t\t\t\t\t\t\tdata-border=\"bos:solid;bow:1px,1px,1px,1px;\"\n\t\t\t\t\t\t\t\tdata-frame_0=\"x:right;y:0,0,0,0px;\"\n\t\t\t\t\t\t\t\tdata-frame_1=\"x:0,0,0,0px;y:0,0,0,0px;st:2410;sp:1000;\"\n\t\t\t\t\t\t\t\tdata-frame_999=\"o:0;st:w;sR:5960;\"\n\t\t\t\t\t\t\t\tdata-frame_hover=\"c:#000;bgc:#fff;bor:0px,0px,0px,0px;bos:none;bow:0,0,0,0;sp:200;e:power1.inOut;\"\n\t\t\t\t\t\t\t\tstyle=\"z-index:8;background-color:#8176ae;font-family:Work Sans;\"\n\t\t\t\t\t\t\t>M\u00e9s informaci\u00f3 \n\t\t\t\t\t\t\t<\/a><!--\n-->\t\t\t\t\t\t<\/rs-slide>\n\t\t\t\t\t\t<rs-slide data-key=\"rs-13\" data-title=\"Slide\" data-thumb=\"\/\/www.mobelmol.com\/wp-content\/uploads\/2022\/11\/cabina-slider.jpg\" data-in=\"o:0;\" data-out=\"a:false;\">\n\t\t\t\t\t\t\t<img decoding=\"async\" src=\"data:image\/gif;base64,R0lGODlhAQABAIAAAAAAAP\/\/\/yH5BAEAAAAALAAAAAABAAEAAAIBRAA7\" data-src=\"\/\/www.mobelmol.com\/wp-content\/plugins\/revslider\/public\/assets\/assets\/dummy.png\" alt=\"cabinas compacto fen\u00f3lico\" title=\"cabina-slider\" width=\"1920\" height=\"1275\" class=\"rev-slidebg tp-rs-img rs-lazyload lazyload\" data-lazyload=\"\/\/www.mobelmol.com\/wp-content\/uploads\/2022\/11\/cabina-slider.jpg\" data-no-retina><noscript><img decoding=\"async\" src=\"\/\/www.mobelmol.com\/wp-content\/plugins\/revslider\/public\/assets\/assets\/dummy.png\" alt=\"cabinas compacto fen\u00f3lico\" title=\"cabina-slider\" width=\"1920\" height=\"1275\" class=\"rev-slidebg tp-rs-img rs-lazyload lazyload\" data-lazyload=\"\/\/www.mobelmol.com\/wp-content\/uploads\/2022\/11\/cabina-slider.jpg\" data-no-retina><\/noscript>\n<!--\n\t\t\t\t\t\t\t--><rs-layer\n\t\t\t\t\t\t\t\tid=\"slider-2-slide-13-layer-0\" \n\t\t\t\t\t\t\t\tdata-type=\"shape\"\n\t\t\t\t\t\t\t\tdata-rsp_ch=\"on\"\n\t\t\t\t\t\t\t\tdata-xy=\"x:l,l,l,c;xo:40px,33px,25px,0;y:m,m,m,b;yo:0,0,0,30px;\"\n\t\t\t\t\t\t\t\tdata-text=\"w:normal;s:20,16,12,7;l:0,20,15,9;\"\n\t\t\t\t\t\t\t\tdata-dim=\"w:533px,440px,334px,307px;h:311.995px,256px,194px,169.995px;\"\n\t\t\t\t\t\t\t\tdata-border=\"bor:5px,5px,5px,5px;\"\n\t\t\t\t\t\t\t\tdata-frame_1=\"st:480;sp:630;sR:480;\"\n\t\t\t\t\t\t\t\tdata-frame_999=\"o:0;st:w;sR:7890;\"\n\t\t\t\t\t\t\t\tstyle=\"z-index:5;background-color:rgba(255,255,255,0.65);\"\n\t\t\t\t\t\t\t> \n\t\t\t\t\t\t\t<\/rs-layer><!--\n\n\t\t\t\t\t\t\t--><rs-layer\n\t\t\t\t\t\t\t\tid=\"slider-2-slide-13-layer-1\" \n\t\t\t\t\t\t\t\tdata-type=\"text\"\n\t\t\t\t\t\t\t\tdata-color=\"#000000\"\n\t\t\t\t\t\t\t\tdata-rsp_ch=\"on\"\n\t\t\t\t\t\t\t\tdata-xy=\"x:l,l,l,c;xo:74px,61px,46px,0;y:m,m,m,b;yo:-5px,-4px,-3px,100px;\"\n\t\t\t\t\t\t\t\tdata-text=\"w:normal;s:48,39,29,23;l:60,49,37,30;\"\n\t\t\t\t\t\t\t\tdata-frame_0=\"x:left;y:0,0,0,0px;\"\n\t\t\t\t\t\t\t\tdata-frame_1=\"x:0,0,0,0px;y:0,0,0,0px;st:1120;sp:1000;\"\n\t\t\t\t\t\t\t\tdata-frame_999=\"o:0;st:w;sR:7250;\"\n\t\t\t\t\t\t\t\tstyle=\"z-index:6;font-family:Oswald;\"\n\t\t\t\t\t\t\t>CABINES SANIT\u00c0RIES <br \/>\n\t\t\t\t\t\t\t \n\t\t\t\t\t\t\t<\/rs-layer><!--\n\n\t\t\t\t\t\t\t--><rs-layer\n\t\t\t\t\t\t\t\tid=\"slider-2-slide-13-layer-2\" \n\t\t\t\t\t\t\t\tdata-type=\"image\"\n\t\t\t\t\t\t\t\tdata-rsp_ch=\"on\"\n\t\t\t\t\t\t\t\tdata-xy=\"x:l,l,l,c;xo:73px,60px,45px,0;y:m,m,m,b;yo:-80px,-66px,-50px,150px;\"\n\t\t\t\t\t\t\t\tdata-text=\"w:normal;s:20,16,12,7;l:0,20,15,9;\"\n\t\t\t\t\t\t\t\tdata-dim=\"w:132px,109px,82px,92.9953px;h:38px,31px,23px,27px;\"\n\t\t\t\t\t\t\t\tdata-frame_0=\"x:right;\"\n\t\t\t\t\t\t\t\tdata-frame_1=\"st:1780;sp:1000;\"\n\t\t\t\t\t\t\t\tdata-frame_999=\"o:0;st:w;sR:6600;\"\n\t\t\t\t\t\t\t\tstyle=\"z-index:7;\"\n\t\t\t\t\t\t\t><img decoding=\"async\" src=\"data:image\/gif;base64,R0lGODlhAQABAIAAAAAAAP\/\/\/yH5BAEAAAAALAAAAAABAAEAAAIBRAA7\" data-src=\"\/\/www.mobelmol.com\/wp-content\/plugins\/revslider\/public\/assets\/assets\/dummy.png\" alt=\"equipamiento mobiliario\" class=\"tp-rs-img rs-lazyload lazyload\" width=\"100\" height=\"100\" data-lazyload=\"\/\/www.mobelmol.com\/wp-content\/uploads\/2021\/05\/senefa-mobelmol-blank.svg\" data-no-retina><noscript><img decoding=\"async\" src=\"\/\/www.mobelmol.com\/wp-content\/plugins\/revslider\/public\/assets\/assets\/dummy.png\" alt=\"equipamiento mobiliario\" class=\"tp-rs-img rs-lazyload lazyload\" width=\"100\" height=\"100\" data-lazyload=\"\/\/www.mobelmol.com\/wp-content\/uploads\/2021\/05\/senefa-mobelmol-blank.svg\" data-no-retina><\/noscript> \n\t\t\t\t\t\t\t<\/rs-layer><!--\n\n\t\t\t\t\t\t\t--><a\n\t\t\t\t\t\t\t\tid=\"slider-2-slide-13-layer-3\" \n\t\t\t\t\t\t\t\tclass=\"rs-layer rev-btn\"\n\t\t\t\t\t\t\t\thref=\"https:\/\/www.mobelmol.com\/ca\/familia\/cabines-sanitaries-a-mida\/\" target=\"_self\"\n\t\t\t\t\t\t\t\tdata-type=\"button\"\n\t\t\t\t\t\t\t\tdata-rsp_ch=\"on\"\n\t\t\t\t\t\t\t\tdata-xy=\"x:l,l,l,c;xo:75px,61px,46px,0;y:m,m,m,b;yo:74px,61px,46px,50px;\"\n\t\t\t\t\t\t\t\tdata-text=\"w:normal;s:20,16,12,12;l:50,41,31,34;fw:500;\"\n\t\t\t\t\t\t\t\tdata-dim=\"minh:0px,none,none,none;\"\n\t\t\t\t\t\t\t\tdata-padding=\"r:20,17,13,14;l:20,17,13,14;\"\n\t\t\t\t\t\t\t\tdata-border=\"bos:solid;bow:1px,1px,1px,1px;\"\n\t\t\t\t\t\t\t\tdata-frame_0=\"x:right;y:0,0,0,0px;\"\n\t\t\t\t\t\t\t\tdata-frame_1=\"x:0,0,0,0px;y:0,0,0,0px;st:2410;sp:1000;\"\n\t\t\t\t\t\t\t\tdata-frame_999=\"o:0;st:w;sR:5960;\"\n\t\t\t\t\t\t\t\tdata-frame_hover=\"c:#000;bgc:#fff;bor:0px,0px,0px,0px;bos:none;bow:0,0,0,0;sp:200;e:power1.inOut;\"\n\t\t\t\t\t\t\t\tstyle=\"z-index:8;background-color:#8176ae;font-family:Work Sans;\"\n\t\t\t\t\t\t\t>M\u00e9s informaci\u00f3 \n\t\t\t\t\t\t\t<\/a><!--\n-->\t\t\t\t\t\t<\/rs-slide>\n\t\t\t\t\t\t<rs-slide data-key=\"rs-14\" data-title=\"Slide\" data-thumb=\"\/\/www.mobelmol.com\/wp-content\/uploads\/2021\/10\/DSC_0027-1.jpg\" data-in=\"o:0;\" data-out=\"a:false;\">\n\t\t\t\t\t\t\t<img decoding=\"async\" src=\"data:image\/gif;base64,R0lGODlhAQABAIAAAAAAAP\/\/\/yH5BAEAAAAALAAAAAABAAEAAAIBRAA7\" data-src=\"\/\/www.mobelmol.com\/wp-content\/plugins\/revslider\/public\/assets\/assets\/dummy.png\" alt=\"taquillas fenolicas vestuarios\" title=\"DSC_0027\" width=\"1613\" height=\"1080\" class=\"rev-slidebg tp-rs-img rs-lazyload lazyload\" data-lazyload=\"\/\/www.mobelmol.com\/wp-content\/uploads\/2021\/10\/DSC_0027-1.jpg\" data-no-retina><noscript><img decoding=\"async\" src=\"\/\/www.mobelmol.com\/wp-content\/plugins\/revslider\/public\/assets\/assets\/dummy.png\" alt=\"taquillas fenolicas vestuarios\" title=\"DSC_0027\" width=\"1613\" height=\"1080\" class=\"rev-slidebg tp-rs-img rs-lazyload lazyload\" data-lazyload=\"\/\/www.mobelmol.com\/wp-content\/uploads\/2021\/10\/DSC_0027-1.jpg\" data-no-retina><\/noscript>\n<!--\n\t\t\t\t\t\t\t--><rs-layer\n\t\t\t\t\t\t\t\tid=\"slider-2-slide-14-layer-0\" \n\t\t\t\t\t\t\t\tdata-type=\"shape\"\n\t\t\t\t\t\t\t\tdata-rsp_ch=\"on\"\n\t\t\t\t\t\t\t\tdata-xy=\"x:l,l,l,c;xo:40px,33px,25px,0;y:m,m,m,b;yo:31px,25px,18px,30px;\"\n\t\t\t\t\t\t\t\tdata-text=\"w:normal;s:20,16,12,7;l:0,20,15,9;\"\n\t\t\t\t\t\t\t\tdata-dim=\"w:565px,466px,354px,307px;h:286px,236px,179px,169.995px;\"\n\t\t\t\t\t\t\t\tdata-border=\"bor:5px,5px,5px,5px;\"\n\t\t\t\t\t\t\t\tdata-frame_1=\"st:480;sp:630;sR:480;\"\n\t\t\t\t\t\t\t\tdata-frame_999=\"o:0;st:w;sR:3390;\"\n\t\t\t\t\t\t\t\tstyle=\"z-index:5;background-color:rgba(255,255,255,0.65);\"\n\t\t\t\t\t\t\t> \n\t\t\t\t\t\t\t<\/rs-layer><!--\n\n\t\t\t\t\t\t\t--><rs-layer\n\t\t\t\t\t\t\t\tid=\"slider-2-slide-14-layer-1\" \n\t\t\t\t\t\t\t\tdata-type=\"text\"\n\t\t\t\t\t\t\t\tdata-color=\"#000000\"\n\t\t\t\t\t\t\t\tdata-rsp_ch=\"on\"\n\t\t\t\t\t\t\t\tdata-xy=\"x:l,l,l,c;xo:73px,60px,45px,0;y:m,m,m,b;yo:11px,9px,6px,100px;\"\n\t\t\t\t\t\t\t\tdata-text=\"w:normal;s:48,39,29,23;l:60,49,37,30;\"\n\t\t\t\t\t\t\t\tdata-frame_0=\"x:left;y:0,0,0,0px;\"\n\t\t\t\t\t\t\t\tdata-frame_1=\"x:0,0,0,0px;y:0,0,0,0px;st:1120;sp:1000;sR:1120;\"\n\t\t\t\t\t\t\t\tdata-frame_999=\"o:0;st:w;sR:2380;\"\n\t\t\t\t\t\t\t\tstyle=\"z-index:6;font-family:Oswald;\"\n\t\t\t\t\t\t\t>TAQUILLES \n\t\t\t\t\t\t\t<\/rs-layer><!--\n\n\t\t\t\t\t\t\t--><rs-layer\n\t\t\t\t\t\t\t\tid=\"slider-2-slide-14-layer-2\" \n\t\t\t\t\t\t\t\tdata-type=\"image\"\n\t\t\t\t\t\t\t\tdata-rsp_ch=\"on\"\n\t\t\t\t\t\t\t\tdata-xy=\"x:l,l,l,c;xo:72px,59px,44px,0;y:m,m,m,b;yo:-63px,-52px,-39px,150px;\"\n\t\t\t\t\t\t\t\tdata-text=\"w:normal;s:20,16,12,7;l:0,20,15,9;\"\n\t\t\t\t\t\t\t\tdata-dim=\"w:132px,109px,82px,92.9953px;h:38px,31px,23px,27px;\"\n\t\t\t\t\t\t\t\tdata-frame_0=\"x:right;\"\n\t\t\t\t\t\t\t\tdata-frame_1=\"st:1780;sp:1000;sR:1780;\"\n\t\t\t\t\t\t\t\tdata-frame_999=\"o:0;st:w;sR:1720;\"\n\t\t\t\t\t\t\t\tstyle=\"z-index:7;\"\n\t\t\t\t\t\t\t><img decoding=\"async\" src=\"data:image\/gif;base64,R0lGODlhAQABAIAAAAAAAP\/\/\/yH5BAEAAAAALAAAAAABAAEAAAIBRAA7\" data-src=\"\/\/www.mobelmol.com\/wp-content\/plugins\/revslider\/public\/assets\/assets\/dummy.png\" alt=\"equipamiento mobiliario\" class=\"tp-rs-img rs-lazyload lazyload\" width=\"100\" height=\"100\" data-lazyload=\"\/\/www.mobelmol.com\/wp-content\/uploads\/2021\/05\/senefa-mobelmol-blank.svg\" data-no-retina><noscript><img decoding=\"async\" src=\"\/\/www.mobelmol.com\/wp-content\/plugins\/revslider\/public\/assets\/assets\/dummy.png\" alt=\"equipamiento mobiliario\" class=\"tp-rs-img rs-lazyload lazyload\" width=\"100\" height=\"100\" data-lazyload=\"\/\/www.mobelmol.com\/wp-content\/uploads\/2021\/05\/senefa-mobelmol-blank.svg\" data-no-retina><\/noscript> \n\t\t\t\t\t\t\t<\/rs-layer><!--\n\n\t\t\t\t\t\t\t--><a\n\t\t\t\t\t\t\t\tid=\"slider-2-slide-14-layer-3\" \n\t\t\t\t\t\t\t\tclass=\"rs-layer rev-btn\"\n\t\t\t\t\t\t\t\thref=\"https:\/\/www.mobelmol.com\/ca\/familia\/guixetes-vestuaris\/\" target=\"_self\"\n\t\t\t\t\t\t\t\tdata-type=\"button\"\n\t\t\t\t\t\t\t\tdata-rsp_ch=\"on\"\n\t\t\t\t\t\t\t\tdata-xy=\"x:l,l,l,c;xo:74px,61px,46px,0;y:m,m,m,b;yo:103px,85px,64px,50px;\"\n\t\t\t\t\t\t\t\tdata-text=\"w:normal;s:20,16,12,12;l:50,41,31,34;fw:500;\"\n\t\t\t\t\t\t\t\tdata-dim=\"minh:0px,none,none,none;\"\n\t\t\t\t\t\t\t\tdata-padding=\"r:20,17,13,14;l:20,17,13,14;\"\n\t\t\t\t\t\t\t\tdata-border=\"bos:solid;bow:1px,1px,1px,1px;\"\n\t\t\t\t\t\t\t\tdata-frame_0=\"x:right;y:0,0,0,0px;\"\n\t\t\t\t\t\t\t\tdata-frame_1=\"x:0,0,0,0px;y:0,0,0,0px;st:2410;sp:1000;sR:2410;\"\n\t\t\t\t\t\t\t\tdata-frame_999=\"o:0;st:w;sR:1090;\"\n\t\t\t\t\t\t\t\tdata-frame_hover=\"c:#000;bgc:#fff;bor:0px,0px,0px,0px;bos:none;bow:0,0,0,0;sp:200;e:power1.inOut;\"\n\t\t\t\t\t\t\t\tstyle=\"z-index:8;background-color:#8176ae;font-family:Work Sans;\"\n\t\t\t\t\t\t\t>M\u00e9s informaci\u00f3 \n\t\t\t\t\t\t\t<\/a><!--\n-->\t\t\t\t\t\t<\/rs-slide>\n\t\t\t\t\t<\/rs-slides>\n\t\t\t\t<\/rs-module>\n\t\t\t\t<script type=\"text\/javascript\">\n\t\t\t\t\tsetREVStartSize({c: 'rev_slider_2_1',rl:[1240,1024,778,480],el:[600,600,600,600],gw:[1240,1024,778,480],gh:[600,600,600,600],type:'standard',justify:'',layout:'fullwidth',mh:\"0\"});\n\t\t\t\t\tvar\trevapi2,\n\t\t\t\t\t\ttpj;\n\t\t\t\t\tfunction revinit_revslider21() {\n\t\t\t\t\tjQuery(function() {\n\t\t\t\t\t\ttpj = jQuery;\n\t\t\t\t\t\trevapi2 = tpj(\"#rev_slider_2_1\");\n\t\t\t\t\t\tif(revapi2==undefined || revapi2.revolution == undefined){\n\t\t\t\t\t\t\trevslider_showDoubleJqueryError(\"rev_slider_2_1\");\n\t\t\t\t\t\t}else{\n\t\t\t\t\t\t\trevapi2.revolution({\n\t\t\t\t\t\t\t\tDPR:\"dpr\",\n\t\t\t\t\t\t\t\tsliderLayout:\"fullwidth\",\n\t\t\t\t\t\t\t\tduration:\"4500ms\",\n\t\t\t\t\t\t\t\tvisibilityLevels:\"1240,1024,778,480\",\n\t\t\t\t\t\t\t\tgridwidth:\"1240,1024,778,480\",\n\t\t\t\t\t\t\t\tgridheight:\"600,600,600,600\",\n\t\t\t\t\t\t\t\tlazyType:\"smart\",\n\t\t\t\t\t\t\t\tspinner:\"spinner11\",\n\t\t\t\t\t\t\t\tperspective:600,\n\t\t\t\t\t\t\t\tperspectiveType:\"global\",\n\t\t\t\t\t\t\t\tspinnerclr:\"#8176ae\",\n\t\t\t\t\t\t\t\teditorheight:\"600,600,600,600\",\n\t\t\t\t\t\t\t\tresponsiveLevels:\"1240,1024,778,480\",\n\t\t\t\t\t\t\t\tprogressBar: {\n\t\t\t\t\t\t\t\t\tsize:5,\n\t\t\t\t\t\t\t\t\tx:0,\n\t\t\t\t\t\t\t\t\ty:0\n\t\t\t\t\t\t\t\t},\n\t\t\t\t\t\t\t\tnavigation: {\n\t\t\t\t\t\t\t\t\twheelCallDelay:1000,\n\t\t\t\t\t\t\t\t\tonHoverStop:false,\n\t\t\t\t\t\t\t\t\tarrows: {\n\t\t\t\t\t\t\t\t\t\tenable:true,\n\t\t\t\t\t\t\t\t\t\ttmp:\"<div class=\\\"tp-title-wrap\\\">  \t<div class=\\\"tp-arr-imgholder\\\"><\/div> <\/div>\",\n\t\t\t\t\t\t\t\t\t\tstyle:\"zeus\",\n\t\t\t\t\t\t\t\t\t\thide_onleave:true,\n\t\t\t\t\t\t\t\t\t\tleft: {\n\t\t\t\t\t\t\t\t\t\t\th_offset:30\n\t\t\t\t\t\t\t\t\t\t},\n\t\t\t\t\t\t\t\t\t\tright: {\n\t\t\t\t\t\t\t\t\t\t\th_offset:30\n\t\t\t\t\t\t\t\t\t\t}\n\t\t\t\t\t\t\t\t\t},\n\t\t\t\t\t\t\t\t\tbullets: {\n\t\t\t\t\t\t\t\t\t\tenable:true,\n\t\t\t\t\t\t\t\t\t\ttmp:\"<span class=\\\"tp-bullet-image\\\"><\/span><span class=\\\"tp-bullet-imageoverlay\\\"><\/span><span class=\\\"tp-bullet-title\\\">{{title}}<\/span>\",\n\t\t\t\t\t\t\t\t\t\tstyle:\"zeus\",\n\t\t\t\t\t\t\t\t\t\tv_offset:10\n\t\t\t\t\t\t\t\t\t}\n\t\t\t\t\t\t\t\t},\n\t\t\t\t\t\t\t\tfallbacks: {\n\t\t\t\t\t\t\t\t\tallowHTML5AutoPlayOnAndroid:true\n\t\t\t\t\t\t\t\t},\n\t\t\t\t\t\t\t});\n\t\t\t\t\t\t}\n\t\t\t\t\t\t\n\t\t\t\t\t});\n\t\t\t\t\t} \/\/ End of RevInitScript\n\t\t\t\tvar once_revslider21 = false;\n\t\t\t\tif (document.readyState === \"loading\") {document.addEventListener('readystatechange',function() { if((document.readyState === \"interactive\" || document.readyState === \"complete\") && !once_revslider21 ) { once_revslider21 = true; revinit_revslider21();}});} else {once_revslider21 = true; revinit_revslider21();}\n\t\t\t\t<\/script>\n\t\t\t\t<script>\n\t\t\t\t\tvar htmlDivCss = unescape(\"%23rev_slider_2_1_wrapper%20.zeus.tparrows%20%7B%0A%20%20cursor%3Apointer%3B%0A%20%20min-width%3A70px%3B%0A%20%20min-height%3A70px%3B%0A%20%20position%3Aabsolute%3B%0A%20%20display%3Ablock%3B%0A%20%20z-index%3A1000%3B%0A%20%20border-radius%3A50%25%3B%20%20%20%0A%20%20overflow%3Ahidden%3B%0A%20%20background%3Argba%280%2C0%2C0%2C0.1%29%3B%0A%7D%0A%0A%23rev_slider_2_1_wrapper%20.zeus.tparrows%3Abefore%20%7B%0A%20%20font-family%3A%20%27revicons%27%3B%0A%20%20font-size%3A20px%3B%0A%20%20color%3A%23ffffff%3B%0A%20%20display%3Ablock%3B%0A%20%20line-height%3A%2070px%3B%0A%20%20text-align%3A%20center%3B%20%20%20%20%0A%20%20z-index%3A2%3B%0A%20%20position%3Arelative%3B%0A%7D%0A%23rev_slider_2_1_wrapper%20.zeus.tparrows.tp-leftarrow%3Abefore%20%7B%0A%20%20content%3A%20%27%5Ce824%27%3B%0A%7D%0A%23rev_slider_2_1_wrapper%20.zeus.tparrows.tp-rightarrow%3Abefore%20%7B%0A%20%20content%3A%20%27%5Ce825%27%3B%0A%7D%0A%0A%23rev_slider_2_1_wrapper%20.zeus%20.tp-title-wrap%20%7B%0A%20%20background%3Argba%280%2C0%2C0%2C0.5%29%3B%0A%20%20width%3A100%25%3B%0A%20%20height%3A100%25%3B%0A%20%20top%3A0px%3B%0A%20%20left%3A0px%3B%0A%20%20position%3Aabsolute%3B%0A%20%20opacity%3A0%3B%0A%20%20transform%3Ascale%280%29%3B%0A%20%20-webkit-transform%3Ascale%280%29%3B%0A%20%20%20transition%3A%20all%200.3s%3B%0A%20%20-webkit-transition%3Aall%200.3s%3B%0A%20%20-moz-transition%3Aall%200.3s%3B%0A%20%20%20border-radius%3A50%25%3B%0A%20%7D%0A%23rev_slider_2_1_wrapper%20.zeus%20.tp-arr-imgholder%20%7B%0A%20%20width%3A100%25%3B%0A%20%20height%3A100%25%3B%0A%20%20position%3Aabsolute%3B%0A%20%20top%3A0px%3B%0A%20%20left%3A0px%3B%0A%20%20background-position%3Acenter%20center%3B%0A%20%20background-size%3Acover%3B%0A%20%20border-radius%3A50%25%3B%0A%20%20transform%3Atranslatex%28-100%25%29%3B%0A%20%20-webkit-transform%3Atranslatex%28-100%25%29%3B%0A%20%20%20transition%3A%20all%200.3s%3B%0A%20%20-webkit-transition%3Aall%200.3s%3B%0A%20%20-moz-transition%3Aall%200.3s%3B%0A%0A%20%7D%0A%23rev_slider_2_1_wrapper%20.zeus.tp-rightarrow%20.tp-arr-imgholder%20%7B%0A%20%20%20%20transform%3Atranslatex%28100%25%29%3B%0A%20%20-webkit-transform%3Atranslatex%28100%25%29%3B%0A%20%20%20%20%20%20%7D%0A%23rev_slider_2_1_wrapper%20.zeus.tparrows%3Ahover%20.tp-arr-imgholder%20%7B%0A%20%20transform%3Atranslatex%280%29%3B%0A%20%20-webkit-transform%3Atranslatex%280%29%3B%0A%20%20opacity%3A1%3B%0A%7D%0A%20%20%20%20%20%20%0A%23rev_slider_2_1_wrapper%20.zeus.tparrows%3Ahover%20.tp-title-wrap%20%7B%0A%20%20transform%3Ascale%281%29%3B%0A%20%20-webkit-transform%3Ascale%281%29%3B%0A%20%20opacity%3A1%3B%0A%7D%0A%20%0A%23rev_slider_2_1_wrapper%20.zeus%20.tp-bullet%20%7B%0A%20%20%20%20%20box-sizing%3Acontent-box%3B%20-webkit-box-sizing%3Acontent-box%3B%20border-radius%3A50%25%3B%0A%20%20%20%20%20%20background-color%3A%20rgba%280%2C%200%2C%200%2C%200%29%3B%0A%20%20%20%20%20%20-webkit-transition%3A%20opacity%200.3s%20ease%3B%0A%20%20%20%20%20%20transition%3A%20opacity%200.3s%20ease%3B%0A%20%20%20%20width%3A13px%3Bheight%3A13px%3B%0A%20%20%20%20border%3A2px%20solid%20%23ffffff%3B%0A%20%7D%0A%23rev_slider_2_1_wrapper%20.zeus%20.tp-bullet%3Aafter%20%7B%0A%20%20content%3A%20%27%27%3B%0A%20%20position%3A%20absolute%3B%0A%20%20width%3A%20100%25%3B%0A%20%20height%3A%20100%25%3B%0A%20%20left%3A%200%3B%0A%20%20border-radius%3A%2050%25%3B%0A%20%20background-color%3A%20%23ffffff%3B%0A%20%20-webkit-transform%3A%20scale%280%29%3B%0A%20%20transform%3A%20scale%280%29%3B%0A%20%20-webkit-transform-origin%3A%2050%25%2050%25%3B%0A%20%20transform-origin%3A%2050%25%2050%25%3B%0A%20%20-webkit-transition%3A%20-webkit-transform%200.3s%20ease%3B%0A%20%20transition%3A%20transform%200.3s%20ease%3B%0A%7D%0A%23rev_slider_2_1_wrapper%20.zeus%20.tp-bullet%3Ahover%3Aafter%2C%0A%23rev_slider_2_1_wrapper%20.zeus%20.tp-bullet.selected%3Aafter%7B%0A%20%20%20%20-webkit-transform%3A%20scale%281.2%29%3B%0A%20%20transform%3A%20scale%281.2%29%3B%0A%7D%0A%20%20%0A%20%23rev_slider_2_1_wrapper%20.zeus%20.tp-bullet-image%2C%0A%20%23rev_slider_2_1_wrapper%20.zeus%20.tp-bullet-imageoverlay%7B%0A%20%20%20%20%20%20%20%20width%3A135px%3B%0A%20%20%20%20%20%20%20%20height%3A60px%3B%0A%20%20%20%20%20%20%20%20position%3Aabsolute%3B%0A%20%20%20%20%20%20%20%20background%3A%23000%3B%0A%20%20%20%20%20%20%20%20background%3Argba%280%2C0%2C0%2C0.5%29%3B%0A%20%20%20%20%20%20%20%20bottom%3A13px%3B%0A%20%20%20%20%20%20%20%20margin-bottom%3A10px%3B%0A%20%20%20%20%20%20%20%20transform%3AtranslateX%28-50%25%29%3B%0A%20%20%20%20%20%20%20-webkit-transform%3AtranslateX%28-50%25%29%3B%0A%20%20%20%20%20%20%20%20box-sizing%3Aborder-box%3B%0A%20%20%20%20%20%20%20%20background-size%3Acover%3B%0A%20%20%20%20%20%20%20%20background-position%3Acenter%20center%3B%0A%20%20%20%20%20%20%20%20visibility%3Ahidden%3B%0A%20%20%20%20%20%20%20%20opacity%3A0%3B%0A%20%20%20%20%20%20%20%20%20-webkit-backface-visibility%3A%20hidden%3B%20%0A%20%20%20%20%20%20%20%20backface-visibility%3A%20hidden%3B%0A%20%20%20%20%20%20%20%20-webkit-transform-origin%3A%2050%25%2050%25%3B%0A%20%20%20%20transform-origin%3A%2050%25%2050%25%3B%0A%20%20%20%20%20%20-webkit-transition%3A%20all%200.3s%20ease%3B%0A%20%20%20%20%20%20transition%3A%20all%200.3s%20ease%3B%0A%20%20%20%20%20%20%20%20border-radius%3A4px%3B%0A%7D%0A%20%20%20%20%20%20%20%20%20%20%0A%0A%23rev_slider_2_1_wrapper%20.zeus%20.tp-bullet-title%2C%0A%23rev_slider_2_1_wrapper%20.zeus%20.tp-bullet-imageoverlay%20%7B%0A%20%20%20%20%20%20%20%20z-index%3A2%3B%0A%20%20%20%20%20%20%20%20-webkit-transition%3A%20all%200.5s%20ease%3B%0A%20%20%20%20%20%20transition%3A%20all%200.5s%20ease%3B%0A%20%20%20%20%20%20%20%20transform%3AtranslateX%28-50%25%29%3B%0A%20%20%20%20%20%20%20-webkit-transform%3AtranslateX%28-50%25%29%3B%0A%7D%20%20%20%20%20%0A%23rev_slider_2_1_wrapper%20.zeus%20.tp-bullet-title%20%7B%20%0A%20%20%20%20%20%20%20%20color%3A%23ffffff%3B%0A%20%20%20%20%20%20%20%20text-align%3Acenter%3B%0A%20%20%20%20%20%20%20%20line-height%3A15px%3B%0A%20%20%20%20%20%20%20%20font-size%3A13px%3B%0A%20%20%20%20%20%20%20%20font-weight%3A600%3B%20%20%0A%20%20%20%20%20%20%20%20z-index%3A3%3B%0A%20%20%20%20%20%20%20%20%20visibility%3Ahidden%3B%0A%20%20%20%20%20%20%20%20opacity%3A0%3B%0A%20%20%20%20%20%20%20%20%20-webkit-backface-visibility%3A%20hidden%3B%20%0A%20%20%20%20%20%20%20%20backface-visibility%3A%20hidden%3B%0A%20%20%20%20%20%20%20%20-webkit-transform-origin%3A%2050%25%2050%25%3B%0A%20%20%20%20transform-origin%3A%2050%25%2050%25%3B%0A%20%20%20%20%20%20-webkit-transition%3A%20all%200.3s%20ease%3B%0A%20%20%20%20%20%20transition%3A%20all%200.3s%20ease%3B%0A%20%20%20%20%20%20%20%20position%3Aabsolute%3B%0A%20%20%20%20%20%20%20%20bottom%3A45px%3B%0A%20%20%20%20%20%20%20%20width%3A135px%3B%0A%20%20%20%20%20%20vertical-align%3Amiddle%3B%0A%20%20%20%20%20%20%20%0A%7D%0A%20%20%20%20%20%20%0A%23rev_slider_2_1_wrapper%20.zeus%20.tp-bullet%3Ahover%20.tp-bullet-title%2C%0A%23rev_slider_2_1_wrapper%20.zeus%20.tp-bullet%3Ahover%20.tp-bullet-image%2C%0A%23rev_slider_2_1_wrapper%20.zeus%20.tp-bullet%3Ahover%20.tp-bullet-imageoverlay%7B%0A%20%20%20%20%20%20opacity%3A1%3B%0A%20%20%20%20%20%20visibility%3Avisible%3B%0A%20%20%20%20-webkit-transform%3AtranslateY%280px%29%20translateX%28-50%25%29%3B%0A%20%20%20%20%20%20transform%3AtranslateY%280px%29%20translateX%28-50%25%29%3B%20%20%20%20%20%20%20%20%20%0A%20%20%20%20%7D%0A%0A%0A%0A%0A%2F%2A%20VERTICAL%20RIGHT%20%2A%2F%0A%0A%23rev_slider_2_1_wrapper%20.zeus.nav-dir-vertical%20.tp-bullet-image%2C%0A%23rev_slider_2_1_wrapper%20.zeus.nav-dir-vertical%20.tp-bullet-imageoverlay%7B%0A%20%20bottom%3Aauto%3B%0A%20%20margin-right%3A10px%3B%0A%20%20margin-bottom%3A0px%3B%0A%20%20right%3A13px%3B%0A%20%20transform%3A%20translateX%280px%29%20translateY%28-50%25%29%3B%0A%20%20-webkit-transform%3A%20%20translateX%280px%29%20translateY%28-50%25%29%3B%0A%20%20%0A%7D%0A%0A%23rev_slider_2_1_wrapper%20.zeus.nav-dir-vertical%20.tp-bullet%3Ahover%20.tp-bullet-image%20%7B%0A%20%20transform%3A%20translateX%280px%29%20translateY%28-50%25%29%3B%0A%20%20-webkit-transform%3A%20translateX%280px%29%20translateY%28-50%25%29%3B%0A%7D%0A%0A%0A%23rev_slider_2_1_wrapper%20.zeus.nav-dir-vertical%20.tp-bullet-title%2C%0A%23rev_slider_2_1_wrapper%20.zeus.nav-dir-vertical%20.tp-bullet-imageoverlay%20%7B%0A%20%20%20%20%20%20%20%20z-index%3A2%3B%0A%20%20%20%20%20%20%20%20-webkit-transition%3A%20all%200.5s%20ease%3B%0A%20%20%20%20%20%20%20transition%3A%20all%200.5s%20ease%3B%0A%20%20%20%20%20%20%20%20transform%3A%20translateX%280px%29%20translateY%28-50%25%29%3B%0A%20%20%20%20%20%20%20-webkit-transform%3A%20translateX%280px%29%20translateY%28-50%25%29%3B%0A%7D%20%20%20%0A%0A%0A%23rev_slider_2_1_wrapper%20.zeus.nav-dir-vertical%20.tp-bullet-title%20%7B%0A%20%20%20%20%20bottom%3Aauto%3B%0A%20%20%20%20%20right%3A100%25%3B%0A%20%20%20%20%20margin-right%3A10px%3B%0A%7D%0A%0A%23rev_slider_2_1_wrapper%20.zeus.nav-dir-vertical%20.tp-bullet%3Ahover%20.tp-bullet-title%2C%0A%23rev_slider_2_1_wrapper%20.zeus.nav-dir-vertical%20.tp-bullet%3Ahover%20.tp-bullet-image%2C%0A%23rev_slider_2_1_wrapper%20.zeus.nav-dir-vertical%20.tp-bullet%3Ahover%20.tp-bullet-imageoverlay%20%7B%0A%20transform%3A%20translateX%280px%29%20translateY%28-50%25%29%3B%0A%20%20-webkit-transform%3A%20translateX%280px%29%20translateY%28-50%25%29%3B%0A%7D%0A%0A%0A%0A%2F%2A%20VERTICAL%20LEFT%20%2A%2F%0A%0A%23rev_slider_2_1_wrapper%20.zeus.nav-dir-vertical.nav-pos-hor-left%20.tp-bullet-image%2C%0A%23rev_slider_2_1_wrapper%20.zeus.nav-dir-vertical.nav-pos-hor-left%20.tp-bullet-imageoverlay%7B%0A%20%20bottom%3Aauto%3B%0A%20%20margin-left%3A10px%3B%0A%20%20margin-bottom%3A0px%3B%0A%20%20left%3A13px%3B%0A%20%20transform%3A%20%20translateX%280px%29%20translateY%28-50%25%29%3B%0A%20%20-webkit-transform%3A%20%20translateX%280px%29%20translateY%28-50%25%29%3B%0A%20%20%0A%7D%0A%0A%23rev_slider_2_1_wrapper%20.zeus.nav-dir-vertical.nav-pos-hor-left%20.tp-bullet%3Ahover%20.tp-bullet-image%20%7B%0A%20%20transform%3A%20translateX%280px%29%20translateY%28-50%25%29%3B%0A%20%20-webkit-transform%3A%20translateX%280px%29%20translateY%28-50%25%29%3B%0A%7D%0A%0A%23rev_slider_2_1_wrapper%20.zeus.nav-dir-vertical.nav-pos-hor-left%20.tp-bullet-title%2C%0A%23rev_slider_2_1_wrapper%20.zeus.nav-dir-vertical.nav-pos-hor-left%20.tp-bullet-imageoverlay%20%7B%0A%20%20%20%20%20%20%20%20z-index%3A2%3B%0A%20%20%20%20%20%20%20%20-webkit-transition%3A%20all%200.5s%20ease%3B%0A%20%20%20%20%20%20%20transition%3A%20all%200.5s%20ease%3B%0A%20%20%20%20%20%20%20%20transform%3AtranslateX%280px%29%20translateY%28-50%25%29%3B%0A%20%20%20%20%20%20%20-webkit-transform%3AtranslateX%280px%29%20translateY%28-50%25%29%3B%0A%7D%20%20%20%0A%0A%0A%23rev_slider_2_1_wrapper%20.zeus.nav-dir-vertical.nav-pos-hor-left%20.tp-bullet-title%20%7B%0A%20%20%20%20%20bottom%3Aauto%3B%0A%20%20%20%20%20left%3A100%25%3B%0A%20%20%20%20%20margin-left%3A10px%3B%0A%7D%0A%0A%2F%2A%20HORIZONTAL%20TOP%20%2A%2F%0A%0A%23rev_slider_2_1_wrapper%20.zeus.nav-dir-horizontal.nav-pos-ver-top%20.tp-bullet-image%2C%0A%23rev_slider_2_1_wrapper%20.zeus.nav-dir-horizontal.nav-pos-ver-top%20.tp-bullet-imageoverlay%7B%0A%20%20bottom%3Aauto%3B%0A%20%20top%3A13px%3B%0A%20%20margin-top%3A10px%3B%0A%20%20margin-bottom%3A0px%3B%0A%20%20left%3A0px%3B%0A%20%20transform%3AtranslateY%280px%29%20translateX%28-50%25%29%3B%0A%20%20-webkit-transform%3AtranslateX%280px%29%20translateX%28-50%25%29%3B%0A%20%20%0A%7D%0A%0A%23rev_slider_2_1_wrapper%20.zeus.nav-dir-horizontal.nav-pos-ver-top%20.tp-bullet%3Ahover%20.tp-bullet-image%20%7B%0A%20%20%0A%20%20transform%3A%20scale%281%29%20translateY%280px%29%20translateX%28-50%25%29%3B%0A%20%20-webkit-transform%3A%20scale%281%29%20translateY%280px%29%20translateX%28-50%25%29%3B%0A%20%20%0A%7D%0A%0A%23rev_slider_2_1_wrapper%20.zeus.nav-dir-horizontal.nav-pos-ver-top%20.tp-bullet-title%2C%0A%23rev_slider_2_1_wrapper%20.zeus.nav-dir-horizontal.nav-pos-ver-top%20.tp-bullet-imageoverlay%20%7B%0A%20%20%20%20%20%20%20%20z-index%3A2%3B%0A%20%20%20%20%20%20%20%20-webkit-transition%3A%20all%200.5s%20ease%3B%0A%20%20%20%20%20%20%20transition%3A%20all%200.5s%20ease%3B%0A%20%20%20%20%20%20%20%20transform%3AtranslateY%280px%29%20translateX%28-50%25%29%3B%0A%20%20%20%20%20%20%20-webkit-transform%3AtranslateY%280px%29%20translateX%28-50%25%29%3B%0A%7D%20%20%20%0A%0A%0A%23rev_slider_2_1_wrapper%20.zeus.nav-dir-horizontal.nav-pos-ver-top%20.tp-bullet-title%20%7B%0A%20%20%20%20%20bottom%3Aauto%3B%0A%20%20%20%20%20top%3A13px%3B%0A%20%20%20%20%20margin-top%3A20px%3B%0A%7D%0A%0A\");\n\t\t\t\t\tvar htmlDiv = document.getElementById('rs-plugin-settings-inline-css');\n\t\t\t\t\tif(htmlDiv) {\n\t\t\t\t\t\thtmlDiv.innerHTML = htmlDiv.innerHTML + htmlDivCss;\n\t\t\t\t\t}else{\n\t\t\t\t\t\tvar htmlDiv = document.createElement('div');\n\t\t\t\t\t\thtmlDiv.innerHTML = '<style>' + htmlDivCss + '<\/style>';\n\t\t\t\t\t\tdocument.getElementsByTagName('head')[0].appendChild(htmlDiv.childNodes[0]);\n\t\t\t\t\t}\n\t\t\t\t<\/script>\n\t\t\t\t<script>\n\t\t\t\t\tvar htmlDivCss = unescape(\"%0A%0A%0A%0A%0A%0A%0A%0A\");\n\t\t\t\t\tvar htmlDiv = document.getElementById('rs-plugin-settings-inline-css');\n\t\t\t\t\tif(htmlDiv) {\n\t\t\t\t\t\thtmlDiv.innerHTML = htmlDiv.innerHTML + htmlDivCss;\n\t\t\t\t\t}else{\n\t\t\t\t\t\tvar htmlDiv = document.createElement('div');\n\t\t\t\t\t\thtmlDiv.innerHTML = '<style>' + htmlDivCss + '<\/style>';\n\t\t\t\t\t\tdocument.getElementsByTagName('head')[0].appendChild(htmlDiv.childNodes[0]);\n\t\t\t\t\t}\n\t\t\t\t<\/script>\n\t\t\t<\/rs-module-wrap>\n\t\t\t<!-- END REVOLUTION SLIDER -->\n<\/div>\r\n\r\n\t\t\t\t<\/div>\n\t\t\t\t<\/div>\n\t\t\t\t\t<\/div>\n\t\t<\/div>\n\t\t\t\t\t\t\t<\/div>\n\t\t<\/section>\n\t\t\t\t<section class=\"elementor-section elementor-top-section elementor-element elementor-element-3b024fc elementor-section-boxed elementor-section-height-default elementor-section-height-default\" data-id=\"3b024fc\" data-element_type=\"section\" data-settings=\"{&quot;_ha_eqh_enable&quot;:false}\">\n\t\t\t\t\t\t<div class=\"elementor-container elementor-column-gap-default\">\n\t\t\t\t\t<div class=\"elementor-column elementor-col-100 elementor-top-column elementor-element elementor-element-76fc6f5\" data-id=\"76fc6f5\" data-element_type=\"column\">\n\t\t\t<div class=\"elementor-widget-wrap elementor-element-populated\">\n\t\t\t\t\t\t\t\t<div class=\"elementor-element elementor-element-7af99a7 elementor-widget elementor-widget-heading\" data-id=\"7af99a7\" data-element_type=\"widget\" data-widget_type=\"heading.default\">\n\t\t\t\t<div class=\"elementor-widget-container\">\n\t\t\t<h2 class=\"elementor-heading-title elementor-size-default\">Els nostres projectes realitzats<\/h2>\t\t<\/div>\n\t\t\t\t<\/div>\n\t\t\t\t<div class=\"elementor-element elementor-element-8096d64 elementor-widget elementor-widget-image\" data-id=\"8096d64\" data-element_type=\"widget\" data-widget_type=\"image.default\">\n\t\t\t\t<div class=\"elementor-widget-container\">\n\t\t\t\t\t\t\t\t\t\t\t\t\t\t\t<img decoding=\"async\" class=\"lazyload\" src=\"data:image\/gif;base64,R0lGODlhAQABAIAAAAAAAP\/\/\/yH5BAEAAAAALAAAAAABAAEAAAIBRAA7\" data-src=\"https:\/\/www.mobelmol.com\/wp-content\/uploads\/2021\/05\/senefa-mobelmol-blank.svg\" title=\"senefa-mobelmol-blank\" alt=\"equipamiento mobiliario\" \/><noscript><img decoding=\"async\" class=\"lazyload\" src=\"https:\/\/www.mobelmol.com\/wp-content\/uploads\/2021\/05\/senefa-mobelmol-blank.svg\" title=\"senefa-mobelmol-blank\" alt=\"equipamiento mobiliario\" \/><\/noscript>\t\t\t\t\t\t\t\t\t\t\t\t\t\t\t<\/div>\n\t\t\t\t<\/div>\n\t\t\t\t<div class=\"elementor-element elementor-element-abe6639 elementor-widget elementor-widget-portfolio-slider\" data-id=\"abe6639\" data-element_type=\"widget\" data-widget_type=\"portfolio-slider.default\">\n\t\t\t\t<div class=\"elementor-widget-container\">\n\t\t\t\t \n\n\t\t<div class=\"rsaddon-unique-slider rs-addon-slider rs-portfolio-slider rs-portfolio rs-portfolio-style3 slider-style-3 \">\n\t\t\t<div id=\"rsaddon-slick-slider-13033\" class=\"rs-addon-sliders\">\n\t\t\t \t\r\n\r\n\t\t<div class=\"grid-item\">\r\n\t\t\t<div class=\"portfolio-item content-overlay\">\r\n\t\t\t\t                    <div class=\"portfolio-img\">\r\n                    \t<a href=\"https:\/\/www.mobelmol.com\/ca\/proyectos-realizados\/projectes-equipament-mobiliari-oficines\/\"><img decoding=\"async\" width=\"365\" height=\"243\" src=\"data:image\/gif;base64,R0lGODlhAQABAIAAAAAAAP\/\/\/yH5BAEAAAAALAAAAAABAAEAAAIBRAA7\" data-src=\"https:\/\/www.mobelmol.com\/wp-content\/uploads\/2021\/09\/c845e694-cd7c-40d5-b96e-5615555bc95a-365x243.jpg\" class=\"attachment-reobiz_blog-slider size-reobiz_blog-slider wp-post-image lazyload\" alt=\"revestimiento interior\" \/><noscript><img decoding=\"async\" width=\"365\" height=\"243\" src=\"https:\/\/www.mobelmol.com\/wp-content\/uploads\/2021\/09\/c845e694-cd7c-40d5-b96e-5615555bc95a-365x243.jpg\" class=\"attachment-reobiz_blog-slider size-reobiz_blog-slider wp-post-image lazyload\" alt=\"revestimiento interior\" \/><\/noscript><\/a>\r\n                    <\/div>\r\n                                <div class=\"portfolio-content\">\r\n                    <div class=\"portfolio-inner\">\r\n                        \t                        \t\t<h4 class=\"p-title\"><a href=\"https:\/\/www.mobelmol.com\/ca\/proyectos-realizados\/projectes-equipament-mobiliari-oficines\/\">Oficinas<\/a><\/h4>\r\n                        \t                        \t<p class=\"p-category\"><\/p>\r\n                    <\/div>\r\n                <\/div>\r\n            <\/div>\r\n\t\t<\/div>\r\n\t\t\r\n\r\n\t\t<div class=\"grid-item\">\r\n\t\t\t<div class=\"portfolio-item content-overlay\">\r\n\t\t\t\t                    <div class=\"portfolio-img\">\r\n                    \t<a href=\"https:\/\/www.mobelmol.com\/ca\/proyectos-realizados\/revestiment-facanes-naus-industrials\/\"><img decoding=\"async\" width=\"365\" height=\"243\" src=\"data:image\/gif;base64,R0lGODlhAQABAIAAAAAAAP\/\/\/yH5BAEAAAAALAAAAAABAAEAAAIBRAA7\" data-src=\"https:\/\/www.mobelmol.com\/wp-content\/uploads\/2021\/11\/BADA-012-365x243.jpg\" class=\"attachment-reobiz_blog-slider size-reobiz_blog-slider wp-post-image lazyload\" alt=\"panel fenolico\" \/><noscript><img decoding=\"async\" width=\"365\" height=\"243\" src=\"https:\/\/www.mobelmol.com\/wp-content\/uploads\/2021\/11\/BADA-012-365x243.jpg\" class=\"attachment-reobiz_blog-slider size-reobiz_blog-slider wp-post-image lazyload\" alt=\"panel fenolico\" \/><\/noscript><\/a>\r\n                    <\/div>\r\n                                <div class=\"portfolio-content\">\r\n                    <div class=\"portfolio-inner\">\r\n                        \t                        \t\t<h4 class=\"p-title\"><a href=\"https:\/\/www.mobelmol.com\/ca\/proyectos-realizados\/revestiment-facanes-naus-industrials\/\">Ind\u00fastria en general<\/a><\/h4>\r\n                        \t                        \t<p class=\"p-category\"><\/p>\r\n                    <\/div>\r\n                <\/div>\r\n            <\/div>\r\n\t\t<\/div>\r\n\t\t\r\n\r\n\t\t<div class=\"grid-item\">\r\n\t\t\t<div class=\"portfolio-item content-overlay\">\r\n\t\t\t\t                    <div class=\"portfolio-img\">\r\n                    \t<a href=\"https:\/\/www.mobelmol.com\/ca\/proyectos-realizados\/revestiment-sanitari-per-parets-industria-alimentaria\/\"><img decoding=\"async\" width=\"365\" height=\"243\" src=\"data:image\/gif;base64,R0lGODlhAQABAIAAAAAAAP\/\/\/yH5BAEAAAAALAAAAAABAAEAAAIBRAA7\" data-src=\"https:\/\/www.mobelmol.com\/wp-content\/uploads\/2021\/11\/Mercat-365x243.jpg\" class=\"attachment-reobiz_blog-slider size-reobiz_blog-slider wp-post-image lazyload\" alt=\"cabinas fenolicas\" \/><noscript><img decoding=\"async\" width=\"365\" height=\"243\" src=\"https:\/\/www.mobelmol.com\/wp-content\/uploads\/2021\/11\/Mercat-365x243.jpg\" class=\"attachment-reobiz_blog-slider size-reobiz_blog-slider wp-post-image lazyload\" alt=\"cabinas fenolicas\" \/><\/noscript><\/a>\r\n                    <\/div>\r\n                                <div class=\"portfolio-content\">\r\n                    <div class=\"portfolio-inner\">\r\n                        \t                        \t\t<h4 class=\"p-title\"><a href=\"https:\/\/www.mobelmol.com\/ca\/proyectos-realizados\/revestiment-sanitari-per-parets-industria-alimentaria\/\">Ind\u00fastria aliment\u00e0ria<\/a><\/h4>\r\n                        \t                        \t<p class=\"p-category\"><\/p>\r\n                    <\/div>\r\n                <\/div>\r\n            <\/div>\r\n\t\t<\/div>\r\n\t\t\r\n\r\n\t\t<div class=\"grid-item\">\r\n\t\t\t<div class=\"portfolio-item content-overlay\">\r\n\t\t\t\t                    <div class=\"portfolio-img\">\r\n                    \t<a href=\"https:\/\/www.mobelmol.com\/ca\/proyectos-realizados\/mobiliari-resistent-installacions-singulars\/\"><img decoding=\"async\" width=\"365\" height=\"243\" src=\"data:image\/gif;base64,R0lGODlhAQABAIAAAAAAAP\/\/\/yH5BAEAAAAALAAAAAABAAEAAAIBRAA7\" data-src=\"https:\/\/www.mobelmol.com\/wp-content\/uploads\/2021\/11\/Urquinaona-2-365x243.jpg\" class=\"attachment-reobiz_blog-slider size-reobiz_blog-slider wp-post-image lazyload\" alt=\"herrajes inox\" \/><noscript><img decoding=\"async\" width=\"365\" height=\"243\" src=\"https:\/\/www.mobelmol.com\/wp-content\/uploads\/2021\/11\/Urquinaona-2-365x243.jpg\" class=\"attachment-reobiz_blog-slider size-reobiz_blog-slider wp-post-image lazyload\" alt=\"herrajes inox\" \/><\/noscript><\/a>\r\n                    <\/div>\r\n                                <div class=\"portfolio-content\">\r\n                    <div class=\"portfolio-inner\">\r\n                        \t                        \t\t<h4 class=\"p-title\"><a href=\"https:\/\/www.mobelmol.com\/ca\/proyectos-realizados\/mobiliari-resistent-installacions-singulars\/\">Instal\u00b7lacions singulars<\/a><\/h4>\r\n                        \t                        \t<p class=\"p-category\"><\/p>\r\n                    <\/div>\r\n                <\/div>\r\n            <\/div>\r\n\t\t<\/div>\r\n\t\t\r\n\r\n\t\t<div class=\"grid-item\">\r\n\t\t\t<div class=\"portfolio-item content-overlay\">\r\n\t\t\t\t                    <div class=\"portfolio-img\">\r\n                    \t<a href=\"https:\/\/www.mobelmol.com\/ca\/proyectos-realizados\/centres-oficials-mobiliari-recepcio\/\"><img decoding=\"async\" width=\"365\" height=\"243\" src=\"data:image\/gif;base64,R0lGODlhAQABAIAAAAAAAP\/\/\/yH5BAEAAAAALAAAAAABAAEAAAIBRAA7\" data-src=\"https:\/\/www.mobelmol.com\/wp-content\/uploads\/2021\/11\/aerop-004-365x243.jpg\" class=\"attachment-reobiz_blog-slider size-reobiz_blog-slider wp-post-image lazyload\" alt=\"taquillas y bancos para vestuarios\" \/><noscript><img decoding=\"async\" width=\"365\" height=\"243\" src=\"https:\/\/www.mobelmol.com\/wp-content\/uploads\/2021\/11\/aerop-004-365x243.jpg\" class=\"attachment-reobiz_blog-slider size-reobiz_blog-slider wp-post-image lazyload\" alt=\"taquillas y bancos para vestuarios\" \/><\/noscript><\/a>\r\n                    <\/div>\r\n                                <div class=\"portfolio-content\">\r\n                    <div class=\"portfolio-inner\">\r\n                        \t                        \t\t<h4 class=\"p-title\"><a href=\"https:\/\/www.mobelmol.com\/ca\/proyectos-realizados\/centres-oficials-mobiliari-recepcio\/\">Centres oficials<\/a><\/h4>\r\n                        \t                        \t<p class=\"p-category\"><\/p>\r\n                    <\/div>\r\n                <\/div>\r\n            <\/div>\r\n\t\t<\/div>\r\n\t\t\r\n\r\n\t\t<div class=\"grid-item\">\r\n\t\t\t<div class=\"portfolio-item content-overlay\">\r\n\t\t\t\t                    <div class=\"portfolio-img\">\r\n                    \t<a href=\"https:\/\/www.mobelmol.com\/ca\/proyectos-realizados\/mobiliari-laboratori-industria-quimica-farmaceutica\/\"><img decoding=\"async\" width=\"365\" height=\"243\" src=\"data:image\/gif;base64,R0lGODlhAQABAIAAAAAAAP\/\/\/yH5BAEAAAAALAAAAAABAAEAAAIBRAA7\" data-src=\"https:\/\/www.mobelmol.com\/wp-content\/uploads\/2021\/11\/DIMANLAB-33-365x243.jpg\" class=\"attachment-reobiz_blog-slider size-reobiz_blog-slider wp-post-image lazyload\" alt=\"proyecto sala blanca\" \/><noscript><img decoding=\"async\" width=\"365\" height=\"243\" src=\"https:\/\/www.mobelmol.com\/wp-content\/uploads\/2021\/11\/DIMANLAB-33-365x243.jpg\" class=\"attachment-reobiz_blog-slider size-reobiz_blog-slider wp-post-image lazyload\" alt=\"proyecto sala blanca\" \/><\/noscript><\/a>\r\n                    <\/div>\r\n                                <div class=\"portfolio-content\">\r\n                    <div class=\"portfolio-inner\">\r\n                        \t                        \t\t<h4 class=\"p-title\"><a href=\"https:\/\/www.mobelmol.com\/ca\/proyectos-realizados\/mobiliari-laboratori-industria-quimica-farmaceutica\/\">Ind\u00fastria qu\u00edmica farmac\u00e8utica<\/a><\/h4>\r\n                        \t                        \t<p class=\"p-category\"><\/p>\r\n                    <\/div>\r\n                <\/div>\r\n            <\/div>\r\n\t\t<\/div>\r\n\t\t\r\n\r\n\t\t<div class=\"grid-item\">\r\n\t\t\t<div class=\"portfolio-item content-overlay\">\r\n\t\t\t\t                    <div class=\"portfolio-img\">\r\n                    \t<a href=\"https:\/\/www.mobelmol.com\/ca\/proyectos-realizados\/portes-mobiliari-centres-educatius\/\"><img decoding=\"async\" width=\"365\" height=\"243\" src=\"data:image\/gif;base64,R0lGODlhAQABAIAAAAAAAP\/\/\/yH5BAEAAAAALAAAAAABAAEAAAIBRAA7\" data-src=\"https:\/\/www.mobelmol.com\/wp-content\/uploads\/2021\/11\/Revestimiento-compacto-fenolico-8-365x243.jpg\" class=\"attachment-reobiz_blog-slider size-reobiz_blog-slider wp-post-image lazyload\" alt=\"taquillas vestuarios\" data-srcset=\"https:\/\/www.mobelmol.com\/wp-content\/uploads\/2021\/11\/Revestimiento-compacto-fenolico-8-365x243.jpg 365w, https:\/\/www.mobelmol.com\/wp-content\/uploads\/2021\/11\/Revestimiento-compacto-fenolico-8-300x200.jpg 300w, https:\/\/www.mobelmol.com\/wp-content\/uploads\/2021\/11\/Revestimiento-compacto-fenolico-8-600x399.jpg 600w, https:\/\/www.mobelmol.com\/wp-content\/uploads\/2021\/11\/Revestimiento-compacto-fenolico-8.jpg 750w\" sizes=\"(max-width: 365px) 100vw, 365px\" \/><noscript><img decoding=\"async\" width=\"365\" height=\"243\" src=\"https:\/\/www.mobelmol.com\/wp-content\/uploads\/2021\/11\/Revestimiento-compacto-fenolico-8-365x243.jpg\" class=\"attachment-reobiz_blog-slider size-reobiz_blog-slider wp-post-image lazyload\" alt=\"taquillas vestuarios\" srcset=\"https:\/\/www.mobelmol.com\/wp-content\/uploads\/2021\/11\/Revestimiento-compacto-fenolico-8-365x243.jpg 365w, https:\/\/www.mobelmol.com\/wp-content\/uploads\/2021\/11\/Revestimiento-compacto-fenolico-8-300x200.jpg 300w, https:\/\/www.mobelmol.com\/wp-content\/uploads\/2021\/11\/Revestimiento-compacto-fenolico-8-600x399.jpg 600w, https:\/\/www.mobelmol.com\/wp-content\/uploads\/2021\/11\/Revestimiento-compacto-fenolico-8.jpg 750w\" sizes=\"(max-width: 365px) 100vw, 365px\" \/><\/noscript><\/a>\r\n                    <\/div>\r\n                                <div class=\"portfolio-content\">\r\n                    <div class=\"portfolio-inner\">\r\n                        \t                        \t\t<h4 class=\"p-title\"><a href=\"https:\/\/www.mobelmol.com\/ca\/proyectos-realizados\/portes-mobiliari-centres-educatius\/\">Centres educatius<\/a><\/h4>\r\n                        \t                        \t<p class=\"p-category\"><\/p>\r\n                    <\/div>\r\n                <\/div>\r\n            <\/div>\r\n\t\t<\/div>\r\n\t\t\r\n\r\n\t\t<div class=\"grid-item\">\r\n\t\t\t<div class=\"portfolio-item content-overlay\">\r\n\t\t\t\t                    <div class=\"portfolio-img\">\r\n                    \t<a href=\"https:\/\/www.mobelmol.com\/ca\/proyectos-realizados\/equipament-balneari-mobiliari-spa-hotel\/\"><img decoding=\"async\" width=\"365\" height=\"243\" src=\"data:image\/gif;base64,R0lGODlhAQABAIAAAAAAAP\/\/\/yH5BAEAAAAALAAAAAABAAEAAAIBRAA7\" data-src=\"https:\/\/www.mobelmol.com\/wp-content\/uploads\/2021\/09\/CALDEA-2-portada-365x243.jpg\" class=\"attachment-reobiz_blog-slider size-reobiz_blog-slider wp-post-image lazyload\" alt=\"balneario duchas\" \/><noscript><img decoding=\"async\" width=\"365\" height=\"243\" src=\"https:\/\/www.mobelmol.com\/wp-content\/uploads\/2021\/09\/CALDEA-2-portada-365x243.jpg\" class=\"attachment-reobiz_blog-slider size-reobiz_blog-slider wp-post-image lazyload\" alt=\"balneario duchas\" \/><\/noscript><\/a>\r\n                    <\/div>\r\n                                <div class=\"portfolio-content\">\r\n                    <div class=\"portfolio-inner\">\r\n                        \t                        \t\t<h4 class=\"p-title\"><a href=\"https:\/\/www.mobelmol.com\/ca\/proyectos-realizados\/equipament-balneari-mobiliari-spa-hotel\/\">Hotels \u2013 Balnearis<\/a><\/h4>\r\n                        \t                        \t<p class=\"p-category\"><\/p>\r\n                    <\/div>\r\n                <\/div>\r\n            <\/div>\r\n\t\t<\/div>\r\n\t\t\r\n\r\n\t\t<div class=\"grid-item\">\r\n\t\t\t<div class=\"portfolio-item content-overlay\">\r\n\t\t\t\t                    <div class=\"portfolio-img\">\r\n                    \t<a href=\"https:\/\/www.mobelmol.com\/ca\/proyectos-realizados\/equipament-vestuaris-esportius-ludics\/\"><img decoding=\"async\" width=\"365\" height=\"243\" src=\"data:image\/gif;base64,R0lGODlhAQABAIAAAAAAAP\/\/\/yH5BAEAAAAALAAAAAABAAEAAAIBRAA7\" data-src=\"https:\/\/www.mobelmol.com\/wp-content\/uploads\/2021\/09\/17-365x243.jpg\" class=\"attachment-reobiz_blog-slider size-reobiz_blog-slider wp-post-image lazyload\" alt=\"taquillas especiales\" data-srcset=\"https:\/\/www.mobelmol.com\/wp-content\/uploads\/2021\/09\/17-365x243.jpg 365w, https:\/\/www.mobelmol.com\/wp-content\/uploads\/2021\/09\/17-300x200.jpg 300w, https:\/\/www.mobelmol.com\/wp-content\/uploads\/2021\/09\/17-600x399.jpg 600w, https:\/\/www.mobelmol.com\/wp-content\/uploads\/2021\/09\/17.jpg 750w\" sizes=\"(max-width: 365px) 100vw, 365px\" \/><noscript><img decoding=\"async\" width=\"365\" height=\"243\" src=\"https:\/\/www.mobelmol.com\/wp-content\/uploads\/2021\/09\/17-365x243.jpg\" class=\"attachment-reobiz_blog-slider size-reobiz_blog-slider wp-post-image lazyload\" alt=\"taquillas especiales\" srcset=\"https:\/\/www.mobelmol.com\/wp-content\/uploads\/2021\/09\/17-365x243.jpg 365w, https:\/\/www.mobelmol.com\/wp-content\/uploads\/2021\/09\/17-300x200.jpg 300w, https:\/\/www.mobelmol.com\/wp-content\/uploads\/2021\/09\/17-600x399.jpg 600w, https:\/\/www.mobelmol.com\/wp-content\/uploads\/2021\/09\/17.jpg 750w\" sizes=\"(max-width: 365px) 100vw, 365px\" \/><\/noscript><\/a>\r\n                    <\/div>\r\n                                <div class=\"portfolio-content\">\r\n                    <div class=\"portfolio-inner\">\r\n                        \t                        \t\t<h4 class=\"p-title\"><a href=\"https:\/\/www.mobelmol.com\/ca\/proyectos-realizados\/equipament-vestuaris-esportius-ludics\/\">Ludic \u2013 Esportiu<\/a><\/h4>\r\n                        \t                        \t<p class=\"p-category\"><\/p>\r\n                    <\/div>\r\n                <\/div>\r\n            <\/div>\r\n\t\t<\/div>\r\n\t\t\r\n\r\n\t\t<div class=\"grid-item\">\r\n\t\t\t<div class=\"portfolio-item content-overlay\">\r\n\t\t\t\t                    <div class=\"portfolio-img\">\r\n                    \t<a href=\"https:\/\/www.mobelmol.com\/ca\/proyectos-realizados\/mobiliari-camping\/\"><img decoding=\"async\" width=\"365\" height=\"243\" src=\"data:image\/gif;base64,R0lGODlhAQABAIAAAAAAAP\/\/\/yH5BAEAAAAALAAAAAABAAEAAAIBRAA7\" data-src=\"https:\/\/www.mobelmol.com\/wp-content\/uploads\/2021\/09\/DSC_0405-365x243.jpg\" class=\"attachment-reobiz_blog-slider size-reobiz_blog-slider wp-post-image lazyload\" alt=\"materiales especiales\" data-srcset=\"https:\/\/www.mobelmol.com\/wp-content\/uploads\/2021\/09\/DSC_0405-365x243.jpg 365w, https:\/\/www.mobelmol.com\/wp-content\/uploads\/2021\/09\/DSC_0405-300x199.jpg 300w, https:\/\/www.mobelmol.com\/wp-content\/uploads\/2021\/09\/DSC_0405-768x510.jpg 768w, https:\/\/www.mobelmol.com\/wp-content\/uploads\/2021\/09\/DSC_0405-600x398.jpg 600w, https:\/\/www.mobelmol.com\/wp-content\/uploads\/2021\/09\/DSC_0405.jpg 1024w\" sizes=\"(max-width: 365px) 100vw, 365px\" \/><noscript><img decoding=\"async\" width=\"365\" height=\"243\" src=\"https:\/\/www.mobelmol.com\/wp-content\/uploads\/2021\/09\/DSC_0405-365x243.jpg\" class=\"attachment-reobiz_blog-slider size-reobiz_blog-slider wp-post-image lazyload\" alt=\"materiales especiales\" srcset=\"https:\/\/www.mobelmol.com\/wp-content\/uploads\/2021\/09\/DSC_0405-365x243.jpg 365w, https:\/\/www.mobelmol.com\/wp-content\/uploads\/2021\/09\/DSC_0405-300x199.jpg 300w, https:\/\/www.mobelmol.com\/wp-content\/uploads\/2021\/09\/DSC_0405-768x510.jpg 768w, https:\/\/www.mobelmol.com\/wp-content\/uploads\/2021\/09\/DSC_0405-600x398.jpg 600w, https:\/\/www.mobelmol.com\/wp-content\/uploads\/2021\/09\/DSC_0405.jpg 1024w\" sizes=\"(max-width: 365px) 100vw, 365px\" \/><\/noscript><\/a>\r\n                    <\/div>\r\n                                <div class=\"portfolio-content\">\r\n                    <div class=\"portfolio-inner\">\r\n                        \t                        \t\t<h4 class=\"p-title\"><a href=\"https:\/\/www.mobelmol.com\/ca\/proyectos-realizados\/mobiliari-camping\/\">Campings<\/a><\/h4>\r\n                        \t                        \t<p class=\"p-category\"><\/p>\r\n                    <\/div>\r\n                <\/div>\r\n            <\/div>\r\n\t\t<\/div>\r\n\t\t\t<\/div>\n\t\t<div class=\"rsaddon-slider-conf wpsisac-hide\" data-conf=\"{&quot;slidesToShow&quot;:3,&quot;autoplaySpeed&quot;:3000,&quot;interval&quot;:3000,&quot;slidesToScroll&quot;:2,&quot;slider_autoplay&quot;:&quot;true&quot;,&quot;pauseOnHover&quot;:&quot;false&quot;,&quot;sliderDots&quot;:&quot;true&quot;,&quot;sliderNav&quot;:&quot;true&quot;,&quot;infinite&quot;:&quot;false&quot;,&quot;centerMode&quot;:&quot;false&quot;,&quot;col_lg&quot;:3,&quot;col_md&quot;:3,&quot;col_sm&quot;:2,&quot;col_xs&quot;:1,&quot;slider_centerMode_pad&quot;:&quot;400px&quot;,&quot;slider_centers_pad&quot;:null,&quot;slider_centers_pad2&quot;:null,&quot;slider_centers_pad3&quot;:null}\"><\/div>\n\t<\/div>\n\t<script type=\"text\/javascript\"> \n\t\tjQuery(document).ready(function(){\n\t\t\tjQuery( '.rs-addon-sliders' ).each(function( index ) {        \n\t        var slider_id       = jQuery(this).attr('id'); \n\t        var slider_conf     = jQuery.parseJSON( jQuery(this).closest('.rsaddon-unique-slider').find('.rsaddon-slider-conf').attr('data-conf'));\n\t      \n\t        if( typeof(slider_id) != 'undefined' && slider_id != '' ) {\n            jQuery('#'+slider_id).not('.slick-initialized').slick({\n            slidesToShow    : parseInt(slider_conf.col_lg),\n            centerMode      : (slider_conf.centerMode)  == \"true\" ? true : false,\n            dots            : (slider_conf.sliderDots)  == \"true\" ? true : false,\n            arrows          : (slider_conf.sliderNav) == \"true\" ? true : false,\n            autoplay        : (slider_conf.slider_autoplay) == \"true\" ? true : false,\n            slidesToScroll  : parseInt(slider_conf.slidesToScroll),\n            centerPadding   : slider_conf.slider_centerMode_pad,\n            autoplaySpeed   : parseInt(slider_conf.autoplaySpeed),\n            pauseOnHover    : (slider_conf.pauseOnHover) == \"true\" ? true : false,\n            loop : false,\n            responsive: [{\n                breakpoint: 1200,\n                settings: {\n                    slidesToShow: parseInt(slider_conf.col_md),\n                    slidesToScroll: 1,              \n                }\n            },\n            {\n                breakpoint: 1199,\n                settings: {\n                    centerPadding   : slider_conf.slider_centers_pad3,\n                }\n            },\n            {\n                breakpoint: 992,\n                settings: {\n                    slidesToShow: parseInt(slider_conf.col_sm),\n                    slidesToScroll: 1,\n                    centerPadding   : slider_conf.slider_centers_pad,\n                }\n            }, \n            {\n                breakpoint: 768,\n                settings: {\n                    arrows: false,\n                    slidesToShow: parseInt(slider_conf.col_xs),\n                    slidesToScroll: 1,\n                    centerPadding   : slider_conf.slider_centers_pad2,\n                }\n            }, \n            {\n                breakpoint: 600,\n                settings: {\n                    slidesToShow: 1,\n                    arrows: false,\n                    slidesToScroll: 1,\n                    centerPadding   : '0px',\n                }\n            }]\n            });\n        }\n\t   \n\t\t});\n\t});\n    <\/script>\n\t\t\t<\/div>\n\t\t\t\t<\/div>\n\t\t\t\t\t<\/div>\n\t\t<\/div>\n\t\t\t\t\t\t\t<\/div>\n\t\t<\/section>\n\t\t\t\t<section class=\"elementor-section elementor-top-section elementor-element elementor-element-c696069 elementor-section-boxed elementor-section-height-default elementor-section-height-default\" data-id=\"c696069\" data-element_type=\"section\" data-settings=\"{&quot;background_background&quot;:&quot;classic&quot;,&quot;_ha_eqh_enable&quot;:false}\">\n\t\t\t\t\t\t<div class=\"elementor-container elementor-column-gap-default\">\n\t\t\t\t\t<div class=\"elementor-column elementor-col-100 elementor-top-column elementor-element elementor-element-45f945c\" data-id=\"45f945c\" data-element_type=\"column\">\n\t\t\t<div class=\"elementor-widget-wrap elementor-element-populated\">\n\t\t\t\t\t\t\t\t<div class=\"elementor-element elementor-element-ad97679 elementor-widget elementor-widget-heading\" data-id=\"ad97679\" data-element_type=\"widget\" data-widget_type=\"heading.default\">\n\t\t\t\t<div class=\"elementor-widget-container\">\n\t\t\t<h2 class=\"elementor-heading-title elementor-size-default\">Els nostres productes<\/h2>\t\t<\/div>\n\t\t\t\t<\/div>\n\t\t\t\t<div class=\"elementor-element elementor-element-6548ec6 elementor-widget elementor-widget-image\" data-id=\"6548ec6\" data-element_type=\"widget\" data-widget_type=\"image.default\">\n\t\t\t\t<div class=\"elementor-widget-container\">\n\t\t\t\t\t\t\t\t\t\t\t\t\t\t\t<img decoding=\"async\" class=\"lazyload\" src=\"data:image\/gif;base64,R0lGODlhAQABAIAAAAAAAP\/\/\/yH5BAEAAAAALAAAAAABAAEAAAIBRAA7\" data-src=\"https:\/\/www.mobelmol.com\/wp-content\/uploads\/2021\/05\/senefa-mobelmol-white.svg\" title=\"senefa-mobelmol-white\" alt=\"equipamiento mobiliario\" \/><noscript><img decoding=\"async\" class=\"lazyload\" src=\"https:\/\/www.mobelmol.com\/wp-content\/uploads\/2021\/05\/senefa-mobelmol-white.svg\" title=\"senefa-mobelmol-white\" alt=\"equipamiento mobiliario\" \/><\/noscript>\t\t\t\t\t\t\t\t\t\t\t\t\t\t\t<\/div>\n\t\t\t\t<\/div>\n\t\t\t\t<div class=\"elementor-element elementor-element-58188e7 elementor-widget elementor-widget-shortcode\" data-id=\"58188e7\" data-element_type=\"widget\" id=\"woo-cat-home\" data-widget_type=\"shortcode.default\">\n\t\t\t\t<div class=\"elementor-widget-container\">\n\t\t\t\t\t<div class=\"elementor-shortcode\"><style>.sp-wcsp-slider-area #sp-wcsp-slider-section-5258 .sp-wcsp-cat-item .sp-wcsp-cat-details .sp-wcsp-cat-details-content .sp-wcsp-cat-name {\n\t\ttext-align: center;\n\t}\n\t.sp-wcsp-slider-area #sp-wcsp-slider-section-5258 .sp-wcsp-cat-item .sp-wcsp-cat-details .sp-wcsp-cat-details-content .sp-wcsp-cat-name a {\n\t\tmargin: 0px 0px 6px 0px;\n\t\tcolor: #000000;\n\t\tfont-size: 16px;\n\t\tline-height: 18px;\n\t\tletter-spacing: 0;\n\t\ttext-transform: none;\n\t\ttext-align: center;\n\t\tfont-weight: 700;\n\t\tfont-style: normal;\n\t}.sp-wcsp-slider-area #sp-wcsp-slider-section-5258 .sp-wcsp-cat-item .sp-wcsp-cat-details .sp-wcsp-cat-details-content {\n\t\tbackground: #ffffff;\n\t\tborder-top: 1px;\n\t\tborder-left: 1px;\n\t\tborder-right: 1px;\n\t\tborder-bottom: 1px;\n\t\tborder-style: none;\n\t\tborder-color: #e2e2e2;\n\t}\n\t.sp-wcsp-slider-area #sp-wcsp-slider-section-5258 .sp-wcsp-cat-item:hover .sp-wcsp-cat-details .sp-wcsp-cat-details-content {\n\t\tbackground: #f2f2f2;\n\t\tborder-color: #e2e2e2;\n\t}.sp-wcsp-slider-area #sp-wcsp-slider-section-5258 .sp-wcsp-cat-item .sp-wcsp-cat-details .sp-wcsp-cat-details-content {\n\tpadding: 16px 16px 16px 16px;\n}.sp-wcsp-slider-area #sp-wcsp-slider-section-5258 .sp-wcsp-cat-item .sp-wcsp-cat-thumbnail {\n\tmargin: 0px 0px 0px 0px;\n}.sp-wcsp-slider-area-5258 .sp-wcsp-button-prev, .sp-wcsp-slider-area-5258 .sp-wcsp-button-next{\n\toutline: 1px solid #aaaaaa;\n    outline-offset: -1px;\n\tcolor: #aaaaaa;\n\tbackground: transparent;\n\theight: 30px;\n\tline-height: 28px;\n\tfont-size: 20px;\n\twidth: 30px;\n}\n.sp-wcsp-slider-area-5258 .sp-wcsp-button-prev:hover,\n.sp-wcsp-slider-area-5258 .sp-wcsp-button-next:hover{\n\toutline-color: #ffffff;\n\tcolor: #ffffff;\n\tbackground: #ffffff;\n}#sp-wcsp-slider-section-5258 .sp-wcsp-pagination span {\n\tmargin: 0 3px;\n\twidth: 12px;\n\theight: 12px;\n\tbackground: #aaaaaa;\n\topacity: 1;\n\tfont-size: 14px;\n\ttext-indent: -999px;\n\toverflow: hidden;\n}\n#sp-wcsp-slider-section-5258 .sp-wcsp-pagination span.swiper-pagination-bullet-active {\n\tbackground: #ffffff;\n}\n\t.sp-wcsp-slider-area-5258{\n\t\tposition: relative;\n\t}\n\t#sp-wcsp-slider-section-5258 {\n\t\topacity: 0;\n\t}\n\t#wcsp-preloader-5258{\n\t\tposition: absolute;\n\t\tleft: 0;\n\t\ttop: 0;\n\t\theight: 100%;\n\t\twidth: 100%;\n\t\ttext-align: center;\n\t\tdisplay: flex;\n\t\talign-items: center;\n\t\tjustify-content: center;\n\t}\n\t<\/style><div id=\"sp-wcsp-slider-area-5258\" class=\"sp-wcsp-slider-area sp-wcsp-slider-area-5258  content-position-thumb-above-cont-below\" data-slider='{\n\t\t\t\t\"auto_play\": 1,\n\t\t\t\t\"auto_play_speed\": 3000,\n\t\t\t\t\"standard_scroll_speed\": 600,\n\t\t\t\t\"pause_on_hover\": 1,\n\t\t\t\t\"auto_height\": 1,\n\t\t\t\t\"infinite_loop\": 1,\n\t\t\t\t\"large_desktop\": 4,\n\t\t\t\t\"space_between_cat\": 20,\n\t\t\t\t\"large_desktop_scroll\": 1,\n\t\t\t\t\"pagination\": \"hide\",\n\t\t\t\t\"navigation\": \"hide\",\n\t\t\t\t\"touch_swipe\": 1,\n\t\t\t\t\"mouse_wheel\": false,\n\t\t\t\t\"mouse_draggable\": false,\n\t\t\t\t\"breakpoints\": {\n\t\t\t\t\t\"desktop\": 3,\n\t\t\t\t\t\"laptop\": 2,\n\t\t\t\t\t\"tablet\": 2,\n\t\t\t\t\t\"mobile\": 1,\n\t\t\t\t\t\"desktop_scroll\": 1,\n\t\t\t\t\t\"laptop_scroll\": 1,\n\t\t\t\t\t\"tablet_scroll\": 1,\n\t\t\t\t\t\"mobile_scroll\": 1\n\t\t\t\t}\n\t\t\t}'><div id=\"wcsp-preloader-5258\" class=\"sp-wcsp-preloader\"><img decoding=\"async\" class=\"lazyload\" src=\"data:image\/gif;base64,R0lGODlhAQABAIAAAAAAAP\/\/\/yH5BAEAAAAALAAAAAABAAEAAAIBRAA7\" data-src=\" https:\/\/www.mobelmol.com\/wp-content\/plugins\/woo-category-slider-grid\/public\/img\/preloader.gif \"\/><noscript><img decoding=\"async\" class=\"lazyload\" src=\" https:\/\/www.mobelmol.com\/wp-content\/plugins\/woo-category-slider-grid\/public\/img\/preloader.gif \"\/><\/noscript><\/div><div id=\"sp-wcsp-slider-section-5258\" class=\"sp-wcsp-slider-section swiper-container wcsp-preloader\" ><div id=\"sp-wcsp-wrapper-5258\" class=\" swiper-wrapper\"><div class=\"sp-wcsp-cat-item swiper-slide\"><div class=\"sp-wcsp-cat-item-thumb-content\"><div class=\"sp-wcsp-cat-thumbnail\"><a href=\"https:\/\/www.mobelmol.com\/ca\/familia\/taulells-fenolics\/\"><img decoding=\"async\" src=\"data:image\/gif;base64,R0lGODlhAQABAIAAAAAAAP\/\/\/yH5BAEAAAAALAAAAAABAAEAAAIBRAA7\" data-src=\"https:\/\/www.mobelmol.com\/wp-content\/uploads\/2022\/11\/montgatPADEL-088-1-300x300.jpg\" alt=\"Taulells\" class=\"sp-wcsp-cat-thumb lazyload\"\/><noscript><img decoding=\"async\" src=\"https:\/\/www.mobelmol.com\/wp-content\/uploads\/2022\/11\/montgatPADEL-088-1-300x300.jpg\" alt=\"Taulells\" class=\"sp-wcsp-cat-thumb lazyload\"\/><\/noscript><\/a><\/div><div class=\"sp-wcsp-cat-details\"><div class=\"sp-wcsp-cat-details-content\"><div class=\"sp-wcsp-cat-name\"><a href=\"https:\/\/www.mobelmol.com\/ca\/familia\/taulells-fenolics\/\">Taulells<\/a><\/div><\/div><\/div><\/div><\/div><div class=\"sp-wcsp-cat-item swiper-slide\"><div class=\"sp-wcsp-cat-item-thumb-content\"><div class=\"sp-wcsp-cat-thumbnail\"><a href=\"https:\/\/www.mobelmol.com\/ca\/familia\/guixetes-vestuaris\/\"><img decoding=\"async\" src=\"data:image\/gif;base64,R0lGODlhAQABAIAAAAAAAP\/\/\/yH5BAEAAAAALAAAAAABAAEAAAIBRAA7\" data-src=\"https:\/\/www.mobelmol.com\/wp-content\/uploads\/2021\/05\/fabricacion-instalacion-taquillas-1-300x300.jpg\" alt=\"Taquilles\" class=\"sp-wcsp-cat-thumb lazyload\"\/><noscript><img decoding=\"async\" src=\"https:\/\/www.mobelmol.com\/wp-content\/uploads\/2021\/05\/fabricacion-instalacion-taquillas-1-300x300.jpg\" alt=\"Taquilles\" class=\"sp-wcsp-cat-thumb lazyload\"\/><\/noscript><\/a><\/div><div class=\"sp-wcsp-cat-details\"><div class=\"sp-wcsp-cat-details-content\"><div class=\"sp-wcsp-cat-name\"><a href=\"https:\/\/www.mobelmol.com\/ca\/familia\/guixetes-vestuaris\/\">Taquilles<\/a><\/div><\/div><\/div><\/div><\/div><div class=\"sp-wcsp-cat-item swiper-slide\"><div class=\"sp-wcsp-cat-item-thumb-content\"><div class=\"sp-wcsp-cat-thumbnail\"><a href=\"https:\/\/www.mobelmol.com\/ca\/familia\/projecte-sala-blanca-fenolic-industrial\/\"><img decoding=\"async\" src=\"data:image\/gif;base64,R0lGODlhAQABAIAAAAAAAP\/\/\/yH5BAEAAAAALAAAAAABAAEAAAIBRAA7\" data-src=\"https:\/\/www.mobelmol.com\/wp-content\/uploads\/2021\/10\/piamataro-405-300x300.jpg\" alt=\"Sales Blanques\" class=\"sp-wcsp-cat-thumb lazyload\"\/><noscript><img decoding=\"async\" src=\"https:\/\/www.mobelmol.com\/wp-content\/uploads\/2021\/10\/piamataro-405-300x300.jpg\" alt=\"Sales Blanques\" class=\"sp-wcsp-cat-thumb lazyload\"\/><\/noscript><\/a><\/div><div class=\"sp-wcsp-cat-details\"><div class=\"sp-wcsp-cat-details-content\"><div class=\"sp-wcsp-cat-name\"><a href=\"https:\/\/www.mobelmol.com\/ca\/familia\/projecte-sala-blanca-fenolic-industrial\/\">Sales Blanques<\/a><\/div><\/div><\/div><\/div><\/div><div class=\"sp-wcsp-cat-item swiper-slide\"><div class=\"sp-wcsp-cat-item-thumb-content\"><div class=\"sp-wcsp-cat-thumbnail\"><a href=\"https:\/\/www.mobelmol.com\/ca\/familia\/revestiment-paret-fusta-fenolic\/\"><img decoding=\"async\" src=\"data:image\/gif;base64,R0lGODlhAQABAIAAAAAAAP\/\/\/yH5BAEAAAAALAAAAAABAAEAAAIBRAA7\" data-src=\"https:\/\/www.mobelmol.com\/wp-content\/uploads\/2022\/11\/PONTSUERT006-300x300.jpg\" alt=\"Revestiment\" class=\"sp-wcsp-cat-thumb lazyload\"\/><noscript><img decoding=\"async\" src=\"https:\/\/www.mobelmol.com\/wp-content\/uploads\/2022\/11\/PONTSUERT006-300x300.jpg\" alt=\"Revestiment\" class=\"sp-wcsp-cat-thumb lazyload\"\/><\/noscript><\/a><\/div><div class=\"sp-wcsp-cat-details\"><div class=\"sp-wcsp-cat-details-content\"><div class=\"sp-wcsp-cat-name\"><a href=\"https:\/\/www.mobelmol.com\/ca\/familia\/revestiment-paret-fusta-fenolic\/\">Revestiment<\/a><\/div><\/div><\/div><\/div><\/div><div class=\"sp-wcsp-cat-item swiper-slide\"><div class=\"sp-wcsp-cat-item-thumb-content\"><div class=\"sp-wcsp-cat-thumbnail\"><a href=\"https:\/\/www.mobelmol.com\/ca\/familia\/portes-fenoliques-a-mida-compact\/\"><img decoding=\"async\" src=\"data:image\/gif;base64,R0lGODlhAQABAIAAAAAAAP\/\/\/yH5BAEAAAAALAAAAAABAAEAAAIBRAA7\" data-src=\"https:\/\/www.mobelmol.com\/wp-content\/uploads\/2021\/09\/Puerta-Marco-Aluminio-7-300x300.jpg\" alt=\"Portes Compact\" class=\"sp-wcsp-cat-thumb lazyload\"\/><noscript><img decoding=\"async\" src=\"https:\/\/www.mobelmol.com\/wp-content\/uploads\/2021\/09\/Puerta-Marco-Aluminio-7-300x300.jpg\" alt=\"Portes Compact\" class=\"sp-wcsp-cat-thumb lazyload\"\/><\/noscript><\/a><\/div><div class=\"sp-wcsp-cat-details\"><div class=\"sp-wcsp-cat-details-content\"><div class=\"sp-wcsp-cat-name\"><a href=\"https:\/\/www.mobelmol.com\/ca\/familia\/portes-fenoliques-a-mida-compact\/\">Portes Compact<\/a><\/div><\/div><\/div><\/div><\/div><div class=\"sp-wcsp-cat-item swiper-slide\"><div class=\"sp-wcsp-cat-item-thumb-content\"><div class=\"sp-wcsp-cat-thumbnail\"><a href=\"https:\/\/www.mobelmol.com\/ca\/familia\/mobiliari-equipament-per-empreses\/\"><img decoding=\"async\" src=\"data:image\/gif;base64,R0lGODlhAQABAIAAAAAAAP\/\/\/yH5BAEAAAAALAAAAAABAAEAAAIBRAA7\" data-src=\"https:\/\/www.mobelmol.com\/wp-content\/uploads\/2021\/10\/Mobiliario-hospitalario-300x300.jpg\" alt=\"Mobiliari per a empreses\" class=\"sp-wcsp-cat-thumb lazyload\"\/><noscript><img decoding=\"async\" src=\"https:\/\/www.mobelmol.com\/wp-content\/uploads\/2021\/10\/Mobiliario-hospitalario-300x300.jpg\" alt=\"Mobiliari per a empreses\" class=\"sp-wcsp-cat-thumb lazyload\"\/><\/noscript><\/a><\/div><div class=\"sp-wcsp-cat-details\"><div class=\"sp-wcsp-cat-details-content\"><div class=\"sp-wcsp-cat-name\"><a href=\"https:\/\/www.mobelmol.com\/ca\/familia\/mobiliari-equipament-per-empreses\/\">Mobiliari per a empreses<\/a><\/div><\/div><\/div><\/div><\/div><div class=\"sp-wcsp-cat-item swiper-slide\"><div class=\"sp-wcsp-cat-item-thumb-content\"><div class=\"sp-wcsp-cat-thumbnail\"><a href=\"https:\/\/www.mobelmol.com\/ca\/familia\/cabines-sanitaries-a-mida\/\"><img decoding=\"async\" src=\"data:image\/gif;base64,R0lGODlhAQABAIAAAAAAAP\/\/\/yH5BAEAAAAALAAAAAABAAEAAAIBRAA7\" data-src=\"https:\/\/www.mobelmol.com\/wp-content\/uploads\/2022\/11\/begur-055-300x300.jpg\" alt=\"Cabines sanit\u00e0ries\" class=\"sp-wcsp-cat-thumb lazyload\"\/><noscript><img decoding=\"async\" src=\"https:\/\/www.mobelmol.com\/wp-content\/uploads\/2022\/11\/begur-055-300x300.jpg\" alt=\"Cabines sanit\u00e0ries\" class=\"sp-wcsp-cat-thumb lazyload\"\/><\/noscript><\/a><\/div><div class=\"sp-wcsp-cat-details\"><div class=\"sp-wcsp-cat-details-content\"><div class=\"sp-wcsp-cat-name\"><a href=\"https:\/\/www.mobelmol.com\/ca\/familia\/cabines-sanitaries-a-mida\/\">Cabines sanit\u00e0ries<\/a><\/div><\/div><\/div><\/div><\/div><div class=\"sp-wcsp-cat-item swiper-slide\"><div class=\"sp-wcsp-cat-item-thumb-content\"><div class=\"sp-wcsp-cat-thumbnail\"><a href=\"https:\/\/www.mobelmol.com\/ca\/familia\/penjadors-bancs-de-vestuari\/\"><img decoding=\"async\" src=\"data:image\/gif;base64,R0lGODlhAQABAIAAAAAAAP\/\/\/yH5BAEAAAAALAAAAAABAAEAAAIBRAA7\" data-src=\"https:\/\/www.mobelmol.com\/wp-content\/uploads\/2021\/05\/Banco-vestuario-F5--300x300.jpg\" alt=\"Bancs i Penjadors\" class=\"sp-wcsp-cat-thumb lazyload\"\/><noscript><img decoding=\"async\" src=\"https:\/\/www.mobelmol.com\/wp-content\/uploads\/2021\/05\/Banco-vestuario-F5--300x300.jpg\" alt=\"Bancs i Penjadors\" class=\"sp-wcsp-cat-thumb lazyload\"\/><\/noscript><\/a><\/div><div class=\"sp-wcsp-cat-details\"><div class=\"sp-wcsp-cat-details-content\"><div class=\"sp-wcsp-cat-name\"><a href=\"https:\/\/www.mobelmol.com\/ca\/familia\/penjadors-bancs-de-vestuari\/\">Bancs i Penjadors<\/a><\/div><\/div><\/div><\/div><\/div><\/div><\/div><\/div><\/div>\n\t\t\t\t<\/div>\n\t\t\t\t<\/div>\n\t\t\t\t<div class=\"elementor-element elementor-element-2739064 elementor-widget elementor-widget-spacer\" data-id=\"2739064\" data-element_type=\"widget\" data-widget_type=\"spacer.default\">\n\t\t\t\t<div class=\"elementor-widget-container\">\n\t\t\t\t\t<div class=\"elementor-spacer\">\n\t\t\t<div class=\"elementor-spacer-inner\"><\/div>\n\t\t<\/div>\n\t\t\t\t<\/div>\n\t\t\t\t<\/div>\n\t\t\t\t<div class=\"elementor-element elementor-element-9ffe873 elementor-align-center elementor-widget elementor-widget-button\" data-id=\"9ffe873\" data-element_type=\"widget\" data-widget_type=\"button.default\">\n\t\t\t\t<div class=\"elementor-widget-container\">\n\t\t\t\t\t<div class=\"elementor-button-wrapper\">\n\t\t\t<a href=\"https:\/\/www.mobelmol.com\/ca\/productes-mobiliari-vestuaris-revestiments\/\" class=\"elementor-button-link elementor-button elementor-size-lg\" role=\"button\">\n\t\t\t\t\t\t<span class=\"elementor-button-content-wrapper\">\n\t\t\t\t\t\t<span class=\"elementor-button-text\">Veure tot<\/span>\n\t\t<\/span>\n\t\t\t\t\t<\/a>\n\t\t<\/div>\n\t\t\t\t<\/div>\n\t\t\t\t<\/div>\n\t\t\t\t\t<\/div>\n\t\t<\/div>\n\t\t\t\t\t\t\t<\/div>\n\t\t<\/section>\n\t\t\t\t<section class=\"elementor-section elementor-top-section elementor-element elementor-element-2b2d2e8 elementor-section-boxed elementor-section-height-default elementor-section-height-default\" data-id=\"2b2d2e8\" data-element_type=\"section\" data-settings=\"{&quot;_ha_eqh_enable&quot;:false}\">\n\t\t\t\t\t\t<div class=\"elementor-container elementor-column-gap-default\">\n\t\t\t\t\t<div class=\"elementor-column elementor-col-100 elementor-top-column elementor-element elementor-element-a2060d8\" data-id=\"a2060d8\" data-element_type=\"column\">\n\t\t\t<div class=\"elementor-widget-wrap elementor-element-populated\">\n\t\t\t\t\t\t\t\t<div class=\"elementor-element elementor-element-95181d3 elementor-widget elementor-widget-heading\" data-id=\"95181d3\" data-element_type=\"widget\" data-widget_type=\"heading.default\">\n\t\t\t\t<div class=\"elementor-widget-container\">\n\t\t\t<h2 class=\"elementor-heading-title elementor-size-default\">Aplicacions<\/h2>\t\t<\/div>\n\t\t\t\t<\/div>\n\t\t\t\t<div class=\"elementor-element elementor-element-787f8e1 elementor-widget elementor-widget-image\" data-id=\"787f8e1\" data-element_type=\"widget\" data-widget_type=\"image.default\">\n\t\t\t\t<div class=\"elementor-widget-container\">\n\t\t\t\t\t\t\t\t\t\t\t\t\t\t\t<img decoding=\"async\" class=\"lazyload\" src=\"data:image\/gif;base64,R0lGODlhAQABAIAAAAAAAP\/\/\/yH5BAEAAAAALAAAAAABAAEAAAIBRAA7\" data-src=\"https:\/\/www.mobelmol.com\/wp-content\/uploads\/2021\/05\/senefa-mobelmol-blank.svg\" title=\"senefa-mobelmol-blank\" alt=\"equipamiento mobiliario\" \/><noscript><img decoding=\"async\" class=\"lazyload\" src=\"https:\/\/www.mobelmol.com\/wp-content\/uploads\/2021\/05\/senefa-mobelmol-blank.svg\" title=\"senefa-mobelmol-blank\" alt=\"equipamiento mobiliario\" \/><\/noscript>\t\t\t\t\t\t\t\t\t\t\t\t\t\t\t<\/div>\n\t\t\t\t<\/div>\n\t\t\t\t<section class=\"elementor-section elementor-inner-section elementor-element elementor-element-cfbf39f animated-slow elementor-section-boxed elementor-section-height-default elementor-section-height-default\" data-id=\"cfbf39f\" data-element_type=\"section\" data-settings=\"{&quot;animation&quot;:&quot;none&quot;,&quot;animation_delay&quot;:500,&quot;_ha_eqh_enable&quot;:false}\">\n\t\t\t\t\t\t<div class=\"elementor-container elementor-column-gap-default\">\n\t\t\t\t\t<div class=\"elementor-column elementor-col-50 elementor-inner-column elementor-element elementor-element-25717af\" data-id=\"25717af\" data-element_type=\"column\">\n\t\t\t<div class=\"elementor-widget-wrap elementor-element-populated\">\n\t\t\t\t\t\t\t\t<div class=\"elementor-element elementor-element-563883f elementor-align-left elementor-icon-list--layout-traditional elementor-list-item-link-full_width elementor-widget elementor-widget-icon-list\" data-id=\"563883f\" data-element_type=\"widget\" data-widget_type=\"icon-list.default\">\n\t\t\t\t<div class=\"elementor-widget-container\">\n\t\t\t\t\t<ul class=\"elementor-icon-list-items\">\n\t\t\t\t\t\t\t<li class=\"elementor-icon-list-item\">\n\t\t\t\t\t\t\t\t\t\t\t<span class=\"elementor-icon-list-icon\">\n\t\t\t\t\t\t\t<svg xmlns=\"http:\/\/www.w3.org\/2000\/svg\" xmlns:xlink=\"http:\/\/www.w3.org\/1999\/xlink\" xmlns:svgjs=\"http:\/\/svgjs.com\/svgjs\" width=\"512\" height=\"512\" x=\"0\" y=\"0\" viewBox=\"0 0 64 64\" style=\"enable-background:new 0 0 512 512\" xml:space=\"preserve\" class=\"\"><g><g xmlns=\"http:\/\/www.w3.org\/2000\/svg\"><path d=\"m32.016 58.003c-9.888.001-19.006-5.665-23.373-14.583-4.419-9.027-3.081-20.285 3.331-28.014 6.405-7.721 16.818-11.09 26.526-8.583 1.069.276 1.712 1.367 1.437 2.437-.276 1.07-1.368 1.712-2.437 1.437-8.212-2.121-17.026.729-22.447 7.264-5.424 6.539-6.556 16.064-2.817 23.702 3.725 7.608 11.942 12.564 20.376 12.334 8.433-.23 16.086-5.359 19.497-13.066 2.003-4.526 2.427-9.651 1.192-14.432-.276-1.069.367-2.16 1.437-2.437 1.067-.277 2.16.367 2.437 1.437 1.458 5.649.959 11.705-1.407 17.051-4.032 9.11-13.079 15.173-23.046 15.445-.236.005-.472.008-.706.008z\" fill=\"#8176ae\" data-original=\"#000000\" style=\"\" class=\"\"><\/path><\/g><g xmlns=\"http:\/\/www.w3.org\/2000\/svg\"><path d=\"m32 38.24c-.512 0-1.024-.195-1.414-.586-.781-.781-.781-2.047 0-2.828l24-24c.78-.781 2.048-.781 2.828 0 .781.781.781 2.047 0 2.828l-24 24c-.39.39-.902.586-1.414.586z\" fill=\"#8176ae\" data-original=\"#000000\" style=\"\" class=\"\"><\/path><\/g><g xmlns=\"http:\/\/www.w3.org\/2000\/svg\"><path d=\"m32 38.24c-.512 0-1.024-.195-1.414-.586l-8.485-8.485c-.781-.781-.781-2.047 0-2.828.78-.781 2.048-.781 2.828 0l8.485 8.485c.781.781.781 2.047 0 2.828-.39.39-.902.586-1.414.586z\" fill=\"#8176ae\" data-original=\"#000000\" style=\"\" class=\"\"><\/path><\/g><\/g><\/svg>\t\t\t\t\t\t<\/span>\n\t\t\t\t\t\t\t\t\t\t<span class=\"elementor-icon-list-text\">Taquilles de vestuaris<\/span>\n\t\t\t\t\t\t\t\t\t<\/li>\n\t\t\t\t\t\t\t\t<li class=\"elementor-icon-list-item\">\n\t\t\t\t\t\t\t\t\t\t\t<span class=\"elementor-icon-list-icon\">\n\t\t\t\t\t\t\t<svg xmlns=\"http:\/\/www.w3.org\/2000\/svg\" xmlns:xlink=\"http:\/\/www.w3.org\/1999\/xlink\" xmlns:svgjs=\"http:\/\/svgjs.com\/svgjs\" width=\"512\" height=\"512\" x=\"0\" y=\"0\" viewBox=\"0 0 64 64\" style=\"enable-background:new 0 0 512 512\" xml:space=\"preserve\" class=\"\"><g><g xmlns=\"http:\/\/www.w3.org\/2000\/svg\"><path d=\"m32.016 58.003c-9.888.001-19.006-5.665-23.373-14.583-4.419-9.027-3.081-20.285 3.331-28.014 6.405-7.721 16.818-11.09 26.526-8.583 1.069.276 1.712 1.367 1.437 2.437-.276 1.07-1.368 1.712-2.437 1.437-8.212-2.121-17.026.729-22.447 7.264-5.424 6.539-6.556 16.064-2.817 23.702 3.725 7.608 11.942 12.564 20.376 12.334 8.433-.23 16.086-5.359 19.497-13.066 2.003-4.526 2.427-9.651 1.192-14.432-.276-1.069.367-2.16 1.437-2.437 1.067-.277 2.16.367 2.437 1.437 1.458 5.649.959 11.705-1.407 17.051-4.032 9.11-13.079 15.173-23.046 15.445-.236.005-.472.008-.706.008z\" fill=\"#8176ae\" data-original=\"#000000\" style=\"\" class=\"\"><\/path><\/g><g xmlns=\"http:\/\/www.w3.org\/2000\/svg\"><path d=\"m32 38.24c-.512 0-1.024-.195-1.414-.586-.781-.781-.781-2.047 0-2.828l24-24c.78-.781 2.048-.781 2.828 0 .781.781.781 2.047 0 2.828l-24 24c-.39.39-.902.586-1.414.586z\" fill=\"#8176ae\" data-original=\"#000000\" style=\"\" class=\"\"><\/path><\/g><g xmlns=\"http:\/\/www.w3.org\/2000\/svg\"><path d=\"m32 38.24c-.512 0-1.024-.195-1.414-.586l-8.485-8.485c-.781-.781-.781-2.047 0-2.828.78-.781 2.048-.781 2.828 0l8.485 8.485c.781.781.781 2.047 0 2.828-.39.39-.902.586-1.414.586z\" fill=\"#8176ae\" data-original=\"#000000\" style=\"\" class=\"\"><\/path><\/g><\/g><\/svg>\t\t\t\t\t\t<\/span>\n\t\t\t\t\t\t\t\t\t\t<span class=\"elementor-icon-list-text\">Cabines sanit\u00e0ries per a lavabos, dutxes o canvi de roba<\/span>\n\t\t\t\t\t\t\t\t\t<\/li>\n\t\t\t\t\t\t\t\t<li class=\"elementor-icon-list-item\">\n\t\t\t\t\t\t\t\t\t\t\t<span class=\"elementor-icon-list-icon\">\n\t\t\t\t\t\t\t<svg xmlns=\"http:\/\/www.w3.org\/2000\/svg\" xmlns:xlink=\"http:\/\/www.w3.org\/1999\/xlink\" xmlns:svgjs=\"http:\/\/svgjs.com\/svgjs\" width=\"512\" height=\"512\" x=\"0\" y=\"0\" viewBox=\"0 0 64 64\" style=\"enable-background:new 0 0 512 512\" xml:space=\"preserve\" class=\"\"><g><g xmlns=\"http:\/\/www.w3.org\/2000\/svg\"><path d=\"m32.016 58.003c-9.888.001-19.006-5.665-23.373-14.583-4.419-9.027-3.081-20.285 3.331-28.014 6.405-7.721 16.818-11.09 26.526-8.583 1.069.276 1.712 1.367 1.437 2.437-.276 1.07-1.368 1.712-2.437 1.437-8.212-2.121-17.026.729-22.447 7.264-5.424 6.539-6.556 16.064-2.817 23.702 3.725 7.608 11.942 12.564 20.376 12.334 8.433-.23 16.086-5.359 19.497-13.066 2.003-4.526 2.427-9.651 1.192-14.432-.276-1.069.367-2.16 1.437-2.437 1.067-.277 2.16.367 2.437 1.437 1.458 5.649.959 11.705-1.407 17.051-4.032 9.11-13.079 15.173-23.046 15.445-.236.005-.472.008-.706.008z\" fill=\"#8176ae\" data-original=\"#000000\" style=\"\" class=\"\"><\/path><\/g><g xmlns=\"http:\/\/www.w3.org\/2000\/svg\"><path d=\"m32 38.24c-.512 0-1.024-.195-1.414-.586-.781-.781-.781-2.047 0-2.828l24-24c.78-.781 2.048-.781 2.828 0 .781.781.781 2.047 0 2.828l-24 24c-.39.39-.902.586-1.414.586z\" fill=\"#8176ae\" data-original=\"#000000\" style=\"\" class=\"\"><\/path><\/g><g xmlns=\"http:\/\/www.w3.org\/2000\/svg\"><path d=\"m32 38.24c-.512 0-1.024-.195-1.414-.586l-8.485-8.485c-.781-.781-.781-2.047 0-2.828.78-.781 2.048-.781 2.828 0l8.485 8.485c.781.781.781 2.047 0 2.828-.39.39-.902.586-1.414.586z\" fill=\"#8176ae\" data-original=\"#000000\" style=\"\" class=\"\"><\/path><\/g><\/g><\/svg>\t\t\t\t\t\t<\/span>\n\t\t\t\t\t\t\t\t\t\t<span class=\"elementor-icon-list-text\">Bancs i penjadors<\/span>\n\t\t\t\t\t\t\t\t\t<\/li>\n\t\t\t\t\t\t\t\t<li class=\"elementor-icon-list-item\">\n\t\t\t\t\t\t\t\t\t\t\t<span class=\"elementor-icon-list-icon\">\n\t\t\t\t\t\t\t<svg xmlns=\"http:\/\/www.w3.org\/2000\/svg\" xmlns:xlink=\"http:\/\/www.w3.org\/1999\/xlink\" xmlns:svgjs=\"http:\/\/svgjs.com\/svgjs\" width=\"512\" height=\"512\" x=\"0\" y=\"0\" viewBox=\"0 0 64 64\" style=\"enable-background:new 0 0 512 512\" xml:space=\"preserve\" class=\"\"><g><g xmlns=\"http:\/\/www.w3.org\/2000\/svg\"><path d=\"m32.016 58.003c-9.888.001-19.006-5.665-23.373-14.583-4.419-9.027-3.081-20.285 3.331-28.014 6.405-7.721 16.818-11.09 26.526-8.583 1.069.276 1.712 1.367 1.437 2.437-.276 1.07-1.368 1.712-2.437 1.437-8.212-2.121-17.026.729-22.447 7.264-5.424 6.539-6.556 16.064-2.817 23.702 3.725 7.608 11.942 12.564 20.376 12.334 8.433-.23 16.086-5.359 19.497-13.066 2.003-4.526 2.427-9.651 1.192-14.432-.276-1.069.367-2.16 1.437-2.437 1.067-.277 2.16.367 2.437 1.437 1.458 5.649.959 11.705-1.407 17.051-4.032 9.11-13.079 15.173-23.046 15.445-.236.005-.472.008-.706.008z\" fill=\"#8176ae\" data-original=\"#000000\" style=\"\" class=\"\"><\/path><\/g><g xmlns=\"http:\/\/www.w3.org\/2000\/svg\"><path d=\"m32 38.24c-.512 0-1.024-.195-1.414-.586-.781-.781-.781-2.047 0-2.828l24-24c.78-.781 2.048-.781 2.828 0 .781.781.781 2.047 0 2.828l-24 24c-.39.39-.902.586-1.414.586z\" fill=\"#8176ae\" data-original=\"#000000\" style=\"\" class=\"\"><\/path><\/g><g xmlns=\"http:\/\/www.w3.org\/2000\/svg\"><path d=\"m32 38.24c-.512 0-1.024-.195-1.414-.586l-8.485-8.485c-.781-.781-.781-2.047 0-2.828.78-.781 2.048-.781 2.828 0l8.485 8.485c.781.781.781 2.047 0 2.828-.39.39-.902.586-1.414.586z\" fill=\"#8176ae\" data-original=\"#000000\" style=\"\" class=\"\"><\/path><\/g><\/g><\/svg>\t\t\t\t\t\t<\/span>\n\t\t\t\t\t\t\t\t\t\t<span class=\"elementor-icon-list-text\">Revestiment sobre mur d\u00b4obra de qualsevol tipus o Pladur<\/span>\n\t\t\t\t\t\t\t\t\t<\/li>\n\t\t\t\t\t\t\t\t<li class=\"elementor-icon-list-item\">\n\t\t\t\t\t\t\t\t\t\t\t<span class=\"elementor-icon-list-icon\">\n\t\t\t\t\t\t\t<svg xmlns=\"http:\/\/www.w3.org\/2000\/svg\" xmlns:xlink=\"http:\/\/www.w3.org\/1999\/xlink\" xmlns:svgjs=\"http:\/\/svgjs.com\/svgjs\" width=\"512\" height=\"512\" x=\"0\" y=\"0\" viewBox=\"0 0 64 64\" style=\"enable-background:new 0 0 512 512\" xml:space=\"preserve\" class=\"\"><g><g xmlns=\"http:\/\/www.w3.org\/2000\/svg\"><path d=\"m32.016 58.003c-9.888.001-19.006-5.665-23.373-14.583-4.419-9.027-3.081-20.285 3.331-28.014 6.405-7.721 16.818-11.09 26.526-8.583 1.069.276 1.712 1.367 1.437 2.437-.276 1.07-1.368 1.712-2.437 1.437-8.212-2.121-17.026.729-22.447 7.264-5.424 6.539-6.556 16.064-2.817 23.702 3.725 7.608 11.942 12.564 20.376 12.334 8.433-.23 16.086-5.359 19.497-13.066 2.003-4.526 2.427-9.651 1.192-14.432-.276-1.069.367-2.16 1.437-2.437 1.067-.277 2.16.367 2.437 1.437 1.458 5.649.959 11.705-1.407 17.051-4.032 9.11-13.079 15.173-23.046 15.445-.236.005-.472.008-.706.008z\" fill=\"#8176ae\" data-original=\"#000000\" style=\"\" class=\"\"><\/path><\/g><g xmlns=\"http:\/\/www.w3.org\/2000\/svg\"><path d=\"m32 38.24c-.512 0-1.024-.195-1.414-.586-.781-.781-.781-2.047 0-2.828l24-24c.78-.781 2.048-.781 2.828 0 .781.781.781 2.047 0 2.828l-24 24c-.39.39-.902.586-1.414.586z\" fill=\"#8176ae\" data-original=\"#000000\" style=\"\" class=\"\"><\/path><\/g><g xmlns=\"http:\/\/www.w3.org\/2000\/svg\"><path d=\"m32 38.24c-.512 0-1.024-.195-1.414-.586l-8.485-8.485c-.781-.781-.781-2.047 0-2.828.78-.781 2.048-.781 2.828 0l8.485 8.485c.781.781.781 2.047 0 2.828-.39.39-.902.586-1.414.586z\" fill=\"#8176ae\" data-original=\"#000000\" style=\"\" class=\"\"><\/path><\/g><\/g><\/svg>\t\t\t\t\t\t<\/span>\n\t\t\t\t\t\t\t\t\t\t<span class=\"elementor-icon-list-text\">Revestiment exterior<\/span>\n\t\t\t\t\t\t\t\t\t<\/li>\n\t\t\t\t\t\t<\/ul>\n\t\t\t\t<\/div>\n\t\t\t\t<\/div>\n\t\t\t\t\t<\/div>\n\t\t<\/div>\n\t\t\t\t<div class=\"elementor-column elementor-col-50 elementor-inner-column elementor-element elementor-element-f59ef03\" data-id=\"f59ef03\" data-element_type=\"column\">\n\t\t\t<div class=\"elementor-widget-wrap elementor-element-populated\">\n\t\t\t\t\t\t\t\t<div class=\"elementor-element elementor-element-9101426 elementor-align-left elementor-icon-list--layout-traditional elementor-list-item-link-full_width elementor-widget elementor-widget-icon-list\" data-id=\"9101426\" data-element_type=\"widget\" data-widget_type=\"icon-list.default\">\n\t\t\t\t<div class=\"elementor-widget-container\">\n\t\t\t\t\t<ul class=\"elementor-icon-list-items\">\n\t\t\t\t\t\t\t<li class=\"elementor-icon-list-item\">\n\t\t\t\t\t\t\t\t\t\t\t<span class=\"elementor-icon-list-icon\">\n\t\t\t\t\t\t\t<svg xmlns=\"http:\/\/www.w3.org\/2000\/svg\" xmlns:xlink=\"http:\/\/www.w3.org\/1999\/xlink\" xmlns:svgjs=\"http:\/\/svgjs.com\/svgjs\" width=\"512\" height=\"512\" x=\"0\" y=\"0\" viewBox=\"0 0 64 64\" style=\"enable-background:new 0 0 512 512\" xml:space=\"preserve\" class=\"\"><g><g xmlns=\"http:\/\/www.w3.org\/2000\/svg\"><path d=\"m32.016 58.003c-9.888.001-19.006-5.665-23.373-14.583-4.419-9.027-3.081-20.285 3.331-28.014 6.405-7.721 16.818-11.09 26.526-8.583 1.069.276 1.712 1.367 1.437 2.437-.276 1.07-1.368 1.712-2.437 1.437-8.212-2.121-17.026.729-22.447 7.264-5.424 6.539-6.556 16.064-2.817 23.702 3.725 7.608 11.942 12.564 20.376 12.334 8.433-.23 16.086-5.359 19.497-13.066 2.003-4.526 2.427-9.651 1.192-14.432-.276-1.069.367-2.16 1.437-2.437 1.067-.277 2.16.367 2.437 1.437 1.458 5.649.959 11.705-1.407 17.051-4.032 9.11-13.079 15.173-23.046 15.445-.236.005-.472.008-.706.008z\" fill=\"#8176ae\" data-original=\"#000000\" style=\"\" class=\"\"><\/path><\/g><g xmlns=\"http:\/\/www.w3.org\/2000\/svg\"><path d=\"m32 38.24c-.512 0-1.024-.195-1.414-.586-.781-.781-.781-2.047 0-2.828l24-24c.78-.781 2.048-.781 2.828 0 .781.781.781 2.047 0 2.828l-24 24c-.39.39-.902.586-1.414.586z\" fill=\"#8176ae\" data-original=\"#000000\" style=\"\" class=\"\"><\/path><\/g><g xmlns=\"http:\/\/www.w3.org\/2000\/svg\"><path d=\"m32 38.24c-.512 0-1.024-.195-1.414-.586l-8.485-8.485c-.781-.781-.781-2.047 0-2.828.78-.781 2.048-.781 2.828 0l8.485 8.485c.781.781.781 2.047 0 2.828-.39.39-.902.586-1.414.586z\" fill=\"#8176ae\" data-original=\"#000000\" style=\"\" class=\"\"><\/path><\/g><\/g><\/svg>\t\t\t\t\t\t<\/span>\n\t\t\t\t\t\t\t\t\t\t<span class=\"elementor-icon-list-text\">Sandvitx autoportant per a sales blanques resistent al foc<\/span>\n\t\t\t\t\t\t\t\t\t<\/li>\n\t\t\t\t\t\t\t\t<li class=\"elementor-icon-list-item\">\n\t\t\t\t\t\t\t\t\t\t\t<span class=\"elementor-icon-list-icon\">\n\t\t\t\t\t\t\t<svg xmlns=\"http:\/\/www.w3.org\/2000\/svg\" xmlns:xlink=\"http:\/\/www.w3.org\/1999\/xlink\" xmlns:svgjs=\"http:\/\/svgjs.com\/svgjs\" width=\"512\" height=\"512\" x=\"0\" y=\"0\" viewBox=\"0 0 64 64\" style=\"enable-background:new 0 0 512 512\" xml:space=\"preserve\" class=\"\"><g><g xmlns=\"http:\/\/www.w3.org\/2000\/svg\"><path d=\"m32.016 58.003c-9.888.001-19.006-5.665-23.373-14.583-4.419-9.027-3.081-20.285 3.331-28.014 6.405-7.721 16.818-11.09 26.526-8.583 1.069.276 1.712 1.367 1.437 2.437-.276 1.07-1.368 1.712-2.437 1.437-8.212-2.121-17.026.729-22.447 7.264-5.424 6.539-6.556 16.064-2.817 23.702 3.725 7.608 11.942 12.564 20.376 12.334 8.433-.23 16.086-5.359 19.497-13.066 2.003-4.526 2.427-9.651 1.192-14.432-.276-1.069.367-2.16 1.437-2.437 1.067-.277 2.16.367 2.437 1.437 1.458 5.649.959 11.705-1.407 17.051-4.032 9.11-13.079 15.173-23.046 15.445-.236.005-.472.008-.706.008z\" fill=\"#8176ae\" data-original=\"#000000\" style=\"\" class=\"\"><\/path><\/g><g xmlns=\"http:\/\/www.w3.org\/2000\/svg\"><path d=\"m32 38.24c-.512 0-1.024-.195-1.414-.586-.781-.781-.781-2.047 0-2.828l24-24c.78-.781 2.048-.781 2.828 0 .781.781.781 2.047 0 2.828l-24 24c-.39.39-.902.586-1.414.586z\" fill=\"#8176ae\" data-original=\"#000000\" style=\"\" class=\"\"><\/path><\/g><g xmlns=\"http:\/\/www.w3.org\/2000\/svg\"><path d=\"m32 38.24c-.512 0-1.024-.195-1.414-.586l-8.485-8.485c-.781-.781-.781-2.047 0-2.828.78-.781 2.048-.781 2.828 0l8.485 8.485c.781.781.781 2.047 0 2.828-.39.39-.902.586-1.414.586z\" fill=\"#8176ae\" data-original=\"#000000\" style=\"\" class=\"\"><\/path><\/g><\/g><\/svg>\t\t\t\t\t\t<\/span>\n\t\t\t\t\t\t\t\t\t\t<span class=\"elementor-icon-list-text\">Portes de pas amb marc extensible d'alumini, acer inoxidable o de resines fen\u00f2liques<\/span>\n\t\t\t\t\t\t\t\t\t<\/li>\n\t\t\t\t\t\t\t\t<li class=\"elementor-icon-list-item\">\n\t\t\t\t\t\t\t\t\t\t\t<span class=\"elementor-icon-list-icon\">\n\t\t\t\t\t\t\t<svg xmlns=\"http:\/\/www.w3.org\/2000\/svg\" xmlns:xlink=\"http:\/\/www.w3.org\/1999\/xlink\" xmlns:svgjs=\"http:\/\/svgjs.com\/svgjs\" width=\"512\" height=\"512\" x=\"0\" y=\"0\" viewBox=\"0 0 64 64\" style=\"enable-background:new 0 0 512 512\" xml:space=\"preserve\" class=\"\"><g><g xmlns=\"http:\/\/www.w3.org\/2000\/svg\"><path d=\"m32.016 58.003c-9.888.001-19.006-5.665-23.373-14.583-4.419-9.027-3.081-20.285 3.331-28.014 6.405-7.721 16.818-11.09 26.526-8.583 1.069.276 1.712 1.367 1.437 2.437-.276 1.07-1.368 1.712-2.437 1.437-8.212-2.121-17.026.729-22.447 7.264-5.424 6.539-6.556 16.064-2.817 23.702 3.725 7.608 11.942 12.564 20.376 12.334 8.433-.23 16.086-5.359 19.497-13.066 2.003-4.526 2.427-9.651 1.192-14.432-.276-1.069.367-2.16 1.437-2.437 1.067-.277 2.16.367 2.437 1.437 1.458 5.649.959 11.705-1.407 17.051-4.032 9.11-13.079 15.173-23.046 15.445-.236.005-.472.008-.706.008z\" fill=\"#8176ae\" data-original=\"#000000\" style=\"\" class=\"\"><\/path><\/g><g xmlns=\"http:\/\/www.w3.org\/2000\/svg\"><path d=\"m32 38.24c-.512 0-1.024-.195-1.414-.586-.781-.781-.781-2.047 0-2.828l24-24c.78-.781 2.048-.781 2.828 0 .781.781.781 2.047 0 2.828l-24 24c-.39.39-.902.586-1.414.586z\" fill=\"#8176ae\" data-original=\"#000000\" style=\"\" class=\"\"><\/path><\/g><g xmlns=\"http:\/\/www.w3.org\/2000\/svg\"><path d=\"m32 38.24c-.512 0-1.024-.195-1.414-.586l-8.485-8.485c-.781-.781-.781-2.047 0-2.828.78-.781 2.048-.781 2.828 0l8.485 8.485c.781.781.781 2.047 0 2.828-.39.39-.902.586-1.414.586z\" fill=\"#8176ae\" data-original=\"#000000\" style=\"\" class=\"\"><\/path><\/g><\/g><\/svg>\t\t\t\t\t\t<\/span>\n\t\t\t\t\t\t\t\t\t\t<span class=\"elementor-icon-list-text\">Sobres per a laboratoris<\/span>\n\t\t\t\t\t\t\t\t\t<\/li>\n\t\t\t\t\t\t\t\t<li class=\"elementor-icon-list-item\">\n\t\t\t\t\t\t\t\t\t\t\t<span class=\"elementor-icon-list-icon\">\n\t\t\t\t\t\t\t<svg xmlns=\"http:\/\/www.w3.org\/2000\/svg\" xmlns:xlink=\"http:\/\/www.w3.org\/1999\/xlink\" xmlns:svgjs=\"http:\/\/svgjs.com\/svgjs\" width=\"512\" height=\"512\" x=\"0\" y=\"0\" viewBox=\"0 0 64 64\" style=\"enable-background:new 0 0 512 512\" xml:space=\"preserve\" class=\"\"><g><g xmlns=\"http:\/\/www.w3.org\/2000\/svg\"><path d=\"m32.016 58.003c-9.888.001-19.006-5.665-23.373-14.583-4.419-9.027-3.081-20.285 3.331-28.014 6.405-7.721 16.818-11.09 26.526-8.583 1.069.276 1.712 1.367 1.437 2.437-.276 1.07-1.368 1.712-2.437 1.437-8.212-2.121-17.026.729-22.447 7.264-5.424 6.539-6.556 16.064-2.817 23.702 3.725 7.608 11.942 12.564 20.376 12.334 8.433-.23 16.086-5.359 19.497-13.066 2.003-4.526 2.427-9.651 1.192-14.432-.276-1.069.367-2.16 1.437-2.437 1.067-.277 2.16.367 2.437 1.437 1.458 5.649.959 11.705-1.407 17.051-4.032 9.11-13.079 15.173-23.046 15.445-.236.005-.472.008-.706.008z\" fill=\"#8176ae\" data-original=\"#000000\" style=\"\" class=\"\"><\/path><\/g><g xmlns=\"http:\/\/www.w3.org\/2000\/svg\"><path d=\"m32 38.24c-.512 0-1.024-.195-1.414-.586-.781-.781-.781-2.047 0-2.828l24-24c.78-.781 2.048-.781 2.828 0 .781.781.781 2.047 0 2.828l-24 24c-.39.39-.902.586-1.414.586z\" fill=\"#8176ae\" data-original=\"#000000\" style=\"\" class=\"\"><\/path><\/g><g xmlns=\"http:\/\/www.w3.org\/2000\/svg\"><path d=\"m32 38.24c-.512 0-1.024-.195-1.414-.586l-8.485-8.485c-.781-.781-.781-2.047 0-2.828.78-.781 2.048-.781 2.828 0l8.485 8.485c.781.781.781 2.047 0 2.828-.39.39-.902.586-1.414.586z\" fill=\"#8176ae\" data-original=\"#000000\" style=\"\" class=\"\"><\/path><\/g><\/g><\/svg>\t\t\t\t\t\t<\/span>\n\t\t\t\t\t\t\t\t\t\t<span class=\"elementor-icon-list-text\">Taulell per a lavabos o qualsevol aplicaci\u00f3 que requereixi un material de gran resist\u00e8ncia als impactes ia la humitat<\/span>\n\t\t\t\t\t\t\t\t\t<\/li>\n\t\t\t\t\t\t<\/ul>\n\t\t\t\t<\/div>\n\t\t\t\t<\/div>\n\t\t\t\t\t<\/div>\n\t\t<\/div>\n\t\t\t\t\t\t\t<\/div>\n\t\t<\/section>\n\t\t\t\t<div class=\"elementor-element elementor-element-4a1b904 elementor-widget elementor-widget-spacer\" data-id=\"4a1b904\" data-element_type=\"widget\" data-widget_type=\"spacer.default\">\n\t\t\t\t<div class=\"elementor-widget-container\">\n\t\t\t\t\t<div class=\"elementor-spacer\">\n\t\t\t<div class=\"elementor-spacer-inner\"><\/div>\n\t\t<\/div>\n\t\t\t\t<\/div>\n\t\t\t\t<\/div>\n\t\t\t\t<div class=\"elementor-element elementor-element-89e6595 elementor-align-center elementor-widget elementor-widget-button\" data-id=\"89e6595\" data-element_type=\"widget\" data-settings=\"{&quot;_animation&quot;:&quot;none&quot;,&quot;_animation_delay&quot;:1500}\" data-widget_type=\"button.default\">\n\t\t\t\t<div class=\"elementor-widget-container\">\n\t\t\t\t\t<div class=\"elementor-button-wrapper\">\n\t\t\t<a href=\"https:\/\/www.mobelmol.com\/ca\/dades-tecniques\/\" class=\"elementor-button-link elementor-button elementor-size-lg\" role=\"button\">\n\t\t\t\t\t\t<span class=\"elementor-button-content-wrapper\">\n\t\t\t\t\t\t<span class=\"elementor-button-text\">Dades t\u00e8cniques<\/span>\n\t\t<\/span>\n\t\t\t\t\t<\/a>\n\t\t<\/div>\n\t\t\t\t<\/div>\n\t\t\t\t<\/div>\n\t\t\t\t\t<\/div>\n\t\t<\/div>\n\t\t\t\t\t\t\t<\/div>\n\t\t<\/section>\n\t\t\t\t<section class=\"elementor-section elementor-top-section elementor-element elementor-element-79e33ce elementor-section-boxed elementor-section-height-default elementor-section-height-default\" data-id=\"79e33ce\" data-element_type=\"section\" data-settings=\"{&quot;background_background&quot;:&quot;classic&quot;,&quot;_ha_eqh_enable&quot;:false}\">\n\t\t\t\t\t\t<div class=\"elementor-container elementor-column-gap-default\">\n\t\t\t\t\t<div class=\"elementor-column elementor-col-100 elementor-top-column elementor-element elementor-element-7ca3dca\" data-id=\"7ca3dca\" data-element_type=\"column\">\n\t\t\t<div class=\"elementor-widget-wrap elementor-element-populated\">\n\t\t\t\t\t\t\t\t<div class=\"elementor-element elementor-element-ff7b3bf elementor-widget elementor-widget-heading\" data-id=\"ff7b3bf\" data-element_type=\"widget\" data-widget_type=\"heading.default\">\n\t\t\t\t<div class=\"elementor-widget-container\">\n\t\t\t<h2 class=\"elementor-heading-title elementor-size-default\">\u00daltims articles<\/h2>\t\t<\/div>\n\t\t\t\t<\/div>\n\t\t\t\t<div class=\"elementor-element elementor-element-671f41c elementor-widget elementor-widget-image\" data-id=\"671f41c\" data-element_type=\"widget\" data-widget_type=\"image.default\">\n\t\t\t\t<div class=\"elementor-widget-container\">\n\t\t\t\t\t\t\t\t\t\t\t\t\t\t\t<img decoding=\"async\" class=\"lazyload\" src=\"data:image\/gif;base64,R0lGODlhAQABAIAAAAAAAP\/\/\/yH5BAEAAAAALAAAAAABAAEAAAIBRAA7\" data-src=\"https:\/\/www.mobelmol.com\/wp-content\/uploads\/2021\/05\/senefa-mobelmol-white.svg\" title=\"senefa-mobelmol-white\" alt=\"equipamiento mobiliario\" \/><noscript><img decoding=\"async\" class=\"lazyload\" src=\"https:\/\/www.mobelmol.com\/wp-content\/uploads\/2021\/05\/senefa-mobelmol-white.svg\" title=\"senefa-mobelmol-white\" alt=\"equipamiento mobiliario\" \/><\/noscript>\t\t\t\t\t\t\t\t\t\t\t\t\t\t\t<\/div>\n\t\t\t\t<\/div>\n\t\t\t\t<div class=\"elementor-element elementor-element-4817733 elementor-widget elementor-widget-rsblog-slider\" data-id=\"4817733\" data-element_type=\"widget\" data-widget_type=\"rsblog-slider.default\">\n\t\t\t\t<div class=\"elementor-widget-container\">\n\t\t\t            <div class=\"rsaddon-unique-slider rs-blog-grid blog-grid\">\r\n                <div id=\"rsaddon-slick-slider-28133\" class=\"rs-addon-slider\" >\r\n                                            \r\n                        \r\n                            <div class=\"blog-item transparent\">\r\n                                <div class=\"blog-inner-wrap \">\r\n\r\n                                    <div class=\"image-wrap\">\r\n                                        <a class=\"pointer-events\" href=\"https:\/\/www.mobelmol.com\/ca\/2025\/11\/12\/mobiliari-taulells-mida-camping-compacte-fenolic\/\">\r\n                                            <img decoding=\"async\" width=\"600\" height=\"600\" src=\"data:image\/gif;base64,R0lGODlhAQABAIAAAAAAAP\/\/\/yH5BAEAAAAALAAAAAABAAEAAAIBRAA7\" data-src=\"https:\/\/www.mobelmol.com\/wp-content\/uploads\/2025\/11\/Encimeras-a-medida-en-campings-600x600.jpg\" class=\"attachment-shop_thumbnail size-shop_thumbnail wp-post-image lazyload\" alt=\"Encimeras a medida en campings\" data-srcset=\"https:\/\/www.mobelmol.com\/wp-content\/uploads\/2025\/11\/Encimeras-a-medida-en-campings-600x600.jpg 600w, https:\/\/www.mobelmol.com\/wp-content\/uploads\/2025\/11\/Encimeras-a-medida-en-campings-150x150.jpg 150w, https:\/\/www.mobelmol.com\/wp-content\/uploads\/2025\/11\/Encimeras-a-medida-en-campings-500x500.jpg 500w, https:\/\/www.mobelmol.com\/wp-content\/uploads\/2025\/11\/Encimeras-a-medida-en-campings-300x300.jpg 300w\" sizes=\"(max-width: 600px) 100vw, 600px\" \/><noscript><img decoding=\"async\" width=\"600\" height=\"600\" src=\"https:\/\/www.mobelmol.com\/wp-content\/uploads\/2025\/11\/Encimeras-a-medida-en-campings-600x600.jpg\" class=\"attachment-shop_thumbnail size-shop_thumbnail wp-post-image lazyload\" alt=\"Encimeras a medida en campings\" srcset=\"https:\/\/www.mobelmol.com\/wp-content\/uploads\/2025\/11\/Encimeras-a-medida-en-campings-600x600.jpg 600w, https:\/\/www.mobelmol.com\/wp-content\/uploads\/2025\/11\/Encimeras-a-medida-en-campings-150x150.jpg 150w, https:\/\/www.mobelmol.com\/wp-content\/uploads\/2025\/11\/Encimeras-a-medida-en-campings-500x500.jpg 500w, https:\/\/www.mobelmol.com\/wp-content\/uploads\/2025\/11\/Encimeras-a-medida-en-campings-300x300.jpg 300w\" sizes=\"(max-width: 600px) 100vw, 600px\" \/><\/noscript>                                        <\/a> \r\n                                    <\/div>\r\n\r\n\r\n\r\n                                                                            <div class=\"blog-content\">\r\n\r\n                                          \r\n\r\n                                        \r\n                                        <h3 class=\"blog-name\"><a class=\"pointer-events\" href=\"https:\/\/www.mobelmol.com\/ca\/2025\/11\/12\/mobiliari-taulells-mida-camping-compacte-fenolic\/\">Taulells a mida en c\u00e0mpings: avantatges del compacte fen\u00f2lic personalitzat<\/a><\/h3>\r\n\r\n                                                                                \r\n                                        <div class=\"blog-footer d-flex align-items-center justify-content-between\">\r\n                                             \r\n                                                                                                                                                                                                                                                                                                                                                                                                                                                                                                                                                                                                                                                                                                                                                                                                                                                                                                                                                                                                                                                                                                                                                                                                                                                                                                                                                                                                                                                                                                                                                                                                                                                                                                                                                                                                                                                                                                                                                      \r\n                                                                                            <div class=\"blog-meta\">\r\n                                                    <span class=\"date\"><i class=\"fa fa-clock-o\" aria-hidden=\"true\"><\/i>\r\n                                                    12 nov. 2025<\/span>\r\n                                                <\/div>\r\n                                                                                            \r\n                                        <\/div> \r\n                                    <\/div>   \r\n                                    \r\n                                <\/div>\r\n                            <\/div>\r\n                                                \r\n                        \r\n                            <div class=\"blog-item transparent\">\r\n                                <div class=\"blog-inner-wrap \">\r\n\r\n                                    <div class=\"image-wrap\">\r\n                                        <a class=\"pointer-events\" href=\"https:\/\/www.mobelmol.com\/ca\/2025\/11\/03\/bancos-vestuario-diseno-funcional-medida-gimnasios-vestuarios\/\">\r\n                                            <img decoding=\"async\" width=\"600\" height=\"600\" src=\"data:image\/gif;base64,R0lGODlhAQABAIAAAAAAAP\/\/\/yH5BAEAAAAALAAAAAABAAEAAAIBRAA7\" data-src=\"https:\/\/www.mobelmol.com\/wp-content\/uploads\/2025\/10\/Bancos-de-vestuario-para-gimnasios-600x600.jpg\" class=\"attachment-shop_thumbnail size-shop_thumbnail wp-post-image lazyload\" alt=\"Bancos de vestuario para gimnasios\" data-srcset=\"https:\/\/www.mobelmol.com\/wp-content\/uploads\/2025\/10\/Bancos-de-vestuario-para-gimnasios-600x600.jpg 600w, https:\/\/www.mobelmol.com\/wp-content\/uploads\/2025\/10\/Bancos-de-vestuario-para-gimnasios-150x150.jpg 150w, https:\/\/www.mobelmol.com\/wp-content\/uploads\/2025\/10\/Bancos-de-vestuario-para-gimnasios-500x500.jpg 500w, https:\/\/www.mobelmol.com\/wp-content\/uploads\/2025\/10\/Bancos-de-vestuario-para-gimnasios-300x300.jpg 300w\" sizes=\"(max-width: 600px) 100vw, 600px\" \/><noscript><img decoding=\"async\" width=\"600\" height=\"600\" src=\"https:\/\/www.mobelmol.com\/wp-content\/uploads\/2025\/10\/Bancos-de-vestuario-para-gimnasios-600x600.jpg\" class=\"attachment-shop_thumbnail size-shop_thumbnail wp-post-image lazyload\" alt=\"Bancos de vestuario para gimnasios\" srcset=\"https:\/\/www.mobelmol.com\/wp-content\/uploads\/2025\/10\/Bancos-de-vestuario-para-gimnasios-600x600.jpg 600w, https:\/\/www.mobelmol.com\/wp-content\/uploads\/2025\/10\/Bancos-de-vestuario-para-gimnasios-150x150.jpg 150w, https:\/\/www.mobelmol.com\/wp-content\/uploads\/2025\/10\/Bancos-de-vestuario-para-gimnasios-500x500.jpg 500w, https:\/\/www.mobelmol.com\/wp-content\/uploads\/2025\/10\/Bancos-de-vestuario-para-gimnasios-300x300.jpg 300w\" sizes=\"(max-width: 600px) 100vw, 600px\" \/><\/noscript>                                        <\/a> \r\n                                    <\/div>\r\n\r\n\r\n\r\n                                                                            <div class=\"blog-content\">\r\n\r\n                                          \r\n\r\n                                        \r\n                                        <h3 class=\"blog-name\"><a class=\"pointer-events\" href=\"https:\/\/www.mobelmol.com\/ca\/2025\/11\/03\/bancos-vestuario-diseno-funcional-medida-gimnasios-vestuarios\/\">Bancs de vestuari: disseny funcional i a mida per a gimnasos i vestuaris<\/a><\/h3>\r\n\r\n                                                                                \r\n                                        <div class=\"blog-footer d-flex align-items-center justify-content-between\">\r\n                                             \r\n                                                                                                                                                                                                                                                                                                                                                                                                                                                                                                                                                                                                                                                                                                                                                                                                                                                                                                                                                                                                                                                                                                                                                                                                                                                                                                                                                                                                                                                                                                                                                                                                                                                                                                                                                                                                                                                                                                                                                      \r\n                                                                                            <div class=\"blog-meta\">\r\n                                                    <span class=\"date\"><i class=\"fa fa-clock-o\" aria-hidden=\"true\"><\/i>\r\n                                                    03 nov. 2025<\/span>\r\n                                                <\/div>\r\n                                                                                            \r\n                                        <\/div> \r\n                                    <\/div>   \r\n                                    \r\n                                <\/div>\r\n                            <\/div>\r\n                                                \r\n                        \r\n                            <div class=\"blog-item transparent\">\r\n                                <div class=\"blog-inner-wrap \">\r\n\r\n                                    <div class=\"image-wrap\">\r\n                                        <a class=\"pointer-events\" href=\"https:\/\/www.mobelmol.com\/ca\/2025\/10\/15\/revestiment-fenolic-portes-compact-urgencies-hospital-moises-broggi\/\">\r\n                                            <img decoding=\"async\" width=\"600\" height=\"360\" src=\"data:image\/gif;base64,R0lGODlhAQABAIAAAAAAAP\/\/\/yH5BAEAAAAALAAAAAABAAEAAAIBRAA7\" data-src=\"https:\/\/www.mobelmol.com\/wp-content\/uploads\/2025\/10\/Revestimiento-fenolico-600x360.jpg\" class=\"attachment-shop_thumbnail size-shop_thumbnail wp-post-image lazyload\" alt=\"Revestimiento fen\u00f3lico\" \/><noscript><img decoding=\"async\" width=\"600\" height=\"360\" src=\"https:\/\/www.mobelmol.com\/wp-content\/uploads\/2025\/10\/Revestimiento-fenolico-600x360.jpg\" class=\"attachment-shop_thumbnail size-shop_thumbnail wp-post-image lazyload\" alt=\"Revestimiento fen\u00f3lico\" \/><\/noscript>                                        <\/a> \r\n                                    <\/div>\r\n\r\n\r\n\r\n                                                                            <div class=\"blog-content\">\r\n\r\n                                          \r\n\r\n                                        \r\n                                        <h3 class=\"blog-name\"><a class=\"pointer-events\" href=\"https:\/\/www.mobelmol.com\/ca\/2025\/10\/15\/revestiment-fenolic-portes-compact-urgencies-hospital-moises-broggi\/\">Revestiment fen\u00f2lic i portes compact a l&#8217;\u00e0rea d&#8217;urg\u00e8ncies de l&#8217;Hospital Mois\u00e8s Broggi<\/a><\/h3>\r\n\r\n                                                                                \r\n                                        <div class=\"blog-footer d-flex align-items-center justify-content-between\">\r\n                                             \r\n                                                                                                                                                                                                                                                                                                                                                                                                                                                                                                                                                                                                                                                                                                                                                                                                                                                                                                                                                                                                                                                                                                                                                                                                                                                                                                                                                                                                                                                                                                                                                                                                                                                                                                                                                                                                                                                                                                                                                      \r\n                                                                                            <div class=\"blog-meta\">\r\n                                                    <span class=\"date\"><i class=\"fa fa-clock-o\" aria-hidden=\"true\"><\/i>\r\n                                                    15 oct. 2025<\/span>\r\n                                                <\/div>\r\n                                                                                            \r\n                                        <\/div> \r\n                                    <\/div>   \r\n                                    \r\n                                <\/div>\r\n                            <\/div>\r\n                                                \r\n                        \r\n                            <div class=\"blog-item transparent\">\r\n                                <div class=\"blog-inner-wrap \">\r\n\r\n                                    <div class=\"image-wrap\">\r\n                                        <a class=\"pointer-events\" href=\"https:\/\/www.mobelmol.com\/ca\/2025\/10\/06\/mobelmol-equipa-mobiliari-fenolic-collegi-pineda\/\">\r\n                                            <img decoding=\"async\" width=\"480\" height=\"600\" src=\"data:image\/gif;base64,R0lGODlhAQABAIAAAAAAAP\/\/\/yH5BAEAAAAALAAAAAABAAEAAAIBRAA7\" data-src=\"https:\/\/www.mobelmol.com\/wp-content\/uploads\/2025\/10\/mobiliario-colegio-480x600.jpg\" class=\"attachment-shop_thumbnail size-shop_thumbnail wp-post-image lazyload\" alt=\"mobiliario colegio\" \/><noscript><img decoding=\"async\" width=\"480\" height=\"600\" src=\"https:\/\/www.mobelmol.com\/wp-content\/uploads\/2025\/10\/mobiliario-colegio-480x600.jpg\" class=\"attachment-shop_thumbnail size-shop_thumbnail wp-post-image lazyload\" alt=\"mobiliario colegio\" \/><\/noscript>                                        <\/a> \r\n                                    <\/div>\r\n\r\n\r\n\r\n                                                                            <div class=\"blog-content\">\r\n\r\n                                          \r\n\r\n                                        \r\n                                        <h3 class=\"blog-name\"><a class=\"pointer-events\" href=\"https:\/\/www.mobelmol.com\/ca\/2025\/10\/06\/mobelmol-equipa-mobiliari-fenolic-collegi-pineda\/\">Mobelmol equipa amb mobiliari fen\u00f2lic el Col\u00b7legi Pineda a l&#8217;Hospitalet<\/a><\/h3>\r\n\r\n                                                                                \r\n                                        <div class=\"blog-footer d-flex align-items-center justify-content-between\">\r\n                                             \r\n                                                                                                                                                                                                                                                                                                                                                                                                                                                                                                                                                                                                                                                                                                                                                                                                                                                                                                                                                                                                                                                                                                                                                                                                                                                                                                                                                                                                                                                                                                                                                                                                                                                                                                                                                                                                                                                                                                                                                      \r\n                                                                                            <div class=\"blog-meta\">\r\n                                                    <span class=\"date\"><i class=\"fa fa-clock-o\" aria-hidden=\"true\"><\/i>\r\n                                                    06 oct. 2025<\/span>\r\n                                                <\/div>\r\n                                                                                            \r\n                                        <\/div> \r\n                                    <\/div>   \r\n                                    \r\n                                <\/div>\r\n                            <\/div>\r\n                                                \r\n                        \r\n                            <div class=\"blog-item transparent\">\r\n                                <div class=\"blog-inner-wrap \">\r\n\r\n                                    <div class=\"image-wrap\">\r\n                                        <a class=\"pointer-events\" href=\"https:\/\/www.mobelmol.com\/ca\/2025\/09\/25\/cabines-fenoliques-espais-alt-transit\/\">\r\n                                            <img decoding=\"async\" width=\"600\" height=\"600\" src=\"data:image\/gif;base64,R0lGODlhAQABAIAAAAAAAP\/\/\/yH5BAEAAAAALAAAAAABAAEAAAIBRAA7\" data-src=\"https:\/\/www.mobelmol.com\/wp-content\/uploads\/2021\/09\/Cabina-sanitaria-I25-B-600x600.jpg\" class=\"attachment-shop_thumbnail size-shop_thumbnail wp-post-image lazyload\" alt=\"Cabinas sanitarias fen\u00f3licas\" data-srcset=\"https:\/\/www.mobelmol.com\/wp-content\/uploads\/2021\/09\/Cabina-sanitaria-I25-B-600x600.jpg 600w, https:\/\/www.mobelmol.com\/wp-content\/uploads\/2021\/09\/Cabina-sanitaria-I25-B-150x150.jpg 150w, https:\/\/www.mobelmol.com\/wp-content\/uploads\/2021\/09\/Cabina-sanitaria-I25-B-500x500.jpg 500w, https:\/\/www.mobelmol.com\/wp-content\/uploads\/2021\/09\/Cabina-sanitaria-I25-B-300x300.jpg 300w\" sizes=\"(max-width: 600px) 100vw, 600px\" \/><noscript><img decoding=\"async\" width=\"600\" height=\"600\" src=\"https:\/\/www.mobelmol.com\/wp-content\/uploads\/2021\/09\/Cabina-sanitaria-I25-B-600x600.jpg\" class=\"attachment-shop_thumbnail size-shop_thumbnail wp-post-image lazyload\" alt=\"Cabinas sanitarias fen\u00f3licas\" srcset=\"https:\/\/www.mobelmol.com\/wp-content\/uploads\/2021\/09\/Cabina-sanitaria-I25-B-600x600.jpg 600w, https:\/\/www.mobelmol.com\/wp-content\/uploads\/2021\/09\/Cabina-sanitaria-I25-B-150x150.jpg 150w, https:\/\/www.mobelmol.com\/wp-content\/uploads\/2021\/09\/Cabina-sanitaria-I25-B-500x500.jpg 500w, https:\/\/www.mobelmol.com\/wp-content\/uploads\/2021\/09\/Cabina-sanitaria-I25-B-300x300.jpg 300w\" sizes=\"(max-width: 600px) 100vw, 600px\" \/><\/noscript>                                        <\/a> \r\n                                    <\/div>\r\n\r\n\r\n\r\n                                                                            <div class=\"blog-content\">\r\n\r\n                                          \r\n\r\n                                        \r\n                                        <h3 class=\"blog-name\"><a class=\"pointer-events\" href=\"https:\/\/www.mobelmol.com\/ca\/2025\/09\/25\/cabines-fenoliques-espais-alt-transit\/\">Cabines fen\u00f2liques: solucions intel\u00b7ligents per a espais d&#8217;alt tr\u00e0nsit<\/a><\/h3>\r\n\r\n                                                                                \r\n                                        <div class=\"blog-footer d-flex align-items-center justify-content-between\">\r\n                                             \r\n                                                                                                                                                                                                                                                                                                                                                                                                                                                                                                                                                                                                                                                                                                                                                                                                                                                                                                                                                                                                                                                                                                                                                                                                                                                                                                                                                                                                                                                                                                                                                                                                                                                                                                                                                                                                                                                                                                                                                      \r\n                                                                                            <div class=\"blog-meta\">\r\n                                                    <span class=\"date\"><i class=\"fa fa-clock-o\" aria-hidden=\"true\"><\/i>\r\n                                                    25 set. 2025<\/span>\r\n                                                <\/div>\r\n                                                                                            \r\n                                        <\/div> \r\n                                    <\/div>   \r\n                                    \r\n                                <\/div>\r\n                            <\/div>\r\n                                                \r\n                        \r\n                            <div class=\"blog-item transparent\">\r\n                                <div class=\"blog-inner-wrap \">\r\n\r\n                                    <div class=\"image-wrap\">\r\n                                        <a class=\"pointer-events\" href=\"https:\/\/www.mobelmol.com\/ca\/2025\/08\/27\/revestiment-interiors-espais-corporatius\/\">\r\n                                            <img decoding=\"async\" width=\"600\" height=\"480\" src=\"data:image\/gif;base64,R0lGODlhAQABAIAAAAAAAP\/\/\/yH5BAEAAAAALAAAAAABAAEAAAIBRAA7\" data-src=\"https:\/\/www.mobelmol.com\/wp-content\/uploads\/2024\/07\/OFICINA_2-600x480.jpg\" class=\"attachment-shop_thumbnail size-shop_thumbnail wp-post-image lazyload\" alt=\"revestimiento para oficinas\" \/><noscript><img decoding=\"async\" width=\"600\" height=\"480\" src=\"https:\/\/www.mobelmol.com\/wp-content\/uploads\/2024\/07\/OFICINA_2-600x480.jpg\" class=\"attachment-shop_thumbnail size-shop_thumbnail wp-post-image lazyload\" alt=\"revestimiento para oficinas\" \/><\/noscript>                                        <\/a> \r\n                                    <\/div>\r\n\r\n\r\n\r\n                                                                            <div class=\"blog-content\">\r\n\r\n                                          \r\n\r\n                                        \r\n                                        <h3 class=\"blog-name\"><a class=\"pointer-events\" href=\"https:\/\/www.mobelmol.com\/ca\/2025\/08\/27\/revestiment-interiors-espais-corporatius\/\">Revestiment d\u2019interiors: com millorar l\u2019est\u00e8tica i durabilitat dels espais professionals<\/a><\/h3>\r\n\r\n                                                                                \r\n                                        <div class=\"blog-footer d-flex align-items-center justify-content-between\">\r\n                                             \r\n                                                                                                                                                                                                                                                                                                                                                                                                                                                                                                                                                                                                                                                                                                                                                                                                                                                                                                                                                                                                                                                                                                                                                                                                                                                                                                                                                                                                                                                                                                                                                                                                                                                                                                                                                                                                                                                                                                                                                      \r\n                                                                                            <div class=\"blog-meta\">\r\n                                                    <span class=\"date\"><i class=\"fa fa-clock-o\" aria-hidden=\"true\"><\/i>\r\n                                                    27 ag. 2025<\/span>\r\n                                                <\/div>\r\n                                                                                            \r\n                                        <\/div> \r\n                                    <\/div>   \r\n                                    \r\n                                <\/div>\r\n                            <\/div>\r\n                                        \r\n                <\/div>\r\n                <div class=\"rsaddon-slider-conf wpsisac-hide\" data-conf=\"{&quot;slidesToShow&quot;:3,&quot;autoplaySpeed&quot;:3000,&quot;interval&quot;:3000,&quot;slidesToScroll&quot;:&quot;1&quot;,&quot;slider_autoplay&quot;:&quot;true&quot;,&quot;pauseOnHover&quot;:&quot;true&quot;,&quot;sliderDots&quot;:&quot;false&quot;,&quot;sliderNav&quot;:&quot;false&quot;,&quot;infinite&quot;:&quot;true&quot;,&quot;centerMode&quot;:&quot;false&quot;,&quot;col_lg&quot;:3,&quot;col_md&quot;:&quot;3&quot;,&quot;col_sm&quot;:2,&quot;col_xs&quot;:1}\"><\/div>\r\n            <\/div>\r\n            <script type=\"text\/javascript\"> \r\n            jQuery(document).ready(function(){\r\n            jQuery( '.rs-addon-slider' ).each(function( index ) {        \r\n            var slider_id       = jQuery(this).attr('id'); \r\n            var slider_conf     = jQuery.parseJSON( jQuery(this).closest('.rsaddon-unique-slider').find('.rsaddon-slider-conf').attr('data-conf'));\r\n           \r\n            if( typeof(slider_id) != 'undefined' && slider_id != '' ) {\r\n            jQuery('#'+slider_id).not('.slick-initialized').slick({\r\n            slidesToShow    : parseInt(slider_conf.col_lg),\r\n            centerMode      : (slider_conf.centerMode)  == \"true\" ? true : false,\r\n            dots            : (slider_conf.sliderDots)  == \"true\" ? true : false,\r\n            arrows          : (slider_conf.sliderNav) == \"true\" ? true : false,\r\n            autoplay        : (slider_conf.slider_autoplay) == \"true\" ? true : false,\r\n            slidesToScroll  : parseInt(slider_conf.slidesToScroll),\r\n            centerPadding   : '15px',\r\n            autoplaySpeed   : parseInt(slider_conf.autoplaySpeed),\r\n            pauseOnHover    : (slider_conf.pauseOnHover) == \"true\" ? true : false,\r\n            loop : false,\r\n\r\n            responsive: [{\r\n                breakpoint: 1200,\r\n                settings: {\r\n                    slidesToShow: parseInt(slider_conf.col_md),\r\n                }\r\n            }, \r\n            {\r\n                breakpoint: 992,\r\n                settings: {\r\n                    slidesToShow: parseInt(slider_conf.col_sm),\r\n                }\r\n            }, \r\n            {\r\n                breakpoint: 768,\r\n                settings: {\r\n                    arrows: false,\r\n                    slidesToShow: parseInt(slider_conf.col_xs),\r\n                }\r\n            }, ]\r\n            });\r\n        }\r\n       \r\n        });\r\n    });\r\n    <\/script>\r\n        \t\t<\/div>\n\t\t\t\t<\/div>\n\t\t\t\t<div class=\"elementor-element elementor-element-ef310bc elementor-align-center elementor-widget elementor-widget-button\" data-id=\"ef310bc\" data-element_type=\"widget\" data-widget_type=\"button.default\">\n\t\t\t\t<div class=\"elementor-widget-container\">\n\t\t\t\t\t<div class=\"elementor-button-wrapper\">\n\t\t\t<a href=\"https:\/\/www.mobelmol.com\/ca\/noticies-material-fenolic-compacte-hpl\/\" class=\"elementor-button-link elementor-button elementor-size-lg\" role=\"button\">\n\t\t\t\t\t\t<span class=\"elementor-button-content-wrapper\">\n\t\t\t\t\t\t<span class=\"elementor-button-text\">Veure tot<\/span>\n\t\t<\/span>\n\t\t\t\t\t<\/a>\n\t\t<\/div>\n\t\t\t\t<\/div>\n\t\t\t\t<\/div>\n\t\t\t\t\t<\/div>\n\t\t<\/div>\n\t\t\t\t\t\t\t<\/div>\n\t\t<\/section>\n\t\t\t\t\t\t<\/div>\n\t\t\t\t\t<\/div>\n\t\t","protected":false},"excerpt":{"rendered":"<p>Els nostres projectes realitzats Industria en general Industria alimentaria Instalaciones singulares Centros oficiales Industria qu\u00edmico farmac\u00e9utica Centros educativos Hoteles \u2013 Balnearios Ludico \u2013 Deportivo Campings Centros Hospitalarios Els nostres productes Veure tot Aplicacions Taquilles de vestuaris Cabines sanit\u00e0ries per a lavabos, dutxes o canvi de roba Bancs i penjadors Revestiment sobre mur d\u00b4obra de qualsevol&#8230;<\/p>\n","protected":false},"author":1,"featured_media":0,"parent":0,"menu_order":0,"comment_status":"closed","ping_status":"closed","template":"elementor_header_footer","meta":{"footnotes":""},"class_list":["post-7367","page","type-page","status-publish","hentry"],"acf":[],"yoast_head":"<!-- This site is optimized with the Yoast SEO plugin v17.8 - https:\/\/yoast.com\/wordpress\/plugins\/seo\/ -->\n<title>Empresa experta en equipament mobiliari i fen\u00f2lics - Mobelmol<\/title>\n<meta name=\"description\" content=\"Mobelmol \u00e9s especialista en fabricar i instal\u00b7lar equipament mobiliari i fen\u00f2lic, com taquilles vestuari, cabines fen\u00f2liques i taulers fen\u00f2lics entre d&#039;altres.\" \/>\n<meta name=\"robots\" content=\"index, follow, max-snippet:-1, max-image-preview:large, max-video-preview:-1\" \/>\n<link rel=\"canonical\" href=\"https:\/\/www.mobelmol.com\/ca\/\" \/>\n<meta property=\"og:locale\" content=\"ca_ES\" \/>\n<meta property=\"og:type\" content=\"article\" \/>\n<meta property=\"og:title\" content=\"Empresa experta en equipament mobiliari i fen\u00f2lics - Mobelmol\" \/>\n<meta property=\"og:description\" content=\"Mobelmol \u00e9s especialista en fabricar i instal\u00b7lar equipament mobiliari i fen\u00f2lic, com taquilles vestuari, cabines fen\u00f2liques i taulers fen\u00f2lics entre d&#039;altres.\" \/>\n<meta property=\"og:url\" content=\"https:\/\/www.mobelmol.com\/ca\/\" \/>\n<meta property=\"og:site_name\" content=\"Mobelmol\" \/>\n<meta property=\"article:modified_time\" content=\"2022-10-25T10:31:49+00:00\" \/>\n<meta property=\"og:image\" content=\"https:\/\/www.mobelmol.com\/wp-content\/uploads\/2021\/05\/senefa-mobelmol-blank.svg\" \/>\n<meta name=\"twitter:card\" content=\"summary_large_image\" \/>\n<meta name=\"twitter:label1\" content=\"Temps estimat de lectura\" \/>\n\t<meta name=\"twitter:data1\" content=\"5 minuts\" \/>\n<script type=\"application\/ld+json\" class=\"yoast-schema-graph\">{\"@context\":\"https:\/\/schema.org\",\"@graph\":[{\"@type\":\"Organization\",\"@id\":\"https:\/\/www.mobelmol.com\/ca\/#organization\",\"name\":\"Mobelmol\",\"url\":\"https:\/\/www.mobelmol.com\/ca\/\",\"sameAs\":[],\"logo\":{\"@type\":\"ImageObject\",\"@id\":\"https:\/\/www.mobelmol.com\/ca\/#logo\",\"inLanguage\":\"ca\",\"url\":\"https:\/\/www.mobelmol.com\/wp-content\/uploads\/2021\/05\/lgo-mobelmol.svg\",\"contentUrl\":\"https:\/\/www.mobelmol.com\/wp-content\/uploads\/2021\/05\/lgo-mobelmol.svg\",\"width\":100,\"height\":100,\"caption\":\"Mobelmol\"},\"image\":{\"@id\":\"https:\/\/www.mobelmol.com\/ca\/#logo\"}},{\"@type\":\"WebSite\",\"@id\":\"https:\/\/www.mobelmol.com\/ca\/#website\",\"url\":\"https:\/\/www.mobelmol.com\/ca\/\",\"name\":\"Mobelmol\",\"description\":\"Fabricaci\\u00f3n e instalaci\\u00f3n de equipamiento y mobiliario con panel compacto\",\"publisher\":{\"@id\":\"https:\/\/www.mobelmol.com\/ca\/#organization\"},\"potentialAction\":[{\"@type\":\"SearchAction\",\"target\":{\"@type\":\"EntryPoint\",\"urlTemplate\":\"https:\/\/www.mobelmol.com\/ca\/?s={search_term_string}\"},\"query-input\":\"required name=search_term_string\"}],\"inLanguage\":\"ca\"},{\"@type\":\"ImageObject\",\"@id\":\"https:\/\/www.mobelmol.com\/ca\/#primaryimage\",\"inLanguage\":\"ca\",\"url\":\"https:\/\/www.mobelmol.com\/wp-content\/uploads\/2021\/05\/senefa-mobelmol-blank.svg\",\"contentUrl\":\"https:\/\/www.mobelmol.com\/wp-content\/uploads\/2021\/05\/senefa-mobelmol-blank.svg\",\"width\":100,\"height\":100,\"caption\":\"equipamiento mobiliario\"},{\"@type\":\"WebPage\",\"@id\":\"https:\/\/www.mobelmol.com\/ca\/#webpage\",\"url\":\"https:\/\/www.mobelmol.com\/ca\/\",\"name\":\"Empresa experta en equipament mobiliari i fen\\u00f2lics - Mobelmol\",\"isPartOf\":{\"@id\":\"https:\/\/www.mobelmol.com\/ca\/#website\"},\"primaryImageOfPage\":{\"@id\":\"https:\/\/www.mobelmol.com\/ca\/#primaryimage\"},\"datePublished\":\"2021-11-16T08:22:18+00:00\",\"dateModified\":\"2022-10-25T10:31:49+00:00\",\"description\":\"Mobelmol \\u00e9s especialista en fabricar i instal\\u00b7lar equipament mobiliari i fen\\u00f2lic, com taquilles vestuari, cabines fen\\u00f2liques i taulers fen\\u00f2lics entre d'altres.\",\"breadcrumb\":{\"@id\":\"https:\/\/www.mobelmol.com\/ca\/#breadcrumb\"},\"inLanguage\":\"ca\",\"potentialAction\":[{\"@type\":\"ReadAction\",\"target\":[\"https:\/\/www.mobelmol.com\/ca\/\"]}]},{\"@type\":\"BreadcrumbList\",\"@id\":\"https:\/\/www.mobelmol.com\/ca\/#breadcrumb\",\"itemListElement\":[{\"@type\":\"ListItem\",\"position\":1,\"name\":\"Portada\",\"item\":\"https:\/\/www.mobelmol.com\/ca\/\"},{\"@type\":\"ListItem\",\"position\":2,\"name\":\"Inici\"}]}]}<\/script>\n<!-- \/ Yoast SEO plugin. -->","yoast_head_json":{"title":"Empresa experta en equipament mobiliari i fen\u00f2lics - Mobelmol","description":"Mobelmol \u00e9s especialista en fabricar i instal\u00b7lar equipament mobiliari i fen\u00f2lic, com taquilles vestuari, cabines fen\u00f2liques i taulers fen\u00f2lics entre d'altres.","robots":{"index":"index","follow":"follow","max-snippet":"max-snippet:-1","max-image-preview":"max-image-preview:large","max-video-preview":"max-video-preview:-1"},"canonical":"https:\/\/www.mobelmol.com\/ca\/","og_locale":"ca_ES","og_type":"article","og_title":"Empresa experta en equipament mobiliari i fen\u00f2lics - Mobelmol","og_description":"Mobelmol \u00e9s especialista en fabricar i instal\u00b7lar equipament mobiliari i fen\u00f2lic, com taquilles vestuari, cabines fen\u00f2liques i taulers fen\u00f2lics entre d'altres.","og_url":"https:\/\/www.mobelmol.com\/ca\/","og_site_name":"Mobelmol","article_modified_time":"2022-10-25T10:31:49+00:00","og_image":[{"url":"https:\/\/www.mobelmol.com\/wp-content\/uploads\/2021\/05\/senefa-mobelmol-blank.svg"}],"twitter_card":"summary_large_image","twitter_misc":{"Temps estimat de lectura":"5 minuts"},"schema":{"@context":"https:\/\/schema.org","@graph":[{"@type":"Organization","@id":"https:\/\/www.mobelmol.com\/ca\/#organization","name":"Mobelmol","url":"https:\/\/www.mobelmol.com\/ca\/","sameAs":[],"logo":{"@type":"ImageObject","@id":"https:\/\/www.mobelmol.com\/ca\/#logo","inLanguage":"ca","url":"https:\/\/www.mobelmol.com\/wp-content\/uploads\/2021\/05\/lgo-mobelmol.svg","contentUrl":"https:\/\/www.mobelmol.com\/wp-content\/uploads\/2021\/05\/lgo-mobelmol.svg","width":100,"height":100,"caption":"Mobelmol"},"image":{"@id":"https:\/\/www.mobelmol.com\/ca\/#logo"}},{"@type":"WebSite","@id":"https:\/\/www.mobelmol.com\/ca\/#website","url":"https:\/\/www.mobelmol.com\/ca\/","name":"Mobelmol","description":"Fabricaci\u00f3n e instalaci\u00f3n de equipamiento y mobiliario con panel compacto","publisher":{"@id":"https:\/\/www.mobelmol.com\/ca\/#organization"},"potentialAction":[{"@type":"SearchAction","target":{"@type":"EntryPoint","urlTemplate":"https:\/\/www.mobelmol.com\/ca\/?s={search_term_string}"},"query-input":"required name=search_term_string"}],"inLanguage":"ca"},{"@type":"ImageObject","@id":"https:\/\/www.mobelmol.com\/ca\/#primaryimage","inLanguage":"ca","url":"https:\/\/www.mobelmol.com\/wp-content\/uploads\/2021\/05\/senefa-mobelmol-blank.svg","contentUrl":"https:\/\/www.mobelmol.com\/wp-content\/uploads\/2021\/05\/senefa-mobelmol-blank.svg","width":100,"height":100,"caption":"equipamiento mobiliario"},{"@type":"WebPage","@id":"https:\/\/www.mobelmol.com\/ca\/#webpage","url":"https:\/\/www.mobelmol.com\/ca\/","name":"Empresa experta en equipament mobiliari i fen\u00f2lics - Mobelmol","isPartOf":{"@id":"https:\/\/www.mobelmol.com\/ca\/#website"},"primaryImageOfPage":{"@id":"https:\/\/www.mobelmol.com\/ca\/#primaryimage"},"datePublished":"2021-11-16T08:22:18+00:00","dateModified":"2022-10-25T10:31:49+00:00","description":"Mobelmol \u00e9s especialista en fabricar i instal\u00b7lar equipament mobiliari i fen\u00f2lic, com taquilles vestuari, cabines fen\u00f2liques i taulers fen\u00f2lics entre d'altres.","breadcrumb":{"@id":"https:\/\/www.mobelmol.com\/ca\/#breadcrumb"},"inLanguage":"ca","potentialAction":[{"@type":"ReadAction","target":["https:\/\/www.mobelmol.com\/ca\/"]}]},{"@type":"BreadcrumbList","@id":"https:\/\/www.mobelmol.com\/ca\/#breadcrumb","itemListElement":[{"@type":"ListItem","position":1,"name":"Portada","item":"https:\/\/www.mobelmol.com\/ca\/"},{"@type":"ListItem","position":2,"name":"Inici"}]}]}},"_links":{"self":[{"href":"https:\/\/www.mobelmol.com\/ca\/wp-json\/wp\/v2\/pages\/7367","targetHints":{"allow":["GET"]}}],"collection":[{"href":"https:\/\/www.mobelmol.com\/ca\/wp-json\/wp\/v2\/pages"}],"about":[{"href":"https:\/\/www.mobelmol.com\/ca\/wp-json\/wp\/v2\/types\/page"}],"author":[{"embeddable":true,"href":"https:\/\/www.mobelmol.com\/ca\/wp-json\/wp\/v2\/users\/1"}],"replies":[{"embeddable":true,"href":"https:\/\/www.mobelmol.com\/ca\/wp-json\/wp\/v2\/comments?post=7367"}],"version-history":[{"count":1,"href":"https:\/\/www.mobelmol.com\/ca\/wp-json\/wp\/v2\/pages\/7367\/revisions"}],"predecessor-version":[{"id":8555,"href":"https:\/\/www.mobelmol.com\/ca\/wp-json\/wp\/v2\/pages\/7367\/revisions\/8555"}],"wp:attachment":[{"href":"https:\/\/www.mobelmol.com\/ca\/wp-json\/wp\/v2\/media?parent=7367"}],"curies":[{"name":"wp","href":"https:\/\/api.w.org\/{rel}","templated":true}]}}