{"id":7394,"date":"2021-09-07T08:31:18","date_gmt":"2021-09-07T08:31:18","guid":{"rendered":"https:\/\/mobelmol.mmkt.dev\/dades-tecniques\/datostecnicos-herrajes-cabinas\/"},"modified":"2022-10-25T10:51:32","modified_gmt":"2022-10-25T10:51:32","slug":"ferratges-per-cabines-sanitaries","status":"publish","type":"page","link":"https:\/\/www.mobelmol.com\/ca\/dades-tecniques\/ferratges-per-cabines-sanitaries\/","title":{"rendered":"Ferratges cabines"},"content":{"rendered":"\t\t<div data-elementor-type=\"wp-page\" data-elementor-id=\"7394\" class=\"elementor elementor-7394 elementor-5933\" data-elementor-settings=\"[]\">\n\t\t\t\t\t\t\t<div class=\"elementor-section-wrap\">\n\t\t\t\t\t\t\t<section class=\"elementor-section elementor-top-section elementor-element elementor-element-e6d781a elementor-section-boxed elementor-section-height-default elementor-section-height-default\" data-id=\"e6d781a\" data-element_type=\"section\" data-settings=\"{&quot;_ha_eqh_enable&quot;:false}\">\n\t\t\t\t\t\t<div class=\"elementor-container elementor-column-gap-default\">\n\t\t\t\t\t<div class=\"elementor-column elementor-col-50 elementor-top-column elementor-element elementor-element-66476a2\" data-id=\"66476a2\" data-element_type=\"column\">\n\t\t\t<div class=\"elementor-widget-wrap elementor-element-populated\">\n\t\t\t\t\t\t\t\t<div class=\"elementor-element elementor-element-ce45d0e elementor-view-default elementor-widget elementor-widget-icon\" data-id=\"ce45d0e\" data-element_type=\"widget\" data-widget_type=\"icon.default\">\n\t\t\t\t<div class=\"elementor-widget-container\">\n\t\t\t\t\t<div class=\"elementor-icon-wrapper\">\n\t\t\t<div class=\"elementor-icon\">\n\t\t\t<svg xmlns=\"http:\/\/www.w3.org\/2000\/svg\" xmlns:xlink=\"http:\/\/www.w3.org\/1999\/xlink\" xmlns:svgjs=\"http:\/\/svgjs.com\/svgjs\" width=\"512\" height=\"512\" x=\"0\" y=\"0\" viewBox=\"0 0 512 512\" style=\"enable-background:new 0 0 512 512\" xml:space=\"preserve\" class=\"\"><g><g xmlns=\"http:\/\/www.w3.org\/2000\/svg\"><path d=\"m493.375 160.507h-404.977c-4.143 0-7.5 3.358-7.5 7.5s3.357 7.5 7.5 7.5h67.32l-39.473 56.242h-97.621c-1.998 0-3.624-1.626-3.624-3.625v-48.993c0-1.999 1.626-3.624 3.624-3.624h39.773c4.142 0 7.5-3.358 7.5-7.5s-3.358-7.5-7.5-7.5h-39.773c-10.27 0-18.624 8.355-18.624 18.624v48.993c0 10.27 8.354 18.625 18.624 18.625h474.751c10.27 0 18.624-8.355 18.624-18.625v-48.993c.001-10.269-8.354-18.624-18.624-18.624zm-212.076 71.242 39.472-56.242h32.135l-39.473 56.242zm-96.268 0 39.472-56.242h77.942l-39.472 56.242zm-10.987-56.242h32.135l-39.472 56.242h-32.135zm322.956 52.618c0 1.999-1.626 3.625-3.624 3.625h-161.617l39.472-56.242h122.145c1.998 0 3.624 1.625 3.624 3.624z\" fill=\"#8176ae\" data-original=\"#000000\" style=\"\" class=\"\"><\/path><path d=\"m493.375 264.861h-474.751c-10.27 0-18.624 8.354-18.624 18.624v48.994c0 10.27 8.354 18.624 18.624 18.624h474.751c10.27 0 18.624-8.354 18.624-18.624v-48.994c.001-10.27-8.354-18.624-18.624-18.624zm-212.076 71.242 39.473-56.242h32.135l-39.472 56.242zm-96.268 0 39.472-56.242h77.942l-39.472 56.242zm-50.46 0 39.472-56.242h32.135l-39.472 56.242zm-119.571-3.624v-48.994c0-1.999 1.626-3.624 3.624-3.624h137.095l-39.472 56.242h-97.623c-1.998 0-3.624-1.626-3.624-3.624zm482 0c0 1.998-1.626 3.624-3.624 3.624h-161.617l39.472-56.242h122.144c1.998 0 3.624 1.625 3.624 3.624v48.994z\" fill=\"#8176ae\" data-original=\"#000000\" style=\"\" class=\"\"><\/path><path d=\"m493.375 56.543h-474.751c-10.27 0-18.624 8.355-18.624 18.624v48.994c0 10.269 8.354 18.624 18.624 18.624h474.751c10.27 0 18.624-8.355 18.624-18.624v-48.994c.001-10.269-8.354-18.624-18.624-18.624zm-212.076 71.242 39.473-56.242h32.135l-39.472 56.242zm-96.268 0 39.472-56.242h77.942l-39.472 56.242zm-50.46 0 39.472-56.242h32.135l-39.472 56.242zm-119.571-3.624v-48.994c0-1.998 1.626-3.624 3.624-3.624h137.095l-39.472 56.242h-97.623c-1.998 0-3.624-1.626-3.624-3.624zm482 0c0 1.998-1.626 3.624-3.624 3.624h-161.617l39.472-56.242h122.144c1.998 0 3.624 1.626 3.624 3.624v48.994z\" fill=\"#8176ae\" data-original=\"#000000\" style=\"\" class=\"\"><\/path><path d=\"m493.375 369.214h-474.751c-10.27 0-18.624 8.355-18.624 18.625v48.994c0 10.27 8.354 18.624 18.624 18.624h368.016c4.143 0 7.5-3.358 7.5-7.5s-3.357-7.5-7.5-7.5h-54.881l39.472-56.242h122.144c1.998 0 3.624 1.626 3.624 3.624v48.994c0 1.998-1.626 3.624-3.624 3.624h-76.735c-4.143 0-7.5 3.358-7.5 7.5s3.357 7.5 7.5 7.5h76.735c10.27 0 18.624-8.354 18.624-18.624v-48.994c.001-10.27-8.354-18.625-18.624-18.625zm-308.344 71.242 39.472-56.242h77.942l-39.472 56.242zm-50.46 0 39.472-56.242h32.135l-39.472 56.242zm-119.571-3.624v-48.994c0-1.999 1.626-3.624 3.624-3.624h137.095l-39.472 56.242h-97.623c-1.998 0-3.624-1.626-3.624-3.624zm298.434 3.624h-32.135l39.473-56.242h32.135z\" fill=\"#8176ae\" data-original=\"#000000\" style=\"\" class=\"\"><\/path><\/g><\/g><\/svg>\t\t\t<\/div>\n\t\t<\/div>\n\t\t\t\t<\/div>\n\t\t\t\t<\/div>\n\t\t\t\t<div class=\"elementor-element elementor-element-a64ab33 elementor-widget elementor-widget-heading\" data-id=\"a64ab33\" data-element_type=\"widget\" data-widget_type=\"heading.default\">\n\t\t\t\t<div class=\"elementor-widget-container\">\n\t\t\t<div class=\"elementor-heading-title elementor-size-default\">INOX<\/div>\t\t<\/div>\n\t\t\t\t<\/div>\n\t\t\t\t<div class=\"elementor-element elementor-element-ae451db elementor-widget elementor-widget-text-editor\" data-id=\"ae451db\" data-element_type=\"widget\" data-widget_type=\"text-editor.default\">\n\t\t\t\t<div class=\"elementor-widget-container\">\n\t\t\t\t\t\t\t<p>Les nostres cabines sanit\u00e0ries dels sistemes I-25, I-34 i S-41 estan equipades \u00fanicament amb ferratges de primer\u00edssima qualitat. Els peus regulables en al\u00e7ada, les frontisses, els perfils en \u201cU\u201d d\u2019uni\u00f3 i la barra superior circular s\u00f3n de fabricaci\u00f3 exclusiva en acer inoxidable AISI 316. Els poms, tancaments i barra superior estabilitzadora quadrada o rectangular est\u00e0 fabricada en acer inoxidable AISI 304.<\/p><p>En les cabines sanit\u00e0ries dels sistemes I-525 i I-534, els peus regulables i les frontisses s\u00f3n tamb\u00e9 d\u2019acer inoxidable AISI 316, els poms, tancaments i barra superior estabilitzadora es subministren d\u2019acer inoxidable AISI 304 mentre que la barra superior estabilitzadora quadrada i els perfils en \u201cU\u201d d\u2019uni\u00f3 estan fabricats amb alumini plata de primera qualitat.<\/p><p>Tant els perfils en \u201cU\u201d d\u2019acer inoxidable AISI 316 com els perfils en \u201cU\u201d d\u2019alumini tenen un disseny especial exclusiu pel qual queden ancorats a la paret de manera molt m\u00e9s segura i duradora.<\/p>\t\t\t\t\t\t<\/div>\n\t\t\t\t<\/div>\n\t\t\t\t\t<\/div>\n\t\t<\/div>\n\t\t\t\t<div class=\"elementor-column elementor-col-50 elementor-top-column elementor-element elementor-element-06940e8\" data-id=\"06940e8\" data-element_type=\"column\">\n\t\t\t<div class=\"elementor-widget-wrap elementor-element-populated\">\n\t\t\t\t\t\t\t\t<div class=\"elementor-element elementor-element-4abc34d elementor-widget elementor-widget-image\" data-id=\"4abc34d\" data-element_type=\"widget\" data-widget_type=\"image.default\">\n\t\t\t\t<div class=\"elementor-widget-container\">\n\t\t\t\t\t\t\t\t\t\t\t\t\t\t\t<img decoding=\"async\" width=\"640\" height=\"640\" src=\"data:image\/gif;base64,R0lGODlhAQABAIAAAAAAAP\/\/\/yH5BAEAAAAALAAAAAABAAEAAAIBRAA7\" data-src=\"https:\/\/www.mobelmol.com\/wp-content\/uploads\/2021\/09\/engranaje.svg\" class=\"attachment-large size-large lazyload\" alt=\"Herrajes taquillas\" data-srcset=\"https:\/\/www.mobelmol.com\/wp-content\/uploads\/\/2021\/09\/engranaje.svg 150w, https:\/\/www.mobelmol.com\/wp-content\/uploads\/\/2021\/09\/engranaje.svg 300w, https:\/\/www.mobelmol.com\/wp-content\/uploads\/\/2021\/09\/engranaje.svg 1024w, https:\/\/www.mobelmol.com\/wp-content\/uploads\/\/2021\/09\/engranaje.svg 512w\" sizes=\"(max-width: 640px) 100vw, 640px\" \/><noscript><img decoding=\"async\" width=\"640\" height=\"640\" src=\"https:\/\/www.mobelmol.com\/wp-content\/uploads\/2021\/09\/engranaje.svg\" class=\"attachment-large size-large lazyload\" alt=\"Herrajes taquillas\" srcset=\"https:\/\/www.mobelmol.com\/wp-content\/uploads\/\/2021\/09\/engranaje.svg 150w, https:\/\/www.mobelmol.com\/wp-content\/uploads\/\/2021\/09\/engranaje.svg 300w, https:\/\/www.mobelmol.com\/wp-content\/uploads\/\/2021\/09\/engranaje.svg 1024w, https:\/\/www.mobelmol.com\/wp-content\/uploads\/\/2021\/09\/engranaje.svg 512w\" sizes=\"(max-width: 640px) 100vw, 640px\" \/><\/noscript>\t\t\t\t\t\t\t\t\t\t\t\t\t\t\t<\/div>\n\t\t\t\t<\/div>\n\t\t\t\t<div class=\"elementor-element elementor-element-a8589fc elementor-widget elementor-widget-heading\" data-id=\"a8589fc\" data-element_type=\"widget\" data-widget_type=\"heading.default\">\n\t\t\t\t<div class=\"elementor-widget-container\">\n\t\t\t<div class=\"elementor-heading-title elementor-size-default\">NYLON<\/div>\t\t<\/div>\n\t\t\t\t<\/div>\n\t\t\t\t<div class=\"elementor-element elementor-element-784cf53 elementor-widget elementor-widget-text-editor\" data-id=\"784cf53\" data-element_type=\"widget\" data-widget_type=\"text-editor.default\">\n\t\t\t\t<div class=\"elementor-widget-container\">\n\t\t\t\t\t\t\t<p>Els ferratges de nil\u00f3 o poliamida subministrats per als nostres sistemes de cabines N-25 i N-34 tenen l\u2019avantatge de ser m\u00e9s agradables al tacte en ambients humits que els ferratges d\u2019acer inoxidable. Es subministra en color blanc o negre (altres colors sota comanda i amb quantitats m\u00ednimes).<\/p><p>Els ferratges que m\u00e9s poden patir (peus regulables, barra superior estabilitzadora circular i frontisses) incorporen en el seu interior elements ocults de refor\u00e7 d\u2019acer amb tractament anticorrosiu. A m\u00e9s cal tenir en compte que no estan lacats amb el que es podria arribar a ratllar o deteriorar la superf\u00edcie. Aquests elements interiors estan revestits amb una camisa de poliamida d\u20191 a 3 mm. La barra circular superior, de gran resist\u00e8ncia, \u00e9s un tub coextrusionat d\u2019alumini amb funda de poliamida a l\u2019exterior.<\/p>\t\t\t\t\t\t<\/div>\n\t\t\t\t<\/div>\n\t\t\t\t\t<\/div>\n\t\t<\/div>\n\t\t\t\t\t\t\t<\/div>\n\t\t<\/section>\n\t\t\t\t\t\t<\/div>\n\t\t\t\t\t<\/div>\n\t\t","protected":false},"excerpt":{"rendered":"<p>INOX Les nostres cabines sanit\u00e0ries dels sistemes I-25, I-34 i S-41 estan equipades \u00fanicament amb ferratges de primer\u00edssima qualitat. Els peus regulables en al\u00e7ada, les frontisses, els perfils en \u201cU\u201d d\u2019uni\u00f3 i la barra superior circular s\u00f3n de fabricaci\u00f3 exclusiva en acer inoxidable AISI 316. Els poms, tancaments i barra superior estabilitzadora quadrada o rectangular&#8230;<\/p>\n","protected":false},"author":1,"featured_media":0,"parent":7374,"menu_order":0,"comment_status":"closed","ping_status":"closed","template":"elementor_header_footer","meta":{"footnotes":""},"class_list":["post-7394","page","type-page","status-publish","hentry"],"acf":[],"yoast_head":"<!-- This site is optimized with the Yoast SEO plugin v17.8 - https:\/\/yoast.com\/wordpress\/plugins\/seo\/ -->\n<title>Ferratges per a cabines sanit\u00e0ries - Mobelmol<\/title>\n<meta name=\"description\" content=\"Ferratges per a cabines sanit\u00e0ries. Fabricades amb els millors materials i de primera qualitat. Els ferraments poden ser en Inox o Nylon segons necessitats.\" \/>\n<meta name=\"robots\" content=\"index, follow, max-snippet:-1, max-image-preview:large, max-video-preview:-1\" \/>\n<link rel=\"canonical\" href=\"https:\/\/www.mobelmol.com\/ca\/dades-tecniques\/ferratges-per-cabines-sanitaries\/\" \/>\n<meta property=\"og:locale\" content=\"ca_ES\" \/>\n<meta property=\"og:type\" content=\"article\" \/>\n<meta property=\"og:title\" content=\"Ferratges per a cabines sanit\u00e0ries - Mobelmol\" \/>\n<meta property=\"og:description\" content=\"Ferratges per a cabines sanit\u00e0ries. Fabricades amb els millors materials i de primera qualitat. Els ferraments poden ser en Inox o Nylon segons necessitats.\" \/>\n<meta property=\"og:url\" content=\"https:\/\/www.mobelmol.com\/ca\/dades-tecniques\/ferratges-per-cabines-sanitaries\/\" \/>\n<meta property=\"og:site_name\" content=\"Mobelmol\" \/>\n<meta property=\"article:modified_time\" content=\"2022-10-25T10:51:32+00:00\" \/>\n<meta property=\"og:image\" content=\"https:\/\/www.mobelmol.com\/wp-content\/uploads\/2021\/09\/engranaje.svg\" \/>\n<meta name=\"twitter:card\" content=\"summary_large_image\" \/>\n<meta name=\"twitter:label1\" content=\"Temps estimat de lectura\" \/>\n\t<meta name=\"twitter:data1\" content=\"2 minuts\" \/>\n<script type=\"application\/ld+json\" class=\"yoast-schema-graph\">{\"@context\":\"https:\/\/schema.org\",\"@graph\":[{\"@type\":\"Organization\",\"@id\":\"https:\/\/www.mobelmol.com\/ca\/#organization\",\"name\":\"Mobelmol\",\"url\":\"https:\/\/www.mobelmol.com\/ca\/\",\"sameAs\":[],\"logo\":{\"@type\":\"ImageObject\",\"@id\":\"https:\/\/www.mobelmol.com\/ca\/#logo\",\"inLanguage\":\"ca\",\"url\":\"https:\/\/www.mobelmol.com\/wp-content\/uploads\/2021\/05\/lgo-mobelmol.svg\",\"contentUrl\":\"https:\/\/www.mobelmol.com\/wp-content\/uploads\/2021\/05\/lgo-mobelmol.svg\",\"width\":100,\"height\":100,\"caption\":\"Mobelmol\"},\"image\":{\"@id\":\"https:\/\/www.mobelmol.com\/ca\/#logo\"}},{\"@type\":\"WebSite\",\"@id\":\"https:\/\/www.mobelmol.com\/ca\/#website\",\"url\":\"https:\/\/www.mobelmol.com\/ca\/\",\"name\":\"Mobelmol\",\"description\":\"Fabricaci\\u00f3n e instalaci\\u00f3n de equipamiento y mobiliario con panel compacto\",\"publisher\":{\"@id\":\"https:\/\/www.mobelmol.com\/ca\/#organization\"},\"potentialAction\":[{\"@type\":\"SearchAction\",\"target\":{\"@type\":\"EntryPoint\",\"urlTemplate\":\"https:\/\/www.mobelmol.com\/ca\/?s={search_term_string}\"},\"query-input\":\"required name=search_term_string\"}],\"inLanguage\":\"ca\"},{\"@type\":\"ImageObject\",\"@id\":\"https:\/\/www.mobelmol.com\/ca\/dades-tecniques\/ferratges-per-cabines-sanitaries\/#primaryimage\",\"inLanguage\":\"ca\",\"url\":\"https:\/\/www.mobelmol.com\/wp-content\/uploads\/2021\/09\/engranaje.svg\",\"contentUrl\":\"https:\/\/www.mobelmol.com\/wp-content\/uploads\/2021\/09\/engranaje.svg\",\"width\":512,\"height\":512,\"caption\":\"Herrajes cabinas\"},{\"@type\":\"WebPage\",\"@id\":\"https:\/\/www.mobelmol.com\/ca\/dades-tecniques\/ferratges-per-cabines-sanitaries\/#webpage\",\"url\":\"https:\/\/www.mobelmol.com\/ca\/dades-tecniques\/ferratges-per-cabines-sanitaries\/\",\"name\":\"Ferratges per a cabines sanit\\u00e0ries - Mobelmol\",\"isPartOf\":{\"@id\":\"https:\/\/www.mobelmol.com\/ca\/#website\"},\"primaryImageOfPage\":{\"@id\":\"https:\/\/www.mobelmol.com\/ca\/dades-tecniques\/ferratges-per-cabines-sanitaries\/#primaryimage\"},\"datePublished\":\"2021-09-07T08:31:18+00:00\",\"dateModified\":\"2022-10-25T10:51:32+00:00\",\"description\":\"Ferratges per a cabines sanit\\u00e0ries. Fabricades amb els millors materials i de primera qualitat. Els ferraments poden ser en Inox o Nylon segons necessitats.\",\"breadcrumb\":{\"@id\":\"https:\/\/www.mobelmol.com\/ca\/dades-tecniques\/ferratges-per-cabines-sanitaries\/#breadcrumb\"},\"inLanguage\":\"ca\",\"potentialAction\":[{\"@type\":\"ReadAction\",\"target\":[\"https:\/\/www.mobelmol.com\/ca\/dades-tecniques\/ferratges-per-cabines-sanitaries\/\"]}]},{\"@type\":\"BreadcrumbList\",\"@id\":\"https:\/\/www.mobelmol.com\/ca\/dades-tecniques\/ferratges-per-cabines-sanitaries\/#breadcrumb\",\"itemListElement\":[{\"@type\":\"ListItem\",\"position\":1,\"name\":\"Portada\",\"item\":\"https:\/\/www.mobelmol.com\/ca\/\"},{\"@type\":\"ListItem\",\"position\":2,\"name\":\"Dades t\\u00e8cniques\",\"item\":\"https:\/\/www.mobelmol.com\/ca\/dades-tecniques\/\"},{\"@type\":\"ListItem\",\"position\":3,\"name\":\"Ferratges cabines\"}]}]}<\/script>\n<!-- \/ Yoast SEO plugin. -->","yoast_head_json":{"title":"Ferratges per a cabines sanit\u00e0ries - Mobelmol","description":"Ferratges per a cabines sanit\u00e0ries. Fabricades amb els millors materials i de primera qualitat. Els ferraments poden ser en Inox o Nylon segons necessitats.","robots":{"index":"index","follow":"follow","max-snippet":"max-snippet:-1","max-image-preview":"max-image-preview:large","max-video-preview":"max-video-preview:-1"},"canonical":"https:\/\/www.mobelmol.com\/ca\/dades-tecniques\/ferratges-per-cabines-sanitaries\/","og_locale":"ca_ES","og_type":"article","og_title":"Ferratges per a cabines sanit\u00e0ries - Mobelmol","og_description":"Ferratges per a cabines sanit\u00e0ries. Fabricades amb els millors materials i de primera qualitat. Els ferraments poden ser en Inox o Nylon segons necessitats.","og_url":"https:\/\/www.mobelmol.com\/ca\/dades-tecniques\/ferratges-per-cabines-sanitaries\/","og_site_name":"Mobelmol","article_modified_time":"2022-10-25T10:51:32+00:00","og_image":[{"url":"https:\/\/www.mobelmol.com\/wp-content\/uploads\/2021\/09\/engranaje.svg"}],"twitter_card":"summary_large_image","twitter_misc":{"Temps estimat de lectura":"2 minuts"},"schema":{"@context":"https:\/\/schema.org","@graph":[{"@type":"Organization","@id":"https:\/\/www.mobelmol.com\/ca\/#organization","name":"Mobelmol","url":"https:\/\/www.mobelmol.com\/ca\/","sameAs":[],"logo":{"@type":"ImageObject","@id":"https:\/\/www.mobelmol.com\/ca\/#logo","inLanguage":"ca","url":"https:\/\/www.mobelmol.com\/wp-content\/uploads\/2021\/05\/lgo-mobelmol.svg","contentUrl":"https:\/\/www.mobelmol.com\/wp-content\/uploads\/2021\/05\/lgo-mobelmol.svg","width":100,"height":100,"caption":"Mobelmol"},"image":{"@id":"https:\/\/www.mobelmol.com\/ca\/#logo"}},{"@type":"WebSite","@id":"https:\/\/www.mobelmol.com\/ca\/#website","url":"https:\/\/www.mobelmol.com\/ca\/","name":"Mobelmol","description":"Fabricaci\u00f3n e instalaci\u00f3n de equipamiento y mobiliario con panel compacto","publisher":{"@id":"https:\/\/www.mobelmol.com\/ca\/#organization"},"potentialAction":[{"@type":"SearchAction","target":{"@type":"EntryPoint","urlTemplate":"https:\/\/www.mobelmol.com\/ca\/?s={search_term_string}"},"query-input":"required name=search_term_string"}],"inLanguage":"ca"},{"@type":"ImageObject","@id":"https:\/\/www.mobelmol.com\/ca\/dades-tecniques\/ferratges-per-cabines-sanitaries\/#primaryimage","inLanguage":"ca","url":"https:\/\/www.mobelmol.com\/wp-content\/uploads\/2021\/09\/engranaje.svg","contentUrl":"https:\/\/www.mobelmol.com\/wp-content\/uploads\/2021\/09\/engranaje.svg","width":512,"height":512,"caption":"Herrajes cabinas"},{"@type":"WebPage","@id":"https:\/\/www.mobelmol.com\/ca\/dades-tecniques\/ferratges-per-cabines-sanitaries\/#webpage","url":"https:\/\/www.mobelmol.com\/ca\/dades-tecniques\/ferratges-per-cabines-sanitaries\/","name":"Ferratges per a cabines sanit\u00e0ries - Mobelmol","isPartOf":{"@id":"https:\/\/www.mobelmol.com\/ca\/#website"},"primaryImageOfPage":{"@id":"https:\/\/www.mobelmol.com\/ca\/dades-tecniques\/ferratges-per-cabines-sanitaries\/#primaryimage"},"datePublished":"2021-09-07T08:31:18+00:00","dateModified":"2022-10-25T10:51:32+00:00","description":"Ferratges per a cabines sanit\u00e0ries. Fabricades amb els millors materials i de primera qualitat. Els ferraments poden ser en Inox o Nylon segons necessitats.","breadcrumb":{"@id":"https:\/\/www.mobelmol.com\/ca\/dades-tecniques\/ferratges-per-cabines-sanitaries\/#breadcrumb"},"inLanguage":"ca","potentialAction":[{"@type":"ReadAction","target":["https:\/\/www.mobelmol.com\/ca\/dades-tecniques\/ferratges-per-cabines-sanitaries\/"]}]},{"@type":"BreadcrumbList","@id":"https:\/\/www.mobelmol.com\/ca\/dades-tecniques\/ferratges-per-cabines-sanitaries\/#breadcrumb","itemListElement":[{"@type":"ListItem","position":1,"name":"Portada","item":"https:\/\/www.mobelmol.com\/ca\/"},{"@type":"ListItem","position":2,"name":"Dades t\u00e8cniques","item":"https:\/\/www.mobelmol.com\/ca\/dades-tecniques\/"},{"@type":"ListItem","position":3,"name":"Ferratges cabines"}]}]}},"_links":{"self":[{"href":"https:\/\/www.mobelmol.com\/ca\/wp-json\/wp\/v2\/pages\/7394","targetHints":{"allow":["GET"]}}],"collection":[{"href":"https:\/\/www.mobelmol.com\/ca\/wp-json\/wp\/v2\/pages"}],"about":[{"href":"https:\/\/www.mobelmol.com\/ca\/wp-json\/wp\/v2\/types\/page"}],"author":[{"embeddable":true,"href":"https:\/\/www.mobelmol.com\/ca\/wp-json\/wp\/v2\/users\/1"}],"replies":[{"embeddable":true,"href":"https:\/\/www.mobelmol.com\/ca\/wp-json\/wp\/v2\/comments?post=7394"}],"version-history":[{"count":1,"href":"https:\/\/www.mobelmol.com\/ca\/wp-json\/wp\/v2\/pages\/7394\/revisions"}],"predecessor-version":[{"id":8561,"href":"https:\/\/www.mobelmol.com\/ca\/wp-json\/wp\/v2\/pages\/7394\/revisions\/8561"}],"up":[{"embeddable":true,"href":"https:\/\/www.mobelmol.com\/ca\/wp-json\/wp\/v2\/pages\/7374"}],"wp:attachment":[{"href":"https:\/\/www.mobelmol.com\/ca\/wp-json\/wp\/v2\/media?parent=7394"}],"curies":[{"name":"wp","href":"https:\/\/api.w.org\/{rel}","templated":true}]}}