{"id":5183,"date":"2021-05-20T15:49:06","date_gmt":"2021-05-20T15:49:06","guid":{"rendered":"https:\/\/mobelmol.mmkt.dev\/?page_id=5183"},"modified":"2022-03-06T16:10:16","modified_gmt":"2022-03-06T16:10:16","slug":"datos-tecnicos","status":"publish","type":"page","link":"https:\/\/www.mobelmol.com\/es\/datos-tecnicos\/","title":{"rendered":"Datos t\u00e9cnicos"},"content":{"rendered":"\t\t<div data-elementor-type=\"wp-page\" data-elementor-id=\"5183\" class=\"elementor elementor-5183\" data-elementor-settings=\"[]\">\n\t\t\t\t\t\t\t<div class=\"elementor-section-wrap\">\n\t\t\t\t\t\t\t<section class=\"elementor-section elementor-top-section elementor-element elementor-element-ce448a7 section-equal elementor-section-boxed elementor-section-height-default elementor-section-height-default\" data-id=\"ce448a7\" data-element_type=\"section\" data-settings=\"{&quot;_ha_eqh_enable&quot;:&quot;yes&quot;,&quot;_ha_eqh_widget&quot;:[&quot;image-box&quot;],&quot;_ha_eqh_to&quot;:&quot;widget&quot;,&quot;_ha_eqh_disable_on_tablet&quot;:&quot;no&quot;,&quot;_ha_eqh_disable_on_mobile&quot;:&quot;yes&quot;}\">\n\t\t\t\t\t\t<div class=\"elementor-container elementor-column-gap-wider\">\n\t\t\t\t\t<div class=\"elementor-column elementor-col-33 elementor-top-column elementor-element elementor-element-e82367e equal-height\" data-id=\"e82367e\" data-element_type=\"column\">\n\t\t\t<div class=\"elementor-widget-wrap elementor-element-populated\">\n\t\t\t\t\t\t\t\t<div class=\"elementor-element elementor-element-73e8709 box-shadow elementor-position-top elementor-vertical-align-top elementor-widget elementor-widget-image-box\" data-id=\"73e8709\" data-element_type=\"widget\" data-widget_type=\"image-box.default\">\n\t\t\t\t<div class=\"elementor-widget-container\">\n\t\t\t<div class=\"elementor-image-box-wrapper\"><figure class=\"elementor-image-box-img\"><a href=\"https:\/\/www.mobelmol.com\/datos-tecnicos\/panel-sandwich-exterior-puertas-interior\/\"><img decoding=\"async\" width=\"200\" height=\"200\" src=\"data:image\/gif;base64,R0lGODlhAQABAIAAAAAAAP\/\/\/yH5BAEAAAAALAAAAAABAAEAAAIBRAA7\" data-src=\"https:\/\/www.mobelmol.com\/wp-content\/uploads\/2021\/10\/PANEL-SANDWICH-border.jpg\" class=\"elementor-animation-grow attachment-full size-full lazyload\" alt=\"panel sandwich\" \/><noscript><img decoding=\"async\" width=\"200\" height=\"200\" src=\"https:\/\/www.mobelmol.com\/wp-content\/uploads\/2021\/10\/PANEL-SANDWICH-border.jpg\" class=\"elementor-animation-grow attachment-full size-full lazyload\" alt=\"panel sandwich\" \/><\/noscript><\/a><\/figure><div class=\"elementor-image-box-content\"><h2 class=\"elementor-image-box-title\"><a href=\"https:\/\/www.mobelmol.com\/datos-tecnicos\/panel-sandwich-exterior-puertas-interior\/\">Sandwich<\/a><\/h2><p class=\"elementor-image-box-description\">Panel formado por n\u00facleo de espuma aislante de poliestireno extrusionado, expandido o lana de roca de espesor variable (38, 41, 45, 52 o 60 mm.).<\/p><\/div><\/div>\t\t<\/div>\n\t\t\t\t<\/div>\n\t\t\t\t\t<\/div>\n\t\t<\/div>\n\t\t\t\t<div class=\"elementor-column elementor-col-33 elementor-top-column elementor-element elementor-element-83a14dd equal-height\" data-id=\"83a14dd\" data-element_type=\"column\">\n\t\t\t<div class=\"elementor-widget-wrap elementor-element-populated\">\n\t\t\t\t\t\t\t\t<div class=\"elementor-element elementor-element-f0dcea5 box-shadow elementor-position-top elementor-vertical-align-top elementor-widget elementor-widget-image-box\" data-id=\"f0dcea5\" data-element_type=\"widget\" data-widget_type=\"image-box.default\">\n\t\t\t\t<div class=\"elementor-widget-container\">\n\t\t\t<div class=\"elementor-image-box-wrapper\"><figure class=\"elementor-image-box-img\"><a href=\"https:\/\/www.mobelmol.com\/datos-tecnicos\/fenolico-compacto-tablero-hpl\/\"><img decoding=\"async\" width=\"200\" height=\"201\" src=\"data:image\/gif;base64,R0lGODlhAQABAIAAAAAAAP\/\/\/yH5BAEAAAAALAAAAAABAAEAAAIBRAA7\" data-src=\"https:\/\/www.mobelmol.com\/wp-content\/uploads\/2021\/09\/Compacto-HPL-.jpg\" class=\"elementor-animation-grow attachment-full size-full lazyload\" alt=\"compacto hpl\" \/><noscript><img decoding=\"async\" width=\"200\" height=\"201\" src=\"https:\/\/www.mobelmol.com\/wp-content\/uploads\/2021\/09\/Compacto-HPL-.jpg\" class=\"elementor-animation-grow attachment-full size-full lazyload\" alt=\"compacto hpl\" \/><\/noscript><\/a><\/figure><div class=\"elementor-image-box-content\"><h2 class=\"elementor-image-box-title\"><a href=\"https:\/\/www.mobelmol.com\/datos-tecnicos\/fenolico-compacto-tablero-hpl\/\">Compacto -HPL-<\/a><\/h2><p class=\"elementor-image-box-description\">Descripci\u00f3n: Placa de resinas fen\u00f3licas termoendurecidas de 3 a 20 mm. de espesor, color a elegir.<\/p><\/div><\/div>\t\t<\/div>\n\t\t\t\t<\/div>\n\t\t\t\t\t<\/div>\n\t\t<\/div>\n\t\t\t\t<div class=\"elementor-column elementor-col-33 elementor-top-column elementor-element elementor-element-934ce16\" data-id=\"934ce16\" data-element_type=\"column\">\n\t\t\t<div class=\"elementor-widget-wrap elementor-element-populated\">\n\t\t\t\t\t\t\t\t<div class=\"elementor-element elementor-element-3e02106 box-shadow elementor-position-top elementor-vertical-align-top elementor-widget elementor-widget-image-box\" data-id=\"3e02106\" data-element_type=\"widget\" data-widget_type=\"image-box.default\">\n\t\t\t\t<div class=\"elementor-widget-container\">\n\t\t\t<div class=\"elementor-image-box-wrapper\"><figure class=\"elementor-image-box-img\"><a href=\"https:\/\/www.mobelmol.com\/datos-tecnicos\/compacmel-empresa-revestimiento\/\"><img decoding=\"async\" width=\"200\" height=\"200\" src=\"data:image\/gif;base64,R0lGODlhAQABAIAAAAAAAP\/\/\/yH5BAEAAAAALAAAAAABAAEAAAIBRAA7\" data-src=\"https:\/\/www.mobelmol.com\/wp-content\/uploads\/2021\/09\/Compacmel.jpg\" class=\"elementor-animation-grow attachment-full size-full lazyload\" alt=\"compacmel\" \/><noscript><img decoding=\"async\" width=\"200\" height=\"200\" src=\"https:\/\/www.mobelmol.com\/wp-content\/uploads\/2021\/09\/Compacmel.jpg\" class=\"elementor-animation-grow attachment-full size-full lazyload\" alt=\"compacmel\" \/><\/noscript><\/a><\/figure><div class=\"elementor-image-box-content\"><h2 class=\"elementor-image-box-title\"><a href=\"https:\/\/www.mobelmol.com\/datos-tecnicos\/compacmel-empresa-revestimiento\/\">Compacmel<\/a><\/h2><p class=\"elementor-image-box-description\">Tablero de fibras de madera, recubierto por ambas caras con papel decorativo impregnado con resinas melam\u00ednicas.<\/p><\/div><\/div>\t\t<\/div>\n\t\t\t\t<\/div>\n\t\t\t\t\t<\/div>\n\t\t<\/div>\n\t\t\t\t\t\t\t<\/div>\n\t\t<\/section>\n\t\t\t\t<section class=\"elementor-section elementor-top-section elementor-element elementor-element-4f5a828 section-equal elementor-section-boxed elementor-section-height-default elementor-section-height-default\" data-id=\"4f5a828\" data-element_type=\"section\" data-settings=\"{&quot;_ha_eqh_enable&quot;:&quot;yes&quot;,&quot;_ha_eqh_widget&quot;:[&quot;image-box&quot;],&quot;_ha_eqh_to&quot;:&quot;widget&quot;,&quot;_ha_eqh_disable_on_tablet&quot;:&quot;no&quot;,&quot;_ha_eqh_disable_on_mobile&quot;:&quot;yes&quot;}\">\n\t\t\t\t\t\t<div class=\"elementor-container elementor-column-gap-wider\">\n\t\t\t\t\t<div class=\"elementor-column elementor-col-33 elementor-top-column elementor-element elementor-element-1212344 equal-height\" data-id=\"1212344\" data-element_type=\"column\">\n\t\t\t<div class=\"elementor-widget-wrap elementor-element-populated\">\n\t\t\t\t\t\t\t\t<div class=\"elementor-element elementor-element-4c621c2 box-shadow elementor-position-top elementor-vertical-align-top elementor-widget elementor-widget-image-box\" data-id=\"4c621c2\" data-element_type=\"widget\" data-widget_type=\"image-box.default\">\n\t\t\t\t<div class=\"elementor-widget-container\">\n\t\t\t<div class=\"elementor-image-box-wrapper\"><figure class=\"elementor-image-box-img\"><a href=\"https:\/\/www.mobelmol.com\/datos-tecnicos\/tablero-melamina\/\"><img decoding=\"async\" width=\"200\" height=\"181\" src=\"data:image\/gif;base64,R0lGODlhAQABAIAAAAAAAP\/\/\/yH5BAEAAAAALAAAAAABAAEAAAIBRAA7\" data-src=\"https:\/\/www.mobelmol.com\/wp-content\/uploads\/2021\/09\/Melamina.jpg\" class=\"elementor-animation-grow attachment-full size-full lazyload\" alt=\"melamina\" \/><noscript><img decoding=\"async\" width=\"200\" height=\"181\" src=\"https:\/\/www.mobelmol.com\/wp-content\/uploads\/2021\/09\/Melamina.jpg\" class=\"elementor-animation-grow attachment-full size-full lazyload\" alt=\"melamina\" \/><\/noscript><\/a><\/figure><div class=\"elementor-image-box-content\"><h2 class=\"elementor-image-box-title\"><a href=\"https:\/\/www.mobelmol.com\/datos-tecnicos\/tablero-melamina\/\">Melamina<\/a><\/h2><p class=\"elementor-image-box-description\">Tablero melam\u00ednico est\u00e1 revestido por ambas caras con papel de dise\u00f1o impregnado de resinas melam\u00ednicas, respetan los requisitos de la norma europea EN 14322.<\/p><\/div><\/div>\t\t<\/div>\n\t\t\t\t<\/div>\n\t\t\t\t\t<\/div>\n\t\t<\/div>\n\t\t\t\t<div class=\"elementor-column elementor-col-33 elementor-top-column elementor-element elementor-element-8be27ba equal-height\" data-id=\"8be27ba\" data-element_type=\"column\">\n\t\t\t<div class=\"elementor-widget-wrap elementor-element-populated\">\n\t\t\t\t\t\t\t\t<div class=\"elementor-element elementor-element-6d69295 box-shadow elementor-position-top elementor-vertical-align-top elementor-widget elementor-widget-image-box\" data-id=\"6d69295\" data-element_type=\"widget\" data-widget_type=\"image-box.default\">\n\t\t\t\t<div class=\"elementor-widget-container\">\n\t\t\t<div class=\"elementor-image-box-wrapper\"><figure class=\"elementor-image-box-img\"><a href=\"https:\/\/www.mobelmol.com\/datos-tecnicos\/herrajes-para-cabinas-sanitarias\/\"><img decoding=\"async\" width=\"200\" height=\"201\" src=\"data:image\/gif;base64,R0lGODlhAQABAIAAAAAAAP\/\/\/yH5BAEAAAAALAAAAAABAAEAAAIBRAA7\" data-src=\"https:\/\/www.mobelmol.com\/wp-content\/uploads\/2021\/09\/Herrajes-CABINAS.jpg\" class=\"elementor-animation-grow attachment-full size-full lazyload\" alt=\"herrajes cabinas\" \/><noscript><img decoding=\"async\" width=\"200\" height=\"201\" src=\"https:\/\/www.mobelmol.com\/wp-content\/uploads\/2021\/09\/Herrajes-CABINAS.jpg\" class=\"elementor-animation-grow attachment-full size-full lazyload\" alt=\"herrajes cabinas\" \/><\/noscript><\/a><\/figure><div class=\"elementor-image-box-content\"><h2 class=\"elementor-image-box-title\"><a href=\"https:\/\/www.mobelmol.com\/datos-tecnicos\/herrajes-para-cabinas-sanitarias\/\">Herrajes cabinas<\/a><\/h2><p class=\"elementor-image-box-description\">INOX Nuestras cabinas sanitarias de los sistemas I-25, I-34 y S-41 est\u00e1n equipadas \u00fanicamente con herrajes de primer\u00edsima calidad.<\/p><\/div><\/div>\t\t<\/div>\n\t\t\t\t<\/div>\n\t\t\t\t\t<\/div>\n\t\t<\/div>\n\t\t\t\t<div class=\"elementor-column elementor-col-33 elementor-top-column elementor-element elementor-element-4a8c7d5\" data-id=\"4a8c7d5\" data-element_type=\"column\">\n\t\t\t<div class=\"elementor-widget-wrap elementor-element-populated\">\n\t\t\t\t\t\t\t\t<div class=\"elementor-element elementor-element-5c3f02f box-shadow elementor-position-top elementor-vertical-align-top elementor-widget elementor-widget-image-box\" data-id=\"5c3f02f\" data-element_type=\"widget\" data-widget_type=\"image-box.default\">\n\t\t\t\t<div class=\"elementor-widget-container\">\n\t\t\t<div class=\"elementor-image-box-wrapper\"><figure class=\"elementor-image-box-img\"><a href=\"https:\/\/www.mobelmol.com\/datos-tecnicos\/herrajes-acero-inoxidable-taquillas\/\"><img decoding=\"async\" width=\"200\" height=\"201\" src=\"data:image\/gif;base64,R0lGODlhAQABAIAAAAAAAP\/\/\/yH5BAEAAAAALAAAAAABAAEAAAIBRAA7\" data-src=\"https:\/\/www.mobelmol.com\/wp-content\/uploads\/2021\/09\/herrajes-taquillas.jpg\" class=\"elementor-animation-grow attachment-full size-full lazyload\" alt=\"herrajes taquillas\" \/><noscript><img decoding=\"async\" width=\"200\" height=\"201\" src=\"https:\/\/www.mobelmol.com\/wp-content\/uploads\/2021\/09\/herrajes-taquillas.jpg\" class=\"elementor-animation-grow attachment-full size-full lazyload\" alt=\"herrajes taquillas\" \/><\/noscript><\/a><\/figure><div class=\"elementor-image-box-content\"><h2 class=\"elementor-image-box-title\"><a href=\"https:\/\/www.mobelmol.com\/datos-tecnicos\/herrajes-acero-inoxidable-taquillas\/\">Herrajes taquillas<\/a><\/h2><p class=\"elementor-image-box-description\">Los herrajes que utilizamos para la fabricaci\u00f3n e instalaci\u00f3n de nuestras taquillas de vestuarios son todos de primer\u00edsima calidad.<\/p><\/div><\/div>\t\t<\/div>\n\t\t\t\t<\/div>\n\t\t\t\t\t<\/div>\n\t\t<\/div>\n\t\t\t\t\t\t\t<\/div>\n\t\t<\/section>\n\t\t\t\t\t\t<\/div>\n\t\t\t\t\t<\/div>\n\t\t","protected":false},"excerpt":{"rendered":"<p>Sandwich Panel formado por n\u00facleo de espuma aislante de poliestireno extrusionado, expandido o lana de roca de espesor variable (38, 41, 45, 52 o 60 mm.). Compacto -HPL- Descripci\u00f3n: Placa de resinas fen\u00f3licas termoendurecidas de 3 a 20 mm. de espesor, color a elegir. Compacmel Tablero de fibras de madera, recubierto por ambas caras con&#8230;<\/p>\n","protected":false},"author":1,"featured_media":0,"parent":0,"menu_order":0,"comment_status":"closed","ping_status":"closed","template":"elementor_header_footer","meta":{"footnotes":""},"class_list":["post-5183","page","type-page","status-publish","hentry"],"acf":[],"yoast_head":"<!-- This site is optimized with the Yoast SEO plugin v17.8 - https:\/\/yoast.com\/wordpress\/plugins\/seo\/ -->\n<title>Caracter\u00edsticas Panel Fen\u00f3lico, Compacto, Melamina y m\u00e1s \u2013 Mobelmol<\/title>\n<meta name=\"description\" content=\"Principales caracter\u00edsticas que hacen de los productos y equipamiento Mobelmol los de mejor calidad: Panel Fen\u00f3lico, Compacto, Melamina, etc.\" \/>\n<meta name=\"robots\" content=\"index, follow, max-snippet:-1, max-image-preview:large, max-video-preview:-1\" \/>\n<link rel=\"canonical\" href=\"https:\/\/www.mobelmol.com\/es\/datos-tecnicos\/\" \/>\n<meta property=\"og:locale\" content=\"es_ES\" \/>\n<meta property=\"og:type\" content=\"article\" \/>\n<meta property=\"og:title\" content=\"Caracter\u00edsticas Panel Fen\u00f3lico, Compacto, Melamina y m\u00e1s \u2013 Mobelmol\" \/>\n<meta property=\"og:description\" content=\"Principales caracter\u00edsticas que hacen de los productos y equipamiento Mobelmol los de mejor calidad: Panel Fen\u00f3lico, Compacto, Melamina, etc.\" \/>\n<meta property=\"og:url\" content=\"https:\/\/www.mobelmol.com\/es\/datos-tecnicos\/\" \/>\n<meta property=\"og:site_name\" content=\"Mobelmol\" \/>\n<meta property=\"article:modified_time\" content=\"2022-03-06T16:10:16+00:00\" \/>\n<meta property=\"og:image\" content=\"https:\/\/www.mobelmol.com\/wp-content\/uploads\/2021\/10\/PANEL-SANDWICH-border.jpg\" \/>\n<meta name=\"twitter:card\" content=\"summary_large_image\" \/>\n<meta name=\"twitter:label1\" content=\"Tiempo de lectura\" \/>\n\t<meta name=\"twitter:data1\" content=\"2 minutos\" \/>\n<script type=\"application\/ld+json\" class=\"yoast-schema-graph\">{\"@context\":\"https:\/\/schema.org\",\"@graph\":[{\"@type\":\"Organization\",\"@id\":\"https:\/\/www.mobelmol.com\/es\/#organization\",\"name\":\"Mobelmol\",\"url\":\"https:\/\/www.mobelmol.com\/es\/\",\"sameAs\":[],\"logo\":{\"@type\":\"ImageObject\",\"@id\":\"https:\/\/www.mobelmol.com\/es\/#logo\",\"inLanguage\":\"es\",\"url\":\"https:\/\/www.mobelmol.com\/wp-content\/uploads\/2021\/05\/lgo-mobelmol.svg\",\"contentUrl\":\"https:\/\/www.mobelmol.com\/wp-content\/uploads\/2021\/05\/lgo-mobelmol.svg\",\"width\":100,\"height\":100,\"caption\":\"Mobelmol\"},\"image\":{\"@id\":\"https:\/\/www.mobelmol.com\/es\/#logo\"}},{\"@type\":\"WebSite\",\"@id\":\"https:\/\/www.mobelmol.com\/es\/#website\",\"url\":\"https:\/\/www.mobelmol.com\/es\/\",\"name\":\"Mobelmol\",\"description\":\"Fabricaci\\u00f3n e instalaci\\u00f3n de equipamiento y mobiliario con panel compacto\",\"publisher\":{\"@id\":\"https:\/\/www.mobelmol.com\/es\/#organization\"},\"potentialAction\":[{\"@type\":\"SearchAction\",\"target\":{\"@type\":\"EntryPoint\",\"urlTemplate\":\"https:\/\/www.mobelmol.com\/es\/?s={search_term_string}\"},\"query-input\":\"required name=search_term_string\"}],\"inLanguage\":\"es\"},{\"@type\":\"ImageObject\",\"@id\":\"https:\/\/www.mobelmol.com\/es\/datos-tecnicos\/#primaryimage\",\"inLanguage\":\"es\",\"url\":\"https:\/\/www.mobelmol.com\/wp-content\/uploads\/2021\/10\/PANEL-SANDWICH-border.jpg\",\"contentUrl\":\"https:\/\/www.mobelmol.com\/wp-content\/uploads\/2021\/10\/PANEL-SANDWICH-border.jpg\",\"width\":200,\"height\":200,\"caption\":\"panel sandwich\"},{\"@type\":\"WebPage\",\"@id\":\"https:\/\/www.mobelmol.com\/es\/datos-tecnicos\/#webpage\",\"url\":\"https:\/\/www.mobelmol.com\/es\/datos-tecnicos\/\",\"name\":\"Caracter\\u00edsticas Panel Fen\\u00f3lico, Compacto, Melamina y m\\u00e1s \\u2013 Mobelmol\",\"isPartOf\":{\"@id\":\"https:\/\/www.mobelmol.com\/es\/#website\"},\"primaryImageOfPage\":{\"@id\":\"https:\/\/www.mobelmol.com\/es\/datos-tecnicos\/#primaryimage\"},\"datePublished\":\"2021-05-20T15:49:06+00:00\",\"dateModified\":\"2022-03-06T16:10:16+00:00\",\"description\":\"Principales caracter\\u00edsticas que hacen de los productos y equipamiento Mobelmol los de mejor calidad: Panel Fen\\u00f3lico, Compacto, Melamina, etc.\",\"breadcrumb\":{\"@id\":\"https:\/\/www.mobelmol.com\/es\/datos-tecnicos\/#breadcrumb\"},\"inLanguage\":\"es\",\"potentialAction\":[{\"@type\":\"ReadAction\",\"target\":[\"https:\/\/www.mobelmol.com\/es\/datos-tecnicos\/\"]}]},{\"@type\":\"BreadcrumbList\",\"@id\":\"https:\/\/www.mobelmol.com\/es\/datos-tecnicos\/#breadcrumb\",\"itemListElement\":[{\"@type\":\"ListItem\",\"position\":1,\"name\":\"Portada\",\"item\":\"https:\/\/www.mobelmol.com\/es\/\"},{\"@type\":\"ListItem\",\"position\":2,\"name\":\"Datos t\\u00e9cnicos\"}]}]}<\/script>\n<!-- \/ Yoast SEO plugin. -->","yoast_head_json":{"title":"Caracter\u00edsticas Panel Fen\u00f3lico, Compacto, Melamina y m\u00e1s \u2013 Mobelmol","description":"Principales caracter\u00edsticas que hacen de los productos y equipamiento Mobelmol los de mejor calidad: Panel Fen\u00f3lico, Compacto, Melamina, etc.","robots":{"index":"index","follow":"follow","max-snippet":"max-snippet:-1","max-image-preview":"max-image-preview:large","max-video-preview":"max-video-preview:-1"},"canonical":"https:\/\/www.mobelmol.com\/es\/datos-tecnicos\/","og_locale":"es_ES","og_type":"article","og_title":"Caracter\u00edsticas Panel Fen\u00f3lico, Compacto, Melamina y m\u00e1s \u2013 Mobelmol","og_description":"Principales caracter\u00edsticas que hacen de los productos y equipamiento Mobelmol los de mejor calidad: Panel Fen\u00f3lico, Compacto, Melamina, etc.","og_url":"https:\/\/www.mobelmol.com\/es\/datos-tecnicos\/","og_site_name":"Mobelmol","article_modified_time":"2022-03-06T16:10:16+00:00","og_image":[{"url":"https:\/\/www.mobelmol.com\/wp-content\/uploads\/2021\/10\/PANEL-SANDWICH-border.jpg"}],"twitter_card":"summary_large_image","twitter_misc":{"Tiempo de lectura":"2 minutos"},"schema":{"@context":"https:\/\/schema.org","@graph":[{"@type":"Organization","@id":"https:\/\/www.mobelmol.com\/es\/#organization","name":"Mobelmol","url":"https:\/\/www.mobelmol.com\/es\/","sameAs":[],"logo":{"@type":"ImageObject","@id":"https:\/\/www.mobelmol.com\/es\/#logo","inLanguage":"es","url":"https:\/\/www.mobelmol.com\/wp-content\/uploads\/2021\/05\/lgo-mobelmol.svg","contentUrl":"https:\/\/www.mobelmol.com\/wp-content\/uploads\/2021\/05\/lgo-mobelmol.svg","width":100,"height":100,"caption":"Mobelmol"},"image":{"@id":"https:\/\/www.mobelmol.com\/es\/#logo"}},{"@type":"WebSite","@id":"https:\/\/www.mobelmol.com\/es\/#website","url":"https:\/\/www.mobelmol.com\/es\/","name":"Mobelmol","description":"Fabricaci\u00f3n e instalaci\u00f3n de equipamiento y mobiliario con panel compacto","publisher":{"@id":"https:\/\/www.mobelmol.com\/es\/#organization"},"potentialAction":[{"@type":"SearchAction","target":{"@type":"EntryPoint","urlTemplate":"https:\/\/www.mobelmol.com\/es\/?s={search_term_string}"},"query-input":"required name=search_term_string"}],"inLanguage":"es"},{"@type":"ImageObject","@id":"https:\/\/www.mobelmol.com\/es\/datos-tecnicos\/#primaryimage","inLanguage":"es","url":"https:\/\/www.mobelmol.com\/wp-content\/uploads\/2021\/10\/PANEL-SANDWICH-border.jpg","contentUrl":"https:\/\/www.mobelmol.com\/wp-content\/uploads\/2021\/10\/PANEL-SANDWICH-border.jpg","width":200,"height":200,"caption":"panel sandwich"},{"@type":"WebPage","@id":"https:\/\/www.mobelmol.com\/es\/datos-tecnicos\/#webpage","url":"https:\/\/www.mobelmol.com\/es\/datos-tecnicos\/","name":"Caracter\u00edsticas Panel Fen\u00f3lico, Compacto, Melamina y m\u00e1s \u2013 Mobelmol","isPartOf":{"@id":"https:\/\/www.mobelmol.com\/es\/#website"},"primaryImageOfPage":{"@id":"https:\/\/www.mobelmol.com\/es\/datos-tecnicos\/#primaryimage"},"datePublished":"2021-05-20T15:49:06+00:00","dateModified":"2022-03-06T16:10:16+00:00","description":"Principales caracter\u00edsticas que hacen de los productos y equipamiento Mobelmol los de mejor calidad: Panel Fen\u00f3lico, Compacto, Melamina, etc.","breadcrumb":{"@id":"https:\/\/www.mobelmol.com\/es\/datos-tecnicos\/#breadcrumb"},"inLanguage":"es","potentialAction":[{"@type":"ReadAction","target":["https:\/\/www.mobelmol.com\/es\/datos-tecnicos\/"]}]},{"@type":"BreadcrumbList","@id":"https:\/\/www.mobelmol.com\/es\/datos-tecnicos\/#breadcrumb","itemListElement":[{"@type":"ListItem","position":1,"name":"Portada","item":"https:\/\/www.mobelmol.com\/es\/"},{"@type":"ListItem","position":2,"name":"Datos t\u00e9cnicos"}]}]}},"_links":{"self":[{"href":"https:\/\/www.mobelmol.com\/es\/wp-json\/wp\/v2\/pages\/5183","targetHints":{"allow":["GET"]}}],"collection":[{"href":"https:\/\/www.mobelmol.com\/es\/wp-json\/wp\/v2\/pages"}],"about":[{"href":"https:\/\/www.mobelmol.com\/es\/wp-json\/wp\/v2\/types\/page"}],"author":[{"embeddable":true,"href":"https:\/\/www.mobelmol.com\/es\/wp-json\/wp\/v2\/users\/1"}],"replies":[{"embeddable":true,"href":"https:\/\/www.mobelmol.com\/es\/wp-json\/wp\/v2\/comments?post=5183"}],"version-history":[{"count":1,"href":"https:\/\/www.mobelmol.com\/es\/wp-json\/wp\/v2\/pages\/5183\/revisions"}],"predecessor-version":[{"id":8363,"href":"https:\/\/www.mobelmol.com\/es\/wp-json\/wp\/v2\/pages\/5183\/revisions\/8363"}],"wp:attachment":[{"href":"https:\/\/www.mobelmol.com\/es\/wp-json\/wp\/v2\/media?parent=5183"}],"curies":[{"name":"wp","href":"https:\/\/api.w.org\/{rel}","templated":true}]}}