{"id":5925,"date":"2021-09-07T08:29:19","date_gmt":"2021-09-07T08:29:19","guid":{"rendered":"https:\/\/mobelmol.mmkt.dev\/?page_id=5925"},"modified":"2022-03-10T14:46:30","modified_gmt":"2022-03-10T14:46:30","slug":"compacmel-empresa-revestimiento","status":"publish","type":"page","link":"https:\/\/www.mobelmol.com\/es\/datos-tecnicos\/compacmel-empresa-revestimiento\/","title":{"rendered":"Compacmel"},"content":{"rendered":"\t\t<div data-elementor-type=\"wp-page\" data-elementor-id=\"5925\" class=\"elementor elementor-5925\" data-elementor-settings=\"[]\">\n\t\t\t\t\t\t\t<div class=\"elementor-section-wrap\">\n\t\t\t\t\t\t\t<section class=\"elementor-section elementor-top-section elementor-element elementor-element-e6d781a elementor-section-boxed elementor-section-height-default elementor-section-height-default\" data-id=\"e6d781a\" data-element_type=\"section\" data-settings=\"{&quot;background_background&quot;:&quot;classic&quot;,&quot;_ha_eqh_enable&quot;:false}\">\n\t\t\t\t\t\t<div class=\"elementor-container elementor-column-gap-default\">\n\t\t\t\t\t<div class=\"elementor-column elementor-col-33 elementor-top-column elementor-element elementor-element-66476a2\" data-id=\"66476a2\" data-element_type=\"column\">\n\t\t\t<div class=\"elementor-widget-wrap elementor-element-populated\">\n\t\t\t\t\t\t\t\t<div class=\"elementor-element elementor-element-8137ebc elementor-widget elementor-widget-image\" data-id=\"8137ebc\" data-element_type=\"widget\" data-widget_type=\"image.default\">\n\t\t\t\t<div class=\"elementor-widget-container\">\n\t\t\t\t\t\t\t\t\t\t\t\t\t\t\t<img decoding=\"async\" width=\"640\" height=\"640\" src=\"data:image\/gif;base64,R0lGODlhAQABAIAAAAAAAP\/\/\/yH5BAEAAAAALAAAAAABAAEAAAIBRAA7\" data-src=\"https:\/\/www.mobelmol.com\/wp-content\/uploads\/2021\/06\/job-seeking.svg\" class=\"attachment-large size-large lazyload\" alt=\"MOBILIARIO ESPECIAL\" data-srcset=\"https:\/\/www.mobelmol.com\/wp-content\/uploads\/\/2021\/06\/job-seeking.svg 150w, https:\/\/www.mobelmol.com\/wp-content\/uploads\/\/2021\/06\/job-seeking.svg 300w, https:\/\/www.mobelmol.com\/wp-content\/uploads\/\/2021\/06\/job-seeking.svg 1024w, https:\/\/www.mobelmol.com\/wp-content\/uploads\/\/2021\/06\/job-seeking.svg 512w\" sizes=\"(max-width: 640px) 100vw, 640px\" \/><noscript><img decoding=\"async\" width=\"640\" height=\"640\" src=\"https:\/\/www.mobelmol.com\/wp-content\/uploads\/2021\/06\/job-seeking.svg\" class=\"attachment-large size-large lazyload\" alt=\"MOBILIARIO ESPECIAL\" srcset=\"https:\/\/www.mobelmol.com\/wp-content\/uploads\/\/2021\/06\/job-seeking.svg 150w, https:\/\/www.mobelmol.com\/wp-content\/uploads\/\/2021\/06\/job-seeking.svg 300w, https:\/\/www.mobelmol.com\/wp-content\/uploads\/\/2021\/06\/job-seeking.svg 1024w, https:\/\/www.mobelmol.com\/wp-content\/uploads\/\/2021\/06\/job-seeking.svg 512w\" sizes=\"(max-width: 640px) 100vw, 640px\" \/><\/noscript>\t\t\t\t\t\t\t\t\t\t\t\t\t\t\t<\/div>\n\t\t\t\t<\/div>\n\t\t\t\t<div class=\"elementor-element elementor-element-a64ab33 elementor-widget elementor-widget-heading\" data-id=\"a64ab33\" data-element_type=\"widget\" data-widget_type=\"heading.default\">\n\t\t\t\t<div class=\"elementor-widget-container\">\n\t\t\t<div class=\"elementor-heading-title elementor-size-default\">Descripci\u00f3n<\/div>\t\t<\/div>\n\t\t\t\t<\/div>\n\t\t\t\t<div class=\"elementor-element elementor-element-ae451db elementor-widget elementor-widget-text-editor\" data-id=\"ae451db\" data-element_type=\"widget\" data-widget_type=\"text-editor.default\">\n\t\t\t\t<div class=\"elementor-widget-container\">\n\t\t\t\t\t\t\t<p>Tablero de fibras de madera, recubierto por ambas caras con papel decorativo impregnado con resinas melam\u00ednicas. Diferentes espesores en funci\u00f3n del ambiente y de las necesidades del espacio donde van a ser utilizados.<\/p><p><strong>No confundir con el laminado de alta presi\u00f3n (H.P.L.).<\/strong><\/p>\t\t\t\t\t\t<\/div>\n\t\t\t\t<\/div>\n\t\t\t\t\t<\/div>\n\t\t<\/div>\n\t\t\t\t<div class=\"elementor-column elementor-col-33 elementor-top-column elementor-element elementor-element-d3646a2\" data-id=\"d3646a2\" data-element_type=\"column\">\n\t\t\t<div class=\"elementor-widget-wrap elementor-element-populated\">\n\t\t\t\t\t\t\t\t<div class=\"elementor-element elementor-element-aaf9a2e elementor-widget elementor-widget-image\" data-id=\"aaf9a2e\" data-element_type=\"widget\" data-widget_type=\"image.default\">\n\t\t\t\t<div class=\"elementor-widget-container\">\n\t\t\t\t\t\t\t\t\t\t\t\t\t\t\t<img decoding=\"async\" width=\"640\" height=\"640\" src=\"data:image\/gif;base64,R0lGODlhAQABAIAAAAAAAP\/\/\/yH5BAEAAAAALAAAAAABAAEAAAIBRAA7\" data-src=\"https:\/\/www.mobelmol.com\/wp-content\/uploads\/2021\/06\/product.svg\" class=\"attachment-large size-large lazyload\" alt=\"MOBILIARIO ESPECIAL\" data-srcset=\"https:\/\/www.mobelmol.com\/wp-content\/uploads\/\/2021\/06\/product.svg 150w, https:\/\/www.mobelmol.com\/wp-content\/uploads\/\/2021\/06\/product.svg 300w, https:\/\/www.mobelmol.com\/wp-content\/uploads\/\/2021\/06\/product.svg 1024w, https:\/\/www.mobelmol.com\/wp-content\/uploads\/\/2021\/06\/product.svg 512w\" sizes=\"(max-width: 640px) 100vw, 640px\" \/><noscript><img decoding=\"async\" width=\"640\" height=\"640\" src=\"https:\/\/www.mobelmol.com\/wp-content\/uploads\/2021\/06\/product.svg\" class=\"attachment-large size-large lazyload\" alt=\"MOBILIARIO ESPECIAL\" srcset=\"https:\/\/www.mobelmol.com\/wp-content\/uploads\/\/2021\/06\/product.svg 150w, https:\/\/www.mobelmol.com\/wp-content\/uploads\/\/2021\/06\/product.svg 300w, https:\/\/www.mobelmol.com\/wp-content\/uploads\/\/2021\/06\/product.svg 1024w, https:\/\/www.mobelmol.com\/wp-content\/uploads\/\/2021\/06\/product.svg 512w\" sizes=\"(max-width: 640px) 100vw, 640px\" \/><\/noscript>\t\t\t\t\t\t\t\t\t\t\t\t\t\t\t<\/div>\n\t\t\t\t<\/div>\n\t\t\t\t<div class=\"elementor-element elementor-element-c29c117 elementor-widget elementor-widget-heading\" data-id=\"c29c117\" data-element_type=\"widget\" data-widget_type=\"heading.default\">\n\t\t\t\t<div class=\"elementor-widget-container\">\n\t\t\t<div class=\"elementor-heading-title elementor-size-default\">Caracter\u00edsticas<\/div>\t\t<\/div>\n\t\t\t\t<\/div>\n\t\t\t\t<div class=\"elementor-element elementor-element-8c2345c elementor-widget elementor-widget-text-editor\" data-id=\"8c2345c\" data-element_type=\"widget\" data-widget_type=\"text-editor.default\">\n\t\t\t\t<div class=\"elementor-widget-container\">\n\t\t\t\t\t\t\t<p>Su soporte ofrece un buen comportamiento en aplicaciones de interior que requieren una exposici\u00f3n en condiciones de humedad elevada y resistente al impacto.<\/p>\t\t\t\t\t\t<\/div>\n\t\t\t\t<\/div>\n\t\t\t\t\t<\/div>\n\t\t<\/div>\n\t\t\t\t<div class=\"elementor-column elementor-col-33 elementor-top-column elementor-element elementor-element-06940e8\" data-id=\"06940e8\" data-element_type=\"column\">\n\t\t\t<div class=\"elementor-widget-wrap elementor-element-populated\">\n\t\t\t\t\t\t\t\t<div class=\"elementor-element elementor-element-4abc34d elementor-widget elementor-widget-image\" data-id=\"4abc34d\" data-element_type=\"widget\" data-widget_type=\"image.default\">\n\t\t\t\t<div class=\"elementor-widget-container\">\n\t\t\t\t\t\t\t\t\t\t\t\t\t\t\t<img decoding=\"async\" width=\"640\" height=\"640\" src=\"data:image\/gif;base64,R0lGODlhAQABAIAAAAAAAP\/\/\/yH5BAEAAAAALAAAAAABAAEAAAIBRAA7\" data-src=\"https:\/\/www.mobelmol.com\/wp-content\/uploads\/2021\/05\/nota.svg\" class=\"attachment-large size-large lazyload\" alt=\"equipamiento mobiliario\" data-srcset=\"https:\/\/www.mobelmol.com\/wp-content\/uploads\/\/2021\/05\/nota.svg 150w, https:\/\/www.mobelmol.com\/wp-content\/uploads\/\/2021\/05\/nota.svg 300w, https:\/\/www.mobelmol.com\/wp-content\/uploads\/\/2021\/05\/nota.svg 1024w, https:\/\/www.mobelmol.com\/wp-content\/uploads\/\/2021\/05\/nota.svg 512w\" sizes=\"(max-width: 640px) 100vw, 640px\" \/><noscript><img decoding=\"async\" width=\"640\" height=\"640\" src=\"https:\/\/www.mobelmol.com\/wp-content\/uploads\/2021\/05\/nota.svg\" class=\"attachment-large size-large lazyload\" alt=\"equipamiento mobiliario\" srcset=\"https:\/\/www.mobelmol.com\/wp-content\/uploads\/\/2021\/05\/nota.svg 150w, https:\/\/www.mobelmol.com\/wp-content\/uploads\/\/2021\/05\/nota.svg 300w, https:\/\/www.mobelmol.com\/wp-content\/uploads\/\/2021\/05\/nota.svg 1024w, https:\/\/www.mobelmol.com\/wp-content\/uploads\/\/2021\/05\/nota.svg 512w\" sizes=\"(max-width: 640px) 100vw, 640px\" \/><\/noscript>\t\t\t\t\t\t\t\t\t\t\t\t\t\t\t<\/div>\n\t\t\t\t<\/div>\n\t\t\t\t<div class=\"elementor-element elementor-element-a8589fc elementor-widget elementor-widget-heading\" data-id=\"a8589fc\" data-element_type=\"widget\" data-widget_type=\"heading.default\">\n\t\t\t\t<div class=\"elementor-widget-container\">\n\t\t\t<div class=\"elementor-heading-title elementor-size-default\">Aplicaciones<\/div>\t\t<\/div>\n\t\t\t\t<\/div>\n\t\t\t\t<div class=\"elementor-element elementor-element-784cf53 elementor-widget elementor-widget-text-editor\" data-id=\"784cf53\" data-element_type=\"widget\" data-widget_type=\"text-editor.default\">\n\t\t\t\t<div class=\"elementor-widget-container\">\n\t\t\t\t\t\t\t<ul class=\"Llistat2\"><li>Taquillas de vestuarios<\/li><li>Bancos<\/li><li>Cabinas sanitarias suspendidas (sin contacto con el suelo)<\/li><li>Puertas de paso<\/li><li>Revestimientos de paredes<\/li><li>Mobiliario en laboratorios, hoteles, oficinas\u2026<\/li><\/ul>\t\t\t\t\t\t<\/div>\n\t\t\t\t<\/div>\n\t\t\t\t\t<\/div>\n\t\t<\/div>\n\t\t\t\t\t\t\t<\/div>\n\t\t<\/section>\n\t\t\t\t\t\t<\/div>\n\t\t\t\t\t<\/div>\n\t\t","protected":false},"excerpt":{"rendered":"<p>Descripci\u00f3n Tablero de fibras de madera, recubierto por ambas caras con papel decorativo impregnado con resinas melam\u00ednicas. Diferentes espesores en funci\u00f3n del ambiente y de las necesidades del espacio donde van a ser utilizados. No confundir con el laminado de alta presi\u00f3n (H.P.L.). Caracter\u00edsticas Su soporte ofrece un buen comportamiento en aplicaciones de interior que&#8230;<\/p>\n","protected":false},"author":1,"featured_media":0,"parent":5183,"menu_order":0,"comment_status":"closed","ping_status":"closed","template":"elementor_header_footer","meta":{"footnotes":""},"class_list":["post-5925","page","type-page","status-publish","hentry"],"acf":[],"yoast_head":"<!-- This site is optimized with the Yoast SEO plugin v17.8 - https:\/\/yoast.com\/wordpress\/plugins\/seo\/ -->\n<title>Material Compacmel. Empresa de revestimiento, vestuarios - Mobelmol<\/title>\n<meta name=\"description\" content=\"Empresa de revestimiento, taquillas, cabinas sanitarias y bancos entre otros. Mobelmol trabaja con los mejores materiales como Compacmel.\" \/>\n<meta name=\"robots\" content=\"index, follow, max-snippet:-1, max-image-preview:large, max-video-preview:-1\" \/>\n<link rel=\"canonical\" href=\"https:\/\/www.mobelmol.com\/es\/datos-tecnicos\/compacmel-empresa-revestimiento\/\" \/>\n<meta property=\"og:locale\" content=\"es_ES\" \/>\n<meta property=\"og:type\" content=\"article\" \/>\n<meta property=\"og:title\" content=\"Material Compacmel. Empresa de revestimiento, vestuarios - Mobelmol\" \/>\n<meta property=\"og:description\" content=\"Empresa de revestimiento, taquillas, cabinas sanitarias y bancos entre otros. Mobelmol trabaja con los mejores materiales como Compacmel.\" \/>\n<meta property=\"og:url\" content=\"https:\/\/www.mobelmol.com\/es\/datos-tecnicos\/compacmel-empresa-revestimiento\/\" \/>\n<meta property=\"og:site_name\" content=\"Mobelmol\" \/>\n<meta property=\"article:modified_time\" content=\"2022-03-10T14:46:30+00:00\" \/>\n<meta property=\"og:image\" content=\"https:\/\/www.mobelmol.com\/wp-content\/uploads\/2021\/06\/job-seeking.svg\" \/>\n<meta name=\"twitter:card\" content=\"summary_large_image\" \/>\n<meta name=\"twitter:label1\" content=\"Tiempo de lectura\" \/>\n\t<meta name=\"twitter:data1\" content=\"2 minutos\" \/>\n<script type=\"application\/ld+json\" class=\"yoast-schema-graph\">{\"@context\":\"https:\/\/schema.org\",\"@graph\":[{\"@type\":\"Organization\",\"@id\":\"https:\/\/www.mobelmol.com\/es\/#organization\",\"name\":\"Mobelmol\",\"url\":\"https:\/\/www.mobelmol.com\/es\/\",\"sameAs\":[],\"logo\":{\"@type\":\"ImageObject\",\"@id\":\"https:\/\/www.mobelmol.com\/es\/#logo\",\"inLanguage\":\"es\",\"url\":\"https:\/\/www.mobelmol.com\/wp-content\/uploads\/2021\/05\/lgo-mobelmol.svg\",\"contentUrl\":\"https:\/\/www.mobelmol.com\/wp-content\/uploads\/2021\/05\/lgo-mobelmol.svg\",\"width\":100,\"height\":100,\"caption\":\"Mobelmol\"},\"image\":{\"@id\":\"https:\/\/www.mobelmol.com\/es\/#logo\"}},{\"@type\":\"WebSite\",\"@id\":\"https:\/\/www.mobelmol.com\/es\/#website\",\"url\":\"https:\/\/www.mobelmol.com\/es\/\",\"name\":\"Mobelmol\",\"description\":\"Fabricaci\\u00f3n e instalaci\\u00f3n de equipamiento y mobiliario con panel compacto\",\"publisher\":{\"@id\":\"https:\/\/www.mobelmol.com\/es\/#organization\"},\"potentialAction\":[{\"@type\":\"SearchAction\",\"target\":{\"@type\":\"EntryPoint\",\"urlTemplate\":\"https:\/\/www.mobelmol.com\/es\/?s={search_term_string}\"},\"query-input\":\"required name=search_term_string\"}],\"inLanguage\":\"es\"},{\"@type\":\"ImageObject\",\"@id\":\"https:\/\/www.mobelmol.com\/es\/datos-tecnicos\/compacmel-empresa-revestimiento\/#primaryimage\",\"inLanguage\":\"es\",\"url\":\"https:\/\/www.mobelmol.com\/wp-content\/uploads\/2021\/06\/job-seeking.svg\",\"contentUrl\":\"https:\/\/www.mobelmol.com\/wp-content\/uploads\/2021\/06\/job-seeking.svg\",\"width\":512,\"height\":512,\"caption\":\"MOBILIARIO ESPECIAL\"},{\"@type\":\"WebPage\",\"@id\":\"https:\/\/www.mobelmol.com\/es\/datos-tecnicos\/compacmel-empresa-revestimiento\/#webpage\",\"url\":\"https:\/\/www.mobelmol.com\/es\/datos-tecnicos\/compacmel-empresa-revestimiento\/\",\"name\":\"Material Compacmel. Empresa de revestimiento, vestuarios - Mobelmol\",\"isPartOf\":{\"@id\":\"https:\/\/www.mobelmol.com\/es\/#website\"},\"primaryImageOfPage\":{\"@id\":\"https:\/\/www.mobelmol.com\/es\/datos-tecnicos\/compacmel-empresa-revestimiento\/#primaryimage\"},\"datePublished\":\"2021-09-07T08:29:19+00:00\",\"dateModified\":\"2022-03-10T14:46:30+00:00\",\"description\":\"Empresa de revestimiento, taquillas, cabinas sanitarias y bancos entre otros. Mobelmol trabaja con los mejores materiales como Compacmel.\",\"breadcrumb\":{\"@id\":\"https:\/\/www.mobelmol.com\/es\/datos-tecnicos\/compacmel-empresa-revestimiento\/#breadcrumb\"},\"inLanguage\":\"es\",\"potentialAction\":[{\"@type\":\"ReadAction\",\"target\":[\"https:\/\/www.mobelmol.com\/es\/datos-tecnicos\/compacmel-empresa-revestimiento\/\"]}]},{\"@type\":\"BreadcrumbList\",\"@id\":\"https:\/\/www.mobelmol.com\/es\/datos-tecnicos\/compacmel-empresa-revestimiento\/#breadcrumb\",\"itemListElement\":[{\"@type\":\"ListItem\",\"position\":1,\"name\":\"Portada\",\"item\":\"https:\/\/www.mobelmol.com\/es\/\"},{\"@type\":\"ListItem\",\"position\":2,\"name\":\"Datos t\\u00e9cnicos\",\"item\":\"https:\/\/www.mobelmol.com\/es\/datos-tecnicos\/\"},{\"@type\":\"ListItem\",\"position\":3,\"name\":\"Compacmel\"}]}]}<\/script>\n<!-- \/ Yoast SEO plugin. -->","yoast_head_json":{"title":"Material Compacmel. Empresa de revestimiento, vestuarios - Mobelmol","description":"Empresa de revestimiento, taquillas, cabinas sanitarias y bancos entre otros. Mobelmol trabaja con los mejores materiales como Compacmel.","robots":{"index":"index","follow":"follow","max-snippet":"max-snippet:-1","max-image-preview":"max-image-preview:large","max-video-preview":"max-video-preview:-1"},"canonical":"https:\/\/www.mobelmol.com\/es\/datos-tecnicos\/compacmel-empresa-revestimiento\/","og_locale":"es_ES","og_type":"article","og_title":"Material Compacmel. Empresa de revestimiento, vestuarios - Mobelmol","og_description":"Empresa de revestimiento, taquillas, cabinas sanitarias y bancos entre otros. Mobelmol trabaja con los mejores materiales como Compacmel.","og_url":"https:\/\/www.mobelmol.com\/es\/datos-tecnicos\/compacmel-empresa-revestimiento\/","og_site_name":"Mobelmol","article_modified_time":"2022-03-10T14:46:30+00:00","og_image":[{"url":"https:\/\/www.mobelmol.com\/wp-content\/uploads\/2021\/06\/job-seeking.svg"}],"twitter_card":"summary_large_image","twitter_misc":{"Tiempo de lectura":"2 minutos"},"schema":{"@context":"https:\/\/schema.org","@graph":[{"@type":"Organization","@id":"https:\/\/www.mobelmol.com\/es\/#organization","name":"Mobelmol","url":"https:\/\/www.mobelmol.com\/es\/","sameAs":[],"logo":{"@type":"ImageObject","@id":"https:\/\/www.mobelmol.com\/es\/#logo","inLanguage":"es","url":"https:\/\/www.mobelmol.com\/wp-content\/uploads\/2021\/05\/lgo-mobelmol.svg","contentUrl":"https:\/\/www.mobelmol.com\/wp-content\/uploads\/2021\/05\/lgo-mobelmol.svg","width":100,"height":100,"caption":"Mobelmol"},"image":{"@id":"https:\/\/www.mobelmol.com\/es\/#logo"}},{"@type":"WebSite","@id":"https:\/\/www.mobelmol.com\/es\/#website","url":"https:\/\/www.mobelmol.com\/es\/","name":"Mobelmol","description":"Fabricaci\u00f3n e instalaci\u00f3n de equipamiento y mobiliario con panel compacto","publisher":{"@id":"https:\/\/www.mobelmol.com\/es\/#organization"},"potentialAction":[{"@type":"SearchAction","target":{"@type":"EntryPoint","urlTemplate":"https:\/\/www.mobelmol.com\/es\/?s={search_term_string}"},"query-input":"required name=search_term_string"}],"inLanguage":"es"},{"@type":"ImageObject","@id":"https:\/\/www.mobelmol.com\/es\/datos-tecnicos\/compacmel-empresa-revestimiento\/#primaryimage","inLanguage":"es","url":"https:\/\/www.mobelmol.com\/wp-content\/uploads\/2021\/06\/job-seeking.svg","contentUrl":"https:\/\/www.mobelmol.com\/wp-content\/uploads\/2021\/06\/job-seeking.svg","width":512,"height":512,"caption":"MOBILIARIO ESPECIAL"},{"@type":"WebPage","@id":"https:\/\/www.mobelmol.com\/es\/datos-tecnicos\/compacmel-empresa-revestimiento\/#webpage","url":"https:\/\/www.mobelmol.com\/es\/datos-tecnicos\/compacmel-empresa-revestimiento\/","name":"Material Compacmel. Empresa de revestimiento, vestuarios - Mobelmol","isPartOf":{"@id":"https:\/\/www.mobelmol.com\/es\/#website"},"primaryImageOfPage":{"@id":"https:\/\/www.mobelmol.com\/es\/datos-tecnicos\/compacmel-empresa-revestimiento\/#primaryimage"},"datePublished":"2021-09-07T08:29:19+00:00","dateModified":"2022-03-10T14:46:30+00:00","description":"Empresa de revestimiento, taquillas, cabinas sanitarias y bancos entre otros. Mobelmol trabaja con los mejores materiales como Compacmel.","breadcrumb":{"@id":"https:\/\/www.mobelmol.com\/es\/datos-tecnicos\/compacmel-empresa-revestimiento\/#breadcrumb"},"inLanguage":"es","potentialAction":[{"@type":"ReadAction","target":["https:\/\/www.mobelmol.com\/es\/datos-tecnicos\/compacmel-empresa-revestimiento\/"]}]},{"@type":"BreadcrumbList","@id":"https:\/\/www.mobelmol.com\/es\/datos-tecnicos\/compacmel-empresa-revestimiento\/#breadcrumb","itemListElement":[{"@type":"ListItem","position":1,"name":"Portada","item":"https:\/\/www.mobelmol.com\/es\/"},{"@type":"ListItem","position":2,"name":"Datos t\u00e9cnicos","item":"https:\/\/www.mobelmol.com\/es\/datos-tecnicos\/"},{"@type":"ListItem","position":3,"name":"Compacmel"}]}]}},"_links":{"self":[{"href":"https:\/\/www.mobelmol.com\/es\/wp-json\/wp\/v2\/pages\/5925","targetHints":{"allow":["GET"]}}],"collection":[{"href":"https:\/\/www.mobelmol.com\/es\/wp-json\/wp\/v2\/pages"}],"about":[{"href":"https:\/\/www.mobelmol.com\/es\/wp-json\/wp\/v2\/types\/page"}],"author":[{"embeddable":true,"href":"https:\/\/www.mobelmol.com\/es\/wp-json\/wp\/v2\/users\/1"}],"replies":[{"embeddable":true,"href":"https:\/\/www.mobelmol.com\/es\/wp-json\/wp\/v2\/comments?post=5925"}],"version-history":[{"count":1,"href":"https:\/\/www.mobelmol.com\/es\/wp-json\/wp\/v2\/pages\/5925\/revisions"}],"predecessor-version":[{"id":8372,"href":"https:\/\/www.mobelmol.com\/es\/wp-json\/wp\/v2\/pages\/5925\/revisions\/8372"}],"up":[{"embeddable":true,"href":"https:\/\/www.mobelmol.com\/es\/wp-json\/wp\/v2\/pages\/5183"}],"wp:attachment":[{"href":"https:\/\/www.mobelmol.com\/es\/wp-json\/wp\/v2\/media?parent=5925"}],"curies":[{"name":"wp","href":"https:\/\/api.w.org\/{rel}","templated":true}]}}