{"id":5809,"date":"2021-09-06T10:25:22","date_gmt":"2021-09-06T10:25:22","guid":{"rendered":"https:\/\/mobelmol.mmkt.dev\/?post_type=product&#038;p=5809"},"modified":"2022-08-23T08:28:10","modified_gmt":"2022-08-23T08:28:10","slug":"puertas-tablero-fenolico-acero-prelacado","status":"publish","type":"product","link":"https:\/\/www.mobelmol.com\/es\/producto\/puertas-tablero-fenolico-acero-prelacado\/","title":{"rendered":"Puerta marco acero prelacado"},"content":{"rendered":"<p>La\u00a0puerta con\u00a0marco de acero prelacado es uno de los tipos de puertas de alta calidad que instala Mobelmol. Presenta varias ventajas como su resistencia y adaptabilidad.<\/p>\n<h2>D\u00f3nde instalar las puertas con el marco de acero prelacado<\/h2>\n<p>Este tipo de Puertas Compact se instalan habitualmente en las puertas de las cocinas en establecimientos de hosteler\u00eda, aseos, entradas a oficinas, escuelas, hospitales, universidades\u2026 Los clientes de Mobelmol la suelen elegir por algunas de las ventajas que proporciona su material y acabado.<\/p>\n<h2>Ventajas del acero prelacado<\/h2>\n<p>El acero prelacado para los marcos de las puertas es una\u00a0soluci\u00f3n sostenible. El\u00a0acero prelacado proporciona un buen aislamiento t\u00e9rmico y ac\u00fastico. Adem\u00e1s, ofrece una gran resistencia al fuego, por lo que ayuda a evitar la propagaci\u00f3n de incendios en cualquier instalaci\u00f3n. Recomendamos las <a href=\"https:\/\/www.mobelmol.com\/es\/producto\/puertas-cortafuegos\/\">Puertas Cortafuegas<\/a> en caso de este requerimiento particular.<\/p>\n<p>Otra ventaja es su durabilidad, pues este material es\u00a0altamente resistente a la corrosi\u00f3n. El acero prelacado es muy empleado en la nueva tendencia de los edificios pasivos. El material tiene una gran facilidad de adaptaci\u00f3n a cualquier tabique o tipo de puerta. Adem\u00e1s,\u00a0la instalaci\u00f3n de un marco de acero es muy sencilla, especialmente si la realizan expertos.<\/p>\n<h2>Nuestras puertas con marco de acero prelacado<\/h2>\n<p>Mobelmol ha realizado instalaciones de la puerta con marco de acero prelacado\u00a0en numerosas empresas e instituciones. Gracias a la experiencia conseguida tras a\u00f1os en el sector, se afirma que el marco de acero prelacado se adapta a cualquier pared, sin importar el grosor de esta. Para casos singulares <a href=\"https:\/\/www.mobelmol.com\/es\/contacto-fenolico-construccion\/\">contacte con Mobelmol<\/a>.<br \/>\nEl bastidor perimetral de la hoja es de macizo perfilado y est\u00e1 hecho de resinas; en su interior, lleva un aislante de poliestireno\u00a0que mejora la eficiencia t\u00e9rmica y amortigua los ruidos. La\u00a0funci\u00f3n aislante es realmente interesante para evitar los cambios bruscos de temperatura. Gracias a esta puerta, se reducir\u00e1 su consumo en sistemas de climatizaci\u00f3n. Representa una opci\u00f3n sostenible y que mejora la calidad de vida.<\/p>\n<h2>La importancia de emplear material inoxidable<\/h2>\n<p>Las\u00a0puertas con marco de acero prelacado son una inversi\u00f3n pensada para durar. Moblemol se encarga de utilizar\u00a0acero galvanizado con imprimaci\u00f3n anticorrosiva\u00a0para los elementos m\u00e1s propensos a la corrosi\u00f3n. Las\u00a0bisagras, la\u00a0manija\u00a0y la\u00a0cerradura son de acero inoxidable resistente a la corrosi\u00f3n para que aguanten frente a las humedades sin que haya que reemplazarlas. Se pueden instalar varios tipos de cerraduras para nuestra puerta con marco de acero: de golpe y llave o de golpe y condena.<\/p>\n<h3>Cerraduras<\/h3>\n<p><strong>Cerradura de golpe y llave<\/strong>: Su mecanismo incorpora un cilindro o bombillo con llave que bloquea la puerta al girarla. La puerta no podr\u00e1 abrirse sin la llave.<\/p>\n<p><strong>Cerradura de golpe y condena<\/strong>. El pestillo cierra desde el interior e incorpora un mecanismo de desbloqueo para la apertura de emergencia desde el exterior.<\/p>\n<p>Si necesitas que instalemos una <strong>puerta con\u00a0marco de acero prelacado\u00a0<\/strong>en tu empresa o realizar un proyecto con este tipo de equipamiento,\u00a0cont\u00e1ctanos. Tenemos mucha experiencia en este tipo de obras.<\/p>\n","protected":false},"excerpt":{"rendered":"<p>La\u00a0puerta con\u00a0marco de acero prelacado es uno de los tipos de puertas de alta calidad que instala Mobelmol. Presenta varias ventajas como su resistencia y adaptabilidad. D\u00f3nde instalar las puertas con el marco de acero prelacado Este tipo de Puertas Compact se instalan habitualmente en las puertas de las cocinas en establecimientos de hosteler\u00eda, aseos,&#8230;<\/p>\n","protected":false},"featured_media":5810,"template":"","meta":[],"product_cat":[382],"product_tag":[],"class_list":["post-5809","product","type-product","status-publish","has-post-thumbnail","hentry","product_cat-puertas-fenolicas-a-medida-compact"],"acf":[],"yoast_head":"<!-- This site is optimized with the Yoast SEO plugin v17.8 - https:\/\/yoast.com\/wordpress\/plugins\/seo\/ -->\n<title>Puertas tablero Fen\u00f3lico con Marco Acero Prelacado \u2013 Mobelmol<\/title>\n<meta name=\"description\" content=\"Las Puertas tablero Fen\u00f3lico con Marco Acero Prelacado ofrecen m\u00faltiples beneficios en sectores como sanitarios, oficinas, escuelas, etc. Cons\u00faltanos.\" \/>\n<meta name=\"robots\" content=\"index, follow, max-snippet:-1, max-image-preview:large, max-video-preview:-1\" \/>\n<link rel=\"canonical\" href=\"https:\/\/www.mobelmol.com\/es\/producto\/puertas-tablero-fenolico-acero-prelacado\/\" \/>\n<meta property=\"og:locale\" content=\"es_ES\" \/>\n<meta property=\"og:type\" content=\"article\" \/>\n<meta property=\"og:title\" content=\"Puertas tablero Fen\u00f3lico con Marco Acero Prelacado \u2013 Mobelmol\" \/>\n<meta property=\"og:description\" content=\"Las Puertas tablero Fen\u00f3lico con Marco Acero Prelacado ofrecen m\u00faltiples beneficios en sectores como sanitarios, oficinas, escuelas, etc. Cons\u00faltanos.\" \/>\n<meta property=\"og:url\" content=\"https:\/\/www.mobelmol.com\/es\/producto\/puertas-tablero-fenolico-acero-prelacado\/\" \/>\n<meta property=\"og:site_name\" content=\"Mobelmol\" \/>\n<meta property=\"article:modified_time\" content=\"2022-08-23T08:28:10+00:00\" \/>\n<meta property=\"og:image\" content=\"https:\/\/www.mobelmol.com\/wp-content\/uploads\/2021\/09\/marco-acero-prelacado-5.jpg\" \/>\n\t<meta property=\"og:image:width\" content=\"750\" \/>\n\t<meta property=\"og:image:height\" content=\"563\" \/>\n<meta name=\"twitter:card\" content=\"summary_large_image\" \/>\n<meta name=\"twitter:label1\" content=\"Tiempo de lectura\" \/>\n\t<meta name=\"twitter:data1\" content=\"3 minutos\" \/>\n<script type=\"application\/ld+json\" class=\"yoast-schema-graph\">{\"@context\":\"https:\/\/schema.org\",\"@graph\":[{\"@type\":\"Organization\",\"@id\":\"https:\/\/www.mobelmol.com\/es\/#organization\",\"name\":\"Mobelmol\",\"url\":\"https:\/\/www.mobelmol.com\/es\/\",\"sameAs\":[],\"logo\":{\"@type\":\"ImageObject\",\"@id\":\"https:\/\/www.mobelmol.com\/es\/#logo\",\"inLanguage\":\"es\",\"url\":\"https:\/\/www.mobelmol.com\/wp-content\/uploads\/2021\/05\/lgo-mobelmol.svg\",\"contentUrl\":\"https:\/\/www.mobelmol.com\/wp-content\/uploads\/2021\/05\/lgo-mobelmol.svg\",\"width\":100,\"height\":100,\"caption\":\"Mobelmol\"},\"image\":{\"@id\":\"https:\/\/www.mobelmol.com\/es\/#logo\"}},{\"@type\":\"WebSite\",\"@id\":\"https:\/\/www.mobelmol.com\/es\/#website\",\"url\":\"https:\/\/www.mobelmol.com\/es\/\",\"name\":\"Mobelmol\",\"description\":\"Fabricaci\\u00f3n e instalaci\\u00f3n de equipamiento y mobiliario con panel compacto\",\"publisher\":{\"@id\":\"https:\/\/www.mobelmol.com\/es\/#organization\"},\"potentialAction\":[{\"@type\":\"SearchAction\",\"target\":{\"@type\":\"EntryPoint\",\"urlTemplate\":\"https:\/\/www.mobelmol.com\/es\/?s={search_term_string}\"},\"query-input\":\"required name=search_term_string\"}],\"inLanguage\":\"es\"},{\"@type\":\"ImageObject\",\"@id\":\"https:\/\/www.mobelmol.com\/es\/producto\/puertas-tablero-fenolico-acero-prelacado\/#primaryimage\",\"inLanguage\":\"es\",\"url\":\"https:\/\/www.mobelmol.com\/wp-content\/uploads\/2021\/09\/marco-acero-prelacado-5.jpg\",\"contentUrl\":\"https:\/\/www.mobelmol.com\/wp-content\/uploads\/2021\/09\/marco-acero-prelacado-5.jpg\",\"width\":750,\"height\":563,\"caption\":\"Puerta marco acero prelacado\"},{\"@type\":\"WebPage\",\"@id\":\"https:\/\/www.mobelmol.com\/es\/producto\/puertas-tablero-fenolico-acero-prelacado\/#webpage\",\"url\":\"https:\/\/www.mobelmol.com\/es\/producto\/puertas-tablero-fenolico-acero-prelacado\/\",\"name\":\"Puertas tablero Fen\\u00f3lico con Marco Acero Prelacado \\u2013 Mobelmol\",\"isPartOf\":{\"@id\":\"https:\/\/www.mobelmol.com\/es\/#website\"},\"primaryImageOfPage\":{\"@id\":\"https:\/\/www.mobelmol.com\/es\/producto\/puertas-tablero-fenolico-acero-prelacado\/#primaryimage\"},\"datePublished\":\"2021-09-06T10:25:22+00:00\",\"dateModified\":\"2022-08-23T08:28:10+00:00\",\"description\":\"Las Puertas tablero Fen\\u00f3lico con Marco Acero Prelacado ofrecen m\\u00faltiples beneficios en sectores como sanitarios, oficinas, escuelas, etc. Cons\\u00faltanos.\",\"breadcrumb\":{\"@id\":\"https:\/\/www.mobelmol.com\/es\/producto\/puertas-tablero-fenolico-acero-prelacado\/#breadcrumb\"},\"inLanguage\":\"es\",\"potentialAction\":[{\"@type\":\"ReadAction\",\"target\":[\"https:\/\/www.mobelmol.com\/es\/producto\/puertas-tablero-fenolico-acero-prelacado\/\"]}]},{\"@type\":\"BreadcrumbList\",\"@id\":\"https:\/\/www.mobelmol.com\/es\/producto\/puertas-tablero-fenolico-acero-prelacado\/#breadcrumb\",\"itemListElement\":[{\"@type\":\"ListItem\",\"position\":1,\"name\":\"Portada\",\"item\":\"https:\/\/www.mobelmol.com\/es\/\"},{\"@type\":\"ListItem\",\"position\":2,\"name\":\"Productos\",\"item\":\"https:\/\/www.mobelmol.com\/es\/productos-mobiliario-vestuarios-revestimientos\/\"},{\"@type\":\"ListItem\",\"position\":3,\"name\":\"Puerta marco acero prelacado\"}]}]}<\/script>\n<!-- \/ Yoast SEO plugin. -->","yoast_head_json":{"title":"Puertas tablero Fen\u00f3lico con Marco Acero Prelacado \u2013 Mobelmol","description":"Las Puertas tablero Fen\u00f3lico con Marco Acero Prelacado ofrecen m\u00faltiples beneficios en sectores como sanitarios, oficinas, escuelas, etc. Cons\u00faltanos.","robots":{"index":"index","follow":"follow","max-snippet":"max-snippet:-1","max-image-preview":"max-image-preview:large","max-video-preview":"max-video-preview:-1"},"canonical":"https:\/\/www.mobelmol.com\/es\/producto\/puertas-tablero-fenolico-acero-prelacado\/","og_locale":"es_ES","og_type":"article","og_title":"Puertas tablero Fen\u00f3lico con Marco Acero Prelacado \u2013 Mobelmol","og_description":"Las Puertas tablero Fen\u00f3lico con Marco Acero Prelacado ofrecen m\u00faltiples beneficios en sectores como sanitarios, oficinas, escuelas, etc. Cons\u00faltanos.","og_url":"https:\/\/www.mobelmol.com\/es\/producto\/puertas-tablero-fenolico-acero-prelacado\/","og_site_name":"Mobelmol","article_modified_time":"2022-08-23T08:28:10+00:00","og_image":[{"width":750,"height":563,"url":"https:\/\/www.mobelmol.com\/wp-content\/uploads\/2021\/09\/marco-acero-prelacado-5.jpg","type":"image\/jpeg"}],"twitter_card":"summary_large_image","twitter_misc":{"Tiempo de lectura":"3 minutos"},"schema":{"@context":"https:\/\/schema.org","@graph":[{"@type":"Organization","@id":"https:\/\/www.mobelmol.com\/es\/#organization","name":"Mobelmol","url":"https:\/\/www.mobelmol.com\/es\/","sameAs":[],"logo":{"@type":"ImageObject","@id":"https:\/\/www.mobelmol.com\/es\/#logo","inLanguage":"es","url":"https:\/\/www.mobelmol.com\/wp-content\/uploads\/2021\/05\/lgo-mobelmol.svg","contentUrl":"https:\/\/www.mobelmol.com\/wp-content\/uploads\/2021\/05\/lgo-mobelmol.svg","width":100,"height":100,"caption":"Mobelmol"},"image":{"@id":"https:\/\/www.mobelmol.com\/es\/#logo"}},{"@type":"WebSite","@id":"https:\/\/www.mobelmol.com\/es\/#website","url":"https:\/\/www.mobelmol.com\/es\/","name":"Mobelmol","description":"Fabricaci\u00f3n e instalaci\u00f3n de equipamiento y mobiliario con panel compacto","publisher":{"@id":"https:\/\/www.mobelmol.com\/es\/#organization"},"potentialAction":[{"@type":"SearchAction","target":{"@type":"EntryPoint","urlTemplate":"https:\/\/www.mobelmol.com\/es\/?s={search_term_string}"},"query-input":"required name=search_term_string"}],"inLanguage":"es"},{"@type":"ImageObject","@id":"https:\/\/www.mobelmol.com\/es\/producto\/puertas-tablero-fenolico-acero-prelacado\/#primaryimage","inLanguage":"es","url":"https:\/\/www.mobelmol.com\/wp-content\/uploads\/2021\/09\/marco-acero-prelacado-5.jpg","contentUrl":"https:\/\/www.mobelmol.com\/wp-content\/uploads\/2021\/09\/marco-acero-prelacado-5.jpg","width":750,"height":563,"caption":"Puerta marco acero prelacado"},{"@type":"WebPage","@id":"https:\/\/www.mobelmol.com\/es\/producto\/puertas-tablero-fenolico-acero-prelacado\/#webpage","url":"https:\/\/www.mobelmol.com\/es\/producto\/puertas-tablero-fenolico-acero-prelacado\/","name":"Puertas tablero Fen\u00f3lico con Marco Acero Prelacado \u2013 Mobelmol","isPartOf":{"@id":"https:\/\/www.mobelmol.com\/es\/#website"},"primaryImageOfPage":{"@id":"https:\/\/www.mobelmol.com\/es\/producto\/puertas-tablero-fenolico-acero-prelacado\/#primaryimage"},"datePublished":"2021-09-06T10:25:22+00:00","dateModified":"2022-08-23T08:28:10+00:00","description":"Las Puertas tablero Fen\u00f3lico con Marco Acero Prelacado ofrecen m\u00faltiples beneficios en sectores como sanitarios, oficinas, escuelas, etc. Cons\u00faltanos.","breadcrumb":{"@id":"https:\/\/www.mobelmol.com\/es\/producto\/puertas-tablero-fenolico-acero-prelacado\/#breadcrumb"},"inLanguage":"es","potentialAction":[{"@type":"ReadAction","target":["https:\/\/www.mobelmol.com\/es\/producto\/puertas-tablero-fenolico-acero-prelacado\/"]}]},{"@type":"BreadcrumbList","@id":"https:\/\/www.mobelmol.com\/es\/producto\/puertas-tablero-fenolico-acero-prelacado\/#breadcrumb","itemListElement":[{"@type":"ListItem","position":1,"name":"Portada","item":"https:\/\/www.mobelmol.com\/es\/"},{"@type":"ListItem","position":2,"name":"Productos","item":"https:\/\/www.mobelmol.com\/es\/productos-mobiliario-vestuarios-revestimientos\/"},{"@type":"ListItem","position":3,"name":"Puerta marco acero prelacado"}]}]}},"_links":{"self":[{"href":"https:\/\/www.mobelmol.com\/es\/wp-json\/wp\/v2\/product\/5809","targetHints":{"allow":["GET"]}}],"collection":[{"href":"https:\/\/www.mobelmol.com\/es\/wp-json\/wp\/v2\/product"}],"about":[{"href":"https:\/\/www.mobelmol.com\/es\/wp-json\/wp\/v2\/types\/product"}],"wp:featuredmedia":[{"embeddable":true,"href":"https:\/\/www.mobelmol.com\/es\/wp-json\/wp\/v2\/media\/5810"}],"wp:attachment":[{"href":"https:\/\/www.mobelmol.com\/es\/wp-json\/wp\/v2\/media?parent=5809"}],"wp:term":[{"taxonomy":"product_cat","embeddable":true,"href":"https:\/\/www.mobelmol.com\/es\/wp-json\/wp\/v2\/product_cat?post=5809"},{"taxonomy":"product_tag","embeddable":true,"href":"https:\/\/www.mobelmol.com\/es\/wp-json\/wp\/v2\/product_tag?post=5809"}],"curies":[{"name":"wp","href":"https:\/\/api.w.org\/{rel}","templated":true}]}}